{"id":4551,"date":"2025-11-06T17:55:44","date_gmt":"2025-11-06T17:55:44","guid":{"rendered":"https:\/\/www.artemrede.pt\/?post_type=wm_projects&#038;p=4551"},"modified":"2025-11-06T18:00:15","modified_gmt":"2025-11-06T18:00:15","slug":"corpo-suspenso","status":"publish","type":"wm_projects","link":"https:\/\/www.artemrede.pt\/pt_pt\/project\/corpo-suspenso\/","title":{"rendered":"CORPO SUSPENSO"},"content":{"rendered":"\n\n\t\t\t\t<img loading=\"lazy\" decoding=\"async\" src=\"https:\/\/www.artemrede.pt\/wp-content\/uploads\/2025\/11\/CorpoSuspenso_9347\u00a9AlipioPadilha-scaled.jpg\" alt=\"CorpoSuspenso_9347\u00a9Al\u00edpioPadilha\" itemprop=\"image\" height=\"1707\" width=\"2560\" title=\"CorpoSuspenso_9347\u00a9Al\u00edpioPadilha\" onerror=\"this.style.display='none'\"  \/>\n\t<h2>H\u00e1 mem\u00f3rias que me acompanham desde a inf\u00e2ncia e, nesse tempo, eu n\u00e3o tinha um enquadramento para elas.<br \/>\nLembro-me do meu pai e de outros homens que se encontravam por causa de uma guerra que eu, em crian\u00e7a, desconhecia. Contavam epis\u00f3dios desconexos, alguns sussurrados. Com a recorda\u00e7\u00e3o destes epis\u00f3dios veio a ideia de que os corpos transportam mem\u00f3rias. O que ter\u00e1 ficado nos nossos corpos da Guerra Colonial?<br \/>\nPercorro, neste momento, este arquivo de mem\u00f3rias, o nosso Corpo Suspenso, em cena.<br \/>\nA filha de um ex-combatente, ao querer saber mais sobre a experi\u00eancia de guerra do seu pai, d\u00e1-nos a ver<br \/>\ncomo a guerra colonial continua ainda marcada no seu corpo.<\/h2>\n\t<p><strong>.\u00a0 \u00a0 \u00a0 \u00a0.\u00a0 \u00a0 \u00a0 \u00a0.<\/strong><\/p>\n<p><strong>DURA\u00c7\u00c3O<\/strong> 80&#8242;<\/p>\n<p><strong>P\u00daBLICO-ALVO <\/strong>Adultos<\/p>\n<p><strong>CLASSIFICA\u00c7\u00c3O ET\u00c1RIA<\/strong> M\/16<\/p>\n<p><strong>.\u00a0 \u00a0 \u00a0 \u00a0.\u00a0 \u00a0 \u00a0 \u00a0.<\/strong><\/p>\n\t\t\t\t<img loading=\"lazy\" decoding=\"async\" src=\"https:\/\/www.artemrede.pt\/wp-content\/uploads\/2025\/11\/CorpoSuspenso_02B\u00a9RuiPires-scaled.jpg\" alt=\"CorpoSuspenso_02B\u00a9RuiPires\" itemprop=\"image\" height=\"1440\" width=\"2560\" title=\"CorpoSuspenso_02B\u00a9RuiPires\" onerror=\"this.style.display='none'\"  \/>\n\t\t\t\t<img loading=\"lazy\" decoding=\"async\" src=\"https:\/\/www.artemrede.pt\/wp-content\/uploads\/2025\/11\/CorpoSuspenso_05\u00a9RuiPires-scaled.jpg\" alt=\"CorpoSuspenso_05\u00a9RuiPires\" itemprop=\"image\" height=\"1440\" width=\"2560\" title=\"CorpoSuspenso_05\u00a9RuiPires\" onerror=\"this.style.display='none'\"  \/>\n\t\t\t\t<img loading=\"lazy\" decoding=\"async\" src=\"https:\/\/www.artemrede.pt\/wp-content\/uploads\/2025\/11\/CorpoSuspenso_7353\u00a9AlipioPadilha-scaled.jpg\" alt=\"CorpoSuspenso_7353\u00a9Al\u00edpioPadilha\" itemprop=\"image\" height=\"1707\" width=\"2560\" title=\"CorpoSuspenso_7353\u00a9Al\u00edpioPadilha\" onerror=\"this.style.display='none'\"  \/>\n\t<h4><strong>Equipa e mais detalhes&#8230;<\/strong><\/h4>\nConceito e dire\u00e7\u00e3o | Rita Neves<br \/>\nCria\u00e7\u00e3o, texto e interpreta\u00e7\u00e3o | Patr\u00edcia Couveiro e Rita Neves<br \/>\nDesenho de luz e sonoplastia | Gon\u00e7alo Alegria<br \/>\nFotografia e v\u00eddeo | Mafalda Mendes<br \/>\nApoio \u00e0 dramaturgia | Rui Pires<br \/>\nAconselhamento art\u00edstico | V\u00e2nia Rodrigues<br \/>\nApoio ao movimento | Sofia Neuparth<br \/>\nConce\u00e7\u00e3o pl\u00e1stica do espet\u00e1culo e apoio aos ensaios | Tiago Vieira<br \/>\nApoio aos figurinos | Lu\u00eds Godinho<br \/>\nFotografia de cena | Al\u00edpio Padilha<br \/>\nComunica\u00e7\u00e3o | \u00c1lvaro Machado<br \/>\nProdu\u00e7\u00e3o | Rui Pires<br \/>\nProjeto com o apoio da Funda\u00e7\u00e3o Calouste Gulbenkian, Funda\u00e7\u00e3o GDA e Rep\u00fablica Portuguesa: Cultura \/ Dire\u00e7\u00e3o Geral das Artes\n<p>.\u00a0 \u00a0 \u00a0 \u00a0 .\u00a0 \u00a0 \u00a0 \u00a0 .<\/p>\n<strong>RITA NEVES<\/strong><br \/>\n\u00c9 atriz e criadora, formada no CENDREV e na Escola Superior de Teatro e Cinema. Colaborou com O Teatr\u00e3o, Com\u00e9dias do Minho, Tiago Vieira e Margarida Bento, criadores do Espa\u00e7o Latoaria. Em 2019 integrou A Sacalina de Tiago de Faria a partir do universo biogr\u00e1fico de Tchekhov. Corpo Suspenso \u00e9 o in\u00edcio da sua investiga\u00e7\u00e3o sobre o corpo como arquivo, a sua segunda cria\u00e7\u00e3o ap\u00f3s Brel como num Sonho em 2010.\n<strong>PATR\u00cdCIA COUVEIRO<\/strong><br \/>\n\u00c9 criadora desde 2004 e realizadora desde 2012. Artista residente do Espa\u00e7o Latoaria, criou A Imperman\u00eancia das Coisas e Templo Dourado e integra a cocria\u00e7\u00e3o da performance anual Circo de Natal. Foi criativa publicit\u00e1ria. Na realiza\u00e7\u00e3o destaca-se a s\u00e9rie documental O Coro e a curta A Praia da Am\u00e1lia, exibidos pela RTP2.\n\t<h3><strong>Informa\u00e7\u00f5es e Bilheteiras<\/strong><\/h3>\n\t<strong>LISBOA<\/strong><br \/>\nAudit\u00f3rio da Biblioteca de Marvila<br \/>\n16 de novembro de 2025 | 16:00\n\t\n<p>.\u00a0 \u00a0.\u00a0 \u00a0.<\/p>\nA lota\u00e7\u00e3o de cada espet\u00e1culo \u00e9 limitada e requer a reserva e\/ou levantamento pr\u00e9vio de bilhetes.<br \/>\nA aquisi\u00e7\u00e3o de bilhetes deve ser feita nas bilheteira habituais de cada espa\u00e7o de apresenta\u00e7\u00e3o. Recomendamos que se informe atempadamente sobre a aquisi\u00e7\u00e3o de bilhetes junto dos locais de apresenta\u00e7\u00e3o.<br \/>\nAgradecemos a colabora\u00e7\u00e3o de todos para seguirem as normas e recomenda\u00e7\u00f5es indicadas pelos respons\u00e1veis de cada espa\u00e7o de apresenta\u00e7\u00e3o.\n<p>Bom espet\u00e1culo!<\/p>\n\t<p>Fotografias <em><strong>\u00a9Al\u00edpio Padilha e \u00a9Rui Pires<\/strong><\/em><\/p>\n\n","protected":false},"excerpt":{"rendered":"<div class=\"entry-summary\">\n<div class=\"entry-summary\">\nA partir de uma narrativa que revela epis\u00f3dios da vida de um homem que passou pela Guerra Colonial, Rita Neves investiga a ideia de corpo como lugar de mem\u00f3rias.\n<\/div>\n<\/div>\n","protected":false},"author":3,"featured_media":4555,"template":"","meta":{"om_disable_all_campaigns":false,"_monsterinsights_skip_tracking":false,"_monsterinsights_sitenote_active":false,"_monsterinsights_sitenote_note":"","_monsterinsights_sitenote_category":0},"project_category":[275,163,351,269,162],"project_tag":[157],"class_list":["post-4551","wm_projects","type-wm_projects","status-publish","has-post-thumbnail","hentry","project_category-lisboa-territorios","project_category-lisboa","project_category-visionarios-25","project_category-territorios","project_category-visionarios","project_tag-teatro","entry"],"aioseo_notices":[],"uagb_featured_image_src":{"full":["https:\/\/www.artemrede.pt\/wp-content\/uploads\/2025\/11\/CorpoSuspenso_7488\u00a9AlipioPadilha-1-scaled.jpg",2560,1707,false],"thumbnail":["https:\/\/www.artemrede.pt\/wp-content\/uploads\/2025\/11\/CorpoSuspenso_7488\u00a9AlipioPadilha-1-480x270.jpg",480,270,true],"medium":["https:\/\/www.artemrede.pt\/wp-content\/uploads\/2025\/11\/CorpoSuspenso_7488\u00a9AlipioPadilha-1-744x496.jpg",744,496,true],"medium_large":["https:\/\/www.artemrede.pt\/wp-content\/uploads\/2025\/11\/CorpoSuspenso_7488\u00a9AlipioPadilha-1-1200x800.jpg",1200,800,true],"large":["https:\/\/www.artemrede.pt\/wp-content\/uploads\/2025\/11\/CorpoSuspenso_7488\u00a9AlipioPadilha-1-1200x800.jpg",1200,800,true],"1536x1536":["https:\/\/www.artemrede.pt\/wp-content\/uploads\/2025\/11\/CorpoSuspenso_7488\u00a9AlipioPadilha-1-1536x1024.jpg",1536,1024,true],"2048x2048":["https:\/\/www.artemrede.pt\/wp-content\/uploads\/2025\/11\/CorpoSuspenso_7488\u00a9AlipioPadilha-1-2048x1365.jpg",2048,1365,true],"trp-custom-language-flag":["https:\/\/www.artemrede.pt\/wp-content\/uploads\/2025\/11\/CorpoSuspenso_7488\u00a9AlipioPadilha-1-18x12.jpg",18,12,true],"icelander-thumbnail":["https:\/\/www.artemrede.pt\/wp-content\/uploads\/2025\/11\/CorpoSuspenso_7488\u00a9AlipioPadilha-1-744x372.jpg",744,372,true],"icelander-square":["https:\/\/www.artemrede.pt\/wp-content\/uploads\/2025\/11\/CorpoSuspenso_7488\u00a9AlipioPadilha-1-448x448.jpg",448,448,true],"icelander-intro":["https:\/\/www.artemrede.pt\/wp-content\/uploads\/2025\/11\/CorpoSuspenso_7488\u00a9AlipioPadilha-1-1920x1080.jpg",1920,1080,true]},"uagb_author_info":{"display_name":"In\u00eas Arromba","author_link":"https:\/\/www.artemrede.pt\/pt_pt\/author\/artred_arromba\/"},"uagb_comment_info":0,"uagb_excerpt":"A partir de uma narrativa que revela epis\u00f3dios da vida de um homem que passou pela Guerra Colonial, Rita Neves investiga a ideia de corpo como lugar de mem\u00f3rias.","_links":{"self":[{"href":"https:\/\/www.artemrede.pt\/pt_pt\/wp-json\/wp\/v2\/wm_projects\/4551","targetHints":{"allow":["GET"]}}],"collection":[{"href":"https:\/\/www.artemrede.pt\/pt_pt\/wp-json\/wp\/v2\/wm_projects"}],"about":[{"href":"https:\/\/www.artemrede.pt\/pt_pt\/wp-json\/wp\/v2\/types\/wm_projects"}],"author":[{"embeddable":true,"href":"https:\/\/www.artemrede.pt\/pt_pt\/wp-json\/wp\/v2\/users\/3"}],"wp:featuredmedia":[{"embeddable":true,"href":"https:\/\/www.artemrede.pt\/pt_pt\/wp-json\/wp\/v2\/media\/4555"}],"wp:attachment":[{"href":"https:\/\/www.artemrede.pt\/pt_pt\/wp-json\/wp\/v2\/media?parent=4551"}],"wp:term":[{"taxonomy":"project_category","embeddable":true,"href":"https:\/\/www.artemrede.pt\/pt_pt\/wp-json\/wp\/v2\/project_category?post=4551"},{"taxonomy":"project_tag","embeddable":true,"href":"https:\/\/www.artemrede.pt\/pt_pt\/wp-json\/wp\/v2\/project_tag?post=4551"}],"curies":[{"name":"wp","href":"https:\/\/api.w.org\/{rel}","templated":true}]}}