{"id":364,"date":"2017-05-12T11:45:15","date_gmt":"2017-05-12T11:45:15","guid":{"rendered":"http:\/\/themedemos.webmandesign.eu\/icelander\/?post_type=wm_projects&#038;p=364"},"modified":"2022-02-14T17:23:20","modified_gmt":"2022-02-14T17:23:20","slug":"historiasmagnet","status":"publish","type":"wm_projects","link":"https:\/\/www.artemrede.pt\/pt_pt\/project\/historiasmagnet\/","title":{"rendered":"Hist\u00f3rias Magn\u00e9ticas: Enquanto o meu cabelo crescia"},"content":{"rendered":"\n\n\t<h2><em>Enquanto o meu cabelo crescia<\/em>, uma hist\u00f3ria original de Isabel Minh\u00f3s Martins, fala-nos sobre a inf\u00e2ncia e o crescimento passada entre penteados, confid\u00eancias, apar\u00eancias, mudan\u00e7as de visual, sonhos e frustra\u00e7\u00f5es relacionadas com a imagem: &#8220;\u00c9 preciso compreender os cabelos&#8221; costumava dizer a Mila sempre que aparecia algu\u00e9m novo no sal\u00e3o. &#8220;Porque s\u00f3 compreendendo os cabelos percebemos o que se passa dentro das cabe\u00e7as.&#8221;<\/h2>\n\t\t\t\t<img loading=\"lazy\" decoding=\"async\" src=\"https:\/\/www.artemrede.pt\/wp-content\/uploads\/2017\/05\/2.-LOGO-HM-480x270.jpg\" alt=\"2. LOGO HM\" itemprop=\"image\" height=\"270\" width=\"480\" title=\"2. LOGO HM\" onerror=\"this.style.display='none'\"  \/>\n\t<p>Este epis\u00f3dio das Hist\u00f3rias Magn\u00e9ticas levou \u00e0 publica\u00e7\u00e3o de um livro-cd com ilustra\u00e7\u00f5es de Madalena Matoso, m\u00fasica original de S\u00e9rgio Pel\u00e1gio e narra\u00e7\u00e3o de Isabel Gaiv\u00e3o, uma colabora\u00e7\u00e3o com a editora Planeta Tangerina: Enquanto o meu cabelo crescia &#8211; pequena novela sobre cortes, penteados, madeixas e outros milagres (2010). Este volume passou recentemente a integrar o Plano Nacional de Leitura em Portugal.<\/p>\n\t<hr \/>\n<div class=\"epyt-video-wrapper\"><iframe loading=\"lazy\"  id=\"_ytid_99000\"  width=\"1200\" height=\"675\"  data-origwidth=\"1200\" data-origheight=\"675\" src=\"https:\/\/www.youtube.com\/embed\/DAKvC0yOTJc?enablejsapi=1&autoplay=1&cc_load_policy=0&cc_lang_pref=&iv_load_policy=3&loop=1&playlist=DAKvC0yOTJc&modestbranding=0&rel=-1&fs=1&playsinline=0&autohide=2&theme=dark&color=red&controls=1&\" class=\"__youtube_prefs__  no-lazyload\" title=\"YouTube player\"  allow=\"accelerometer; autoplay; clipboard-write; encrypted-media; gyroscope; picture-in-picture\" allowfullscreen data-no-lazy=\"1\" data-skipgform_ajax_framebjll=\"\"><\/iframe><\/div>\nS\u00e9rgio Pel\u00e1gio e Isabel Gaiv\u00e3o interpretam ao vivo breves hist\u00f3rias acompanhadas por bandas-sonoras originais, recriando os ambientes dos textos e construindo &#8211; em tempo real e em conjunto com o p\u00fablico &#8211; novos significados para as situa\u00e7\u00f5es narradas.<br \/>\nAtrav\u00e9s da m\u00fasica, da sugest\u00e3o e da imagem, as crian\u00e7as s\u00e3o estimuladas a entrar no mundo das hist\u00f3rias contadas e das suas personagens.\n<p><em>Hist\u00f3rias Magn\u00e9ticas<\/em> \u00e9 um projeto do guitarrista e compositor S\u00e9rgio Pel\u00e1gio que consiste na composi\u00e7\u00e3o de bandas-sonoras para hist\u00f3rias infantis.<\/p>\n<p>&#8211;<\/p>\n<p>Artista: S\u00e9rgio Pel\u00e1gio e Isabel Gaiv\u00e3o | Real Pel\u00e1gio<\/p>\n<p>G\u00e9nero Art\u00edstico: Multidisciplinar<\/p>\n<p>\u00c1reas art\u00edsticas: M\u00fasica e Literatura<\/p>\n<p>P\u00fablico-Alvo: crian\u00e7as 5 &#8211; 11 anos<\/p>\nApresenta\u00e7\u00e3o em Territ\u00f3rios ARTEMREDE:<strong><br \/>\n<\/strong>\n<strong>SOBRAL DE MONTE AGRA\u00c7O<\/strong> \u00a0 Biblioteca Municipal | 19 de fevereiro de 2022, s\u00e1bado, \u00e0s 16:00 &#8211; <strong>NOVA DATA!<br \/>\n<\/strong>\nFICHA ART\u00cdSTICA E T\u00c9CNICA<br \/>\nGuitarra e composi\u00e7\u00e3o <strong>S\u00e9rgio Pel\u00e1gio<\/strong> Narra\u00e7\u00e3o <strong>Isabel Gaiv\u00e3o<\/strong>\n<h2>\n\t\tInforma\u00e7\u00f5es e bilheteira\n\t<\/h2>\n\t<strong>SOBRAL DE MONTE AGRA\u00c7O<\/strong><br \/>\n<strong>Biblioteca Municipal<\/strong><br \/>\nEntrada gratuita e sujeita a inscri\u00e7\u00e3o pr\u00e9via.<br \/>\n+ Informa\u00e7\u00e3o:<br \/>\n(+351) 261 940 090 | bibliotecaservicos@cm-sobral.pt\n\n","protected":false},"excerpt":{"rendered":"<div class=\"entry-summary\">\n<div class=\"entry-summary\">\nProjeto de S\u00e9rgio Pel\u00e1gio para a inf\u00e2ncia que consiste na composi\u00e7\u00e3o de bandas-sonoras para pequenas hist\u00f3rias.\n<\/div>\n<\/div>\n","protected":false},"author":1,"featured_media":2837,"template":"","meta":{"om_disable_all_campaigns":false,"_monsterinsights_skip_tracking":false,"_monsterinsights_sitenote_active":false,"_monsterinsights_sitenote_note":"","_monsterinsights_sitenote_category":0},"project_category":[109,47],"project_tag":[],"class_list":["post-364","wm_projects","type-wm_projects","status-publish","has-post-thumbnail","hentry","project_category-multidisciplinar","project_category-temporada-2020-2021","entry"],"aioseo_notices":[],"uagb_featured_image_src":{"full":["https:\/\/www.artemrede.pt\/wp-content\/uploads\/2017\/05\/\u00a9Jose-Frade-24.04.21-38_MENOR.jpg",994,663,false],"thumbnail":["https:\/\/www.artemrede.pt\/wp-content\/uploads\/2017\/05\/\u00a9Jose-Frade-24.04.21-38_MENOR-480x270.jpg",480,270,true],"medium":["https:\/\/www.artemrede.pt\/wp-content\/uploads\/2017\/05\/\u00a9Jose-Frade-24.04.21-38_MENOR-744x496.jpg",744,496,true],"medium_large":["https:\/\/www.artemrede.pt\/wp-content\/uploads\/2017\/05\/\u00a9Jose-Frade-24.04.21-38_MENOR.jpg",994,663,false],"large":["https:\/\/www.artemrede.pt\/wp-content\/uploads\/2017\/05\/\u00a9Jose-Frade-24.04.21-38_MENOR.jpg",994,663,false],"1536x1536":["https:\/\/www.artemrede.pt\/wp-content\/uploads\/2017\/05\/\u00a9Jose-Frade-24.04.21-38_MENOR.jpg",994,663,false],"2048x2048":["https:\/\/www.artemrede.pt\/wp-content\/uploads\/2017\/05\/\u00a9Jose-Frade-24.04.21-38_MENOR.jpg",994,663,false],"trp-custom-language-flag":["https:\/\/www.artemrede.pt\/wp-content\/uploads\/2017\/05\/\u00a9Jose-Frade-24.04.21-38_MENOR-16x12.jpg",16,12,true],"icelander-thumbnail":["https:\/\/www.artemrede.pt\/wp-content\/uploads\/2017\/05\/\u00a9Jose-Frade-24.04.21-38_MENOR-744x372.jpg",744,372,true],"icelander-square":["https:\/\/www.artemrede.pt\/wp-content\/uploads\/2017\/05\/\u00a9Jose-Frade-24.04.21-38_MENOR-448x448.jpg",448,448,true],"icelander-intro":["https:\/\/www.artemrede.pt\/wp-content\/uploads\/2017\/05\/\u00a9Jose-Frade-24.04.21-38_MENOR.jpg",994,663,false]},"uagb_author_info":{"display_name":"invisiblepgt","author_link":"https:\/\/www.artemrede.pt\/pt_pt\/author\/invisiblepgt\/"},"uagb_comment_info":0,"uagb_excerpt":"Projeto de S\u00e9rgio Pel\u00e1gio para a inf\u00e2ncia que consiste na composi\u00e7\u00e3o de bandas-sonoras para pequenas hist\u00f3rias.","_links":{"self":[{"href":"https:\/\/www.artemrede.pt\/pt_pt\/wp-json\/wp\/v2\/wm_projects\/364","targetHints":{"allow":["GET"]}}],"collection":[{"href":"https:\/\/www.artemrede.pt\/pt_pt\/wp-json\/wp\/v2\/wm_projects"}],"about":[{"href":"https:\/\/www.artemrede.pt\/pt_pt\/wp-json\/wp\/v2\/types\/wm_projects"}],"author":[{"embeddable":true,"href":"https:\/\/www.artemrede.pt\/pt_pt\/wp-json\/wp\/v2\/users\/1"}],"wp:featuredmedia":[{"embeddable":true,"href":"https:\/\/www.artemrede.pt\/pt_pt\/wp-json\/wp\/v2\/media\/2837"}],"wp:attachment":[{"href":"https:\/\/www.artemrede.pt\/pt_pt\/wp-json\/wp\/v2\/media?parent=364"}],"wp:term":[{"taxonomy":"project_category","embeddable":true,"href":"https:\/\/www.artemrede.pt\/pt_pt\/wp-json\/wp\/v2\/project_category?post=364"},{"taxonomy":"project_tag","embeddable":true,"href":"https:\/\/www.artemrede.pt\/pt_pt\/wp-json\/wp\/v2\/project_tag?post=364"}],"curies":[{"name":"wp","href":"https:\/\/api.w.org\/{rel}","templated":true}]}}