{"id":3153,"date":"2022-03-16T17:21:45","date_gmt":"2022-03-16T17:21:45","guid":{"rendered":"https:\/\/www.artemrede.pt\/?post_type=wm_projects&#038;p=3153"},"modified":"2022-11-02T19:52:29","modified_gmt":"2022-11-02T19:52:29","slug":"a-feira","status":"publish","type":"wm_projects","link":"https:\/\/www.artemrede.pt\/pt_pt\/project\/a-feira\/","title":{"rendered":"A FEIRA"},"content":{"rendered":"\n\n\t\t\t\t<img loading=\"lazy\" decoding=\"async\" src=\"https:\/\/www.artemrede.pt\/wp-content\/uploads\/2022\/03\/a_feira_titulo_4_cor-480x270.png\" alt=\"a_feira_titulo_4_cor\" itemprop=\"image\" height=\"270\" width=\"480\" title=\"a_feira_titulo_4_cor\" onerror=\"this.style.display='none'\"  \/>\n\t\t\t\t<img loading=\"lazy\" decoding=\"async\" src=\"https:\/\/www.artemrede.pt\/wp-content\/uploads\/2022\/03\/a-feira_final_cenario-744x483.png\" alt=\"a feira_final_cenario\" itemprop=\"image\" height=\"483\" width=\"744\" title=\"a feira_final_cenario\" onerror=\"this.style.display='none'\"  \/>\n\t\t\t\t<img loading=\"lazy\" decoding=\"async\" src=\"https:\/\/www.artemrede.pt\/wp-content\/uploads\/2022\/04\/cropped-A-feira_arte-em-rede_-35-scaled-1.jpg\" alt=\"cropped-A-feira_arte-em-rede_-35-scaled-1.jpg\" itemprop=\"image\" height=\"1708\" width=\"2560\" title=\"cropped-A-feira_arte-em-rede_-35-scaled-1.jpg\" onerror=\"this.style.display='none'\"  \/>\n\t\t\t\t<img loading=\"lazy\" decoding=\"async\" src=\"https:\/\/www.artemrede.pt\/wp-content\/uploads\/2022\/04\/A-feira_arte-em-rede_-187-scaled.jpg\" alt=\"A feira_arte em rede_-187\" itemprop=\"image\" height=\"1708\" width=\"2560\" title=\"A feira_arte em rede_-187\" onerror=\"this.style.display='none'\"  \/>\n\t\t\t\t<img loading=\"lazy\" decoding=\"async\" src=\"https:\/\/www.artemrede.pt\/wp-content\/uploads\/2022\/03\/A-feira_arte-em-rede_-127-scaled.jpg\" alt=\"A feira_arte em rede_-127\" itemprop=\"image\" height=\"1708\" width=\"2560\" title=\"A feira_arte em rede_-127\" onerror=\"this.style.display='none'\"  \/>\n\t<h3><strong>Bem-vindos \u00e0 A FEIRA!<\/strong><\/h3>\n<h3><strong>A FEIRA \u00e9<\/strong> um espet\u00e1culo de artes de rua, da companhia RADAR 360\u00b0. Inspirados nos fluxos n\u00f3madas e itinerantes das Festas e das Romarias, e das Hist\u00f3rias das suas gentes, criamos uma Feira-Circo de autor, que reinventa em perman\u00eancia as suas pr\u00f3prias regras. Porque vamos \u00e0 Feira? Que ritual \u00e9 este? Como vivemos o ef\u00e9mero? <strong>A FEIRA<\/strong> como arte da Mistura e do Encontro. Arte multidisciplinar!\u00a0Este<strong>\u00a0<\/strong>espet\u00e1culo \u00e9 uma coprodu\u00e7\u00e3o da companhia com\u00a0a Artemrede, e resulta numa experi\u00eancia imersiva que percorre 12 dos munic\u00edpios da rede: Abrantes, Alcanena, Alcoba\u00e7a, Almada, Montemor-o-Novo,\u00a0Montijo, Palmela, Pombal, Santar\u00e9m, Sobral de Monte Agra\u00e7o, Tomar e Torres Vedras.<\/h3>\n<h3><strong>A FEIRA<\/strong>\u00a0tem Dire\u00e7\u00e3o\u00a0Art\u00edstica de Julieta Rodrigues e inclui um document\u00e1rio cinematogr\u00e1fico sobre todo o\u00a0processo de cria\u00e7\u00e3o e apresenta\u00e7\u00f5es, realizado por Patr\u00edcia Po\u00e7\u00e3o.<\/h3>\n<p>A <strong>digress\u00e3o d&#8217;<em>A FEIRA<\/em> <\/strong>conta com <strong>duas sess\u00f5es por local<\/strong>! N\u00e3o perca o seu lugar e consulte as datas mais perto de si.<\/p>\n<p>Fotografia: \u00a9 Pedro Jafuno | Artemrede<\/p>\n<hr \/>\n<p><iframe loading=\"lazy\" title=\"A FEIRA | espet\u00e1culo RADAR 360\u00b0 (teaser)\" width=\"1200\" height=\"675\" src=\"https:\/\/www.youtube.com\/embed\/KqRV3KznkyQ?feature=oembed\" frameborder=\"0\" allow=\"accelerometer; autoplay; clipboard-write; encrypted-media; gyroscope; picture-in-picture\" allowfullscreen><\/iframe><\/p>\n<p>Artista: <strong>RADAR 360\u00b0<\/strong><\/p>\n<p>G\u00e9nero Art\u00edstico: Artes de rua<\/p>\n<p>Classifica\u00e7\u00e3o et\u00e1ria: M\/6<\/p>\n<p>Dura\u00e7\u00e3o: 90&#8242; aprox.<\/p>\n<h4>Apresenta\u00e7\u00e3o em Territ\u00f3rios ARTEMREDE:<\/h4>\n<strong>ABRANTES<\/strong> \u00a0\u00a0 Jardim da Rep\u00fablica\u00a0 |\u00a0 3 de abril de 2022, domingo, \u00e0s 20:00 e \u00e0s 21:30<br \/>\n<strong>ALCANENA<\/strong> \u00a0\u00a0 Pavilh\u00e3o Multiusos |\u00a0 8 de abril de 2022, sexta-feira, \u00e0s 20:30 e \u00e0s 22:00<br \/>\n<strong>ALCOBA\u00c7A\u00a0\u00a0\u00a0 <\/strong>Pra\u00e7a 25 de Abril (Zona envolvente ao Mosteiro)\u00a0 |\u00a0 30 de abril de 2022, s\u00e1bado, \u00e0s 21:00 e \u00e0s 22:30<br \/>\n<strong>ALMADA<\/strong> \u00a0\u00a0\u00a0 Pra\u00e7a dos Ap\u00f3stolos, Costa da Caparica\u00a0 |\u00a0 11 de junho de 2022, s\u00e1bado, 21:00 e \u00e0s 22:30<br \/>\n<strong>MONTEMOR-O-NOVO<\/strong> \u00a0\u00a0\u00a0 Pra\u00e7a de Touros (Envolvente)\u00a0 |\u00a0 28 de maio de 2022, s\u00e1bado, \u00e0s 21:00 e \u00e0s 22:30<br \/>\n<strong>MONTIJO\u00a0<\/strong> \u00a0\u00a0 Santu\u00e1rio da Nossa Senhora da Atalaia\u00a0 |\u00a0 4 de junho de 2022, s\u00e1bado, \u00e0s 21:00 e \u00e0s 22:30<br \/>\n<strong>PALMELA &#8211; Pinhal Novo\u00a0<\/strong> \u00a0\u00a0 Jardim Jos\u00e9 Maria dos Santos (junto ao coreto)\u00a0 |\u00a0 18 de junho de 2022, s\u00e1bado, \u00e0s 21:00 e \u00e0s 22:30<br \/>\n<strong>POMBAL<\/strong> \u00a0\u00a0 Jardim do Marqu\u00eas de Pombal\u00a0 |\u00a0 25 de mar\u00e7o de 2022, sexta-feira, \u00e0s 21:00 e \u00e0s 22:15 <em><strong>&#8211; ESTREIA MUNDIAL!!<\/strong><\/em><br \/>\n<strong>SANTAR\u00c9M<\/strong> \u00a0 \u00a0 Jardim da Liberdade\u00a0 |\u00a0 21 de maio de 2022, s\u00e1bado, \u00e0s 21:00 e \u00e0s 22:30<br \/>\n<strong>SOBRAL DE MONTE AGRA\u00c7O<\/strong> \u00a0\u00a0\u00a0 Pra\u00e7a Dr. Eug\u00e9nio Dias\u00a0 |\u00a0 7 de maio de 2022, s\u00e1bado, \u00e0s 20:00 e \u00e0s 21:30<br \/>\n<strong>TOMAR<\/strong> \u00a0\u00a0\u00a0 Pra\u00e7a da Rep\u00fablica\u00a0 |\u00a0 23 de abril de 2022, s\u00e1bado, \u00e0s 21:00 e \u00e0s 22:30<br \/>\n<strong>TORRES VEDRAS\u00a0<\/strong> \u00a0 Pra\u00e7a 1\u00ba de maio, Ramalhal\u00a0 |\u00a0 14 de maio de 2022, s\u00e1bado, \u00e0s 21:00 e \u00e0s 22:30\n<p>Entrada livre mediante levantamento de bilhete no dia e local do espet\u00e1culo. Lota\u00e7\u00e3o m\u00e1xima por apresenta\u00e7\u00e3o = 150 espectadores.<\/p>\n<h4>Ficha t\u00e9cnica e art\u00edstica:<\/h4>\n<p><strong>Direc\u00e7\u00e3o Art\u00edstica:<\/strong> Julieta Rodrigues <strong>Dire\u00e7\u00e3o de Movimento e Assist\u00eancia de Encena\u00e7\u00e3o:<\/strong> Ant\u00f3nio Franco de Oliveira <strong>Interpreta\u00e7\u00e3o:<\/strong> Andr\u00e9 Ara\u00fajo, Douglas Melo, Marisa Vieira, Mavatiku Jos\u00e9, Pedro Matias. Pedro Estevam, Patr\u00edcia Queir\u00f3s, Pedro Henriques, Ricardo Passos <strong>Sonoplastia:<\/strong> Filipe Lopes <strong>M\u00fasica ao Vivo:<\/strong> Ricardo Passos <strong>Opera\u00e7\u00e3o de Som:<\/strong> Bernardo Bento e Rafael Maia <strong>Proje\u00e7\u00e3o e Constru\u00e7\u00e3o da Cenografia e Adere\u00e7os:<\/strong> Hugo Ribeiro <strong>Apoio \u00e1 Constru\u00e7\u00e3o da Cenografia e Adere\u00e7os:<\/strong> Jos\u00e9 Augusto Ribeiro, Rui Machado <strong>Dire\u00e7\u00e3o t\u00e9cnica e montagem:<\/strong> Boca de C\u00e3o <strong>Opera\u00e7\u00e3o de Luz + Coordena\u00e7\u00e3o t\u00e9cnica global:<\/strong> Rui Azevedo <strong>Luz e Som:<\/strong> Sons do Marqu\u00eas <strong>V\u00eddeo, Fotografia de Cena e Document\u00e1rio:<\/strong> Patr\u00edcia Po\u00e7\u00e3o <strong>Produ\u00e7\u00e3o Executiva:<\/strong> Joana Domingos <strong>Secretariado:<\/strong> Tiago Oliveira <strong>Co-produ\u00e7\u00e3o: <\/strong>RADAR 360\u00ba e ARTEMREDE <strong>\u2028Apoio:<\/strong> Governo de Portugal &#8211; Minist\u00e9rio da Cultura\/Direc\u00e7\u00e3o-Geral das Artes\/ Centro2020 | Programa Operacional Regional do Centro<\/p>\n<p>&nbsp;<\/p>\n\t\t\t\t<img loading=\"lazy\" decoding=\"async\" src=\"https:\/\/www.artemrede.pt\/wp-content\/uploads\/2022\/03\/A-feira_arte-em-rede_-71-1200x801.jpg\" alt=\"A feira_arte em rede_-71\" itemprop=\"image\" height=\"801\" width=\"1200\" title=\"A feira_arte em rede_-71\" onerror=\"this.style.display='none'\"  \/>\n\t<h4><strong>Informa\u00e7\u00f5es e Bilheteiras<br \/>\n<\/strong><\/h4>\n\tA lota\u00e7\u00e3o de cada espet\u00e1culo \u00e9 limitada.<br \/>\nAgradecemos a colabora\u00e7\u00e3o de todos para seguirem as normas e recomenda\u00e7\u00f5es indicadas pelos respons\u00e1veis de cada espa\u00e7o de apresenta\u00e7\u00e3o.\n<p>Bom espet\u00e1culo!<\/p>\n\t<strong>BILHETEIRAS<\/strong><br \/>\nEntrada livre mediante levantamento de <strong>bilhete no dia e local<\/strong> do espet\u00e1culo.\n\t<h3>O PROCESSO<\/h3>\n\t<h4>Visitas \u00e0s comunidades e recolha de hist\u00f3rias<\/h4>\n\t\t\t\t<img loading=\"lazy\" decoding=\"async\" src=\"https:\/\/www.artemrede.pt\/wp-content\/uploads\/2022\/03\/20220205_110640-744x1323.jpg\" alt=\"20220205_110640\" itemprop=\"image\" height=\"1323\" width=\"744\" title=\"20220205_110640\" onerror=\"this.style.display='none'\"  \/>\n\t\t\t\t<img loading=\"lazy\" decoding=\"async\" src=\"https:\/\/www.artemrede.pt\/wp-content\/uploads\/2022\/03\/20211127_102038-scaled.jpg\" alt=\"20211127_102038\" itemprop=\"image\" height=\"2560\" width=\"1440\" title=\"20211127_102038\" onerror=\"this.style.display='none'\"  \/>\n\t\t\t\t<img loading=\"lazy\" decoding=\"async\" src=\"https:\/\/www.artemrede.pt\/wp-content\/uploads\/2022\/03\/20220121_110017-scaled.jpg\" alt=\"20220121_110017\" itemprop=\"image\" height=\"1440\" width=\"2560\" title=\"20220121_110017\" onerror=\"this.style.display='none'\"  \/>\n\t\t\t\t<img loading=\"lazy\" decoding=\"async\" src=\"https:\/\/www.artemrede.pt\/wp-content\/uploads\/2022\/03\/20220204_161338-scaled.jpg\" alt=\"20220204_161338\" itemprop=\"image\" height=\"1440\" width=\"2560\" title=\"20220204_161338\" onerror=\"this.style.display='none'\"  \/>\n\t\t\t\t<img loading=\"lazy\" decoding=\"async\" src=\"https:\/\/www.artemrede.pt\/wp-content\/uploads\/2022\/03\/20211030_182014-scaled.jpg\" alt=\"20211030_182014\" itemprop=\"image\" height=\"1440\" width=\"2560\" title=\"20211030_182014\" onerror=\"this.style.display='none'\"  \/>\n\t\t\t\t<img loading=\"lazy\" decoding=\"async\" src=\"https:\/\/www.artemrede.pt\/wp-content\/uploads\/2022\/03\/20211030_165352-scaled.jpg\" alt=\"20211030_165352\" itemprop=\"image\" height=\"1440\" width=\"2560\" title=\"20211030_165352\" onerror=\"this.style.display='none'\"  \/>\n\t\t\t\t<img loading=\"lazy\" decoding=\"async\" src=\"https:\/\/www.artemrede.pt\/wp-content\/uploads\/2022\/03\/20220113_115006-scaled.jpg\" alt=\"20220113_115006\" itemprop=\"image\" height=\"1440\" width=\"2560\" title=\"20220113_115006\" onerror=\"this.style.display='none'\"  \/>\n\t\t\t\t<img loading=\"lazy\" decoding=\"async\" src=\"https:\/\/www.artemrede.pt\/wp-content\/uploads\/2022\/03\/20211030_154150-scaled.jpg\" alt=\"20211030_154150\" itemprop=\"image\" height=\"1440\" width=\"2560\" title=\"20211030_154150\" onerror=\"this.style.display='none'\"  \/>\n\t\t\t\t<img loading=\"lazy\" decoding=\"async\" src=\"https:\/\/www.artemrede.pt\/wp-content\/uploads\/2022\/03\/20211204_122035-scaled.jpg\" alt=\"20211204_122035\" itemprop=\"image\" height=\"1440\" width=\"2560\" title=\"20211204_122035\" onerror=\"this.style.display='none'\"  \/>\n\t\t\t\t<img loading=\"lazy\" decoding=\"async\" src=\"https:\/\/www.artemrede.pt\/wp-content\/uploads\/2022\/03\/IMG_4044-scaled-e1647517793481.jpg\" alt=\"IMG_4044\" itemprop=\"image\" height=\"1612\" width=\"2252\" title=\"IMG_4044\" onerror=\"this.style.display='none'\"  \/>\n\t\t\t\t<img loading=\"lazy\" decoding=\"async\" src=\"https:\/\/www.artemrede.pt\/wp-content\/uploads\/2022\/03\/PP__6403-scaled-e1647517834598.jpg\" alt=\"PP__6403\" itemprop=\"image\" height=\"1619\" width=\"2240\" title=\"PP__6403\" onerror=\"this.style.display='none'\"  \/>\n\t<address><strong>Fotografia de cena\/processo:<\/strong> <strong>RADAR 360\u00b0<\/strong> &#8211; Patr\u00edcia Po\u00e7\u00e3o, Ant\u00f3nio Oliveira<\/address>\n\t<h3>O DOCUMENT\u00c1RIO<\/h3>\n\t\t\t\t<img loading=\"lazy\" decoding=\"async\" src=\"https:\/\/www.artemrede.pt\/wp-content\/uploads\/2022\/03\/PP__1399vpeq-1200x800.jpg\" alt=\"PP__1399vpeq\" itemprop=\"image\" height=\"800\" width=\"1200\" title=\"PP__1399vpeq\" onerror=\"this.style.display='none'\"  \/>\n\t<h4>A FEIRA &#8211; Uma Reflex\u00e3o sobre as Artes de Rua \u00e9 um document\u00e1rio que pretende lan\u00e7ar uma reflex\u00e3o e um ponto da situa\u00e7\u00e3o sobre este tema no Panorama Nacional. Rodado durante a constru\u00e7\u00e3o do espet\u00e1culo de artes de rua A FEIRA, este projeto foi uma cria\u00e7\u00e3o da companhia RADAR 360\u00ba, coproduzida com a Artemrede, que, em 2022, percorreu 12 dos munic\u00edpios associados da rede.<\/h4>\n<h4>Inspirados nos fluxos n\u00f3madas e itinerantes das Festas e das Romarias, e das Hist\u00f3rias das suas gentes, cri\u00e1mos A FEIRA, uma Feira-Circo de autor, que reinventa em perman\u00eancia as suas pr\u00f3prias regras. Porque vamos \u00e0 Feira? Que ritual \u00e9 este? Como vivemos o ef\u00e9mero? A FEIRA como arte da Mistura e do Encontro. Arte multidisciplinar!<\/h4>\n<h4>Esta cria\u00e7\u00e3o que pretendeu abrir o di\u00e1logo entre as v\u00e1rias artes e fazer uma reflex\u00e3o sobre o ponto da situa\u00e7\u00e3o do artista de rua e da forma como o sistema e as comunidades acolhem esta realidade de exce\u00e7\u00e3o \u00e9 agora apresentada sobre a lente da realizadora Patr\u00edcia Po\u00e7\u00e3o.<\/h4>\n\tArtista: Patr\u00edcia Po\u00e7\u00e3o<strong><br \/>\n<\/strong>\n<p>G\u00e9nero Art\u00edstico: Document\u00e1rio | Longa metragem<\/p>\n<p>Classifica\u00e7\u00e3o et\u00e1ria: M\/6<\/p>\n<p>Dura\u00e7\u00e3o: 67&#8242;<\/p>\n<p>&nbsp;<\/p>\n<p><em><strong>Datas de exibi\u00e7\u00e3o e mais informa\u00e7\u00f5es consulte <a href=\"https:\/\/www.artemrede.pt\/pt_pt\/project\/a-feira-documentario\/\">aqui<\/a><\/strong><\/em><\/p>\n<p>&nbsp;<\/p>\n<p>&nbsp;<\/p>\n<p>Fotografia: \u00a9 Patr\u00edcia Po\u00e7\u00e3o \/ Radar 360<\/p>\n\n","protected":false},"excerpt":{"rendered":"<div class=\"entry-summary\">\n<div class=\"entry-summary\">\num espet\u00e1culo de artes de rua!\n<\/div>\n<\/div>\n","protected":false},"author":3,"featured_media":3152,"template":"","meta":{"om_disable_all_campaigns":false,"_monsterinsights_skip_tracking":false,"_monsterinsights_sitenote_active":false,"_monsterinsights_sitenote_note":"","_monsterinsights_sitenote_category":0},"project_category":[270,272,273,271,267,266,290,278,277,261,281,280,284,282,256,286,285],"project_tag":[177,85,248],"class_list":["post-3153","wm_projects","type-wm_projects","status-publish","has-post-thumbnail","hentry","project_category-abrantes-territorios","project_category-alcanena-territorios","project_category-alcobaca","project_category-almada","project_category-artes-circenses","project_category-artes-de-rua","project_category-coproducoes-2022","project_category-montemor-o-novo-territorios","project_category-montijo-territorios","project_category-multidisciplinar-temporada-2021-2022","project_category-palmela-territorios","project_category-pombal-territorios","project_category-santarem-territorios","project_category-sobral-de-monte-agraco-territorios","project_category-temporada-2021-2022","project_category-tomar-territorios","project_category-torres-vedras","project_tag-artes-circenses","project_tag-artes-de-rua","project_tag-multidisciplinar","entry"],"aioseo_notices":[],"uagb_featured_image_src":{"full":["https:\/\/www.artemrede.pt\/wp-content\/uploads\/2022\/03\/a_feira_digital_4.png",1773,1772,false],"thumbnail":["https:\/\/www.artemrede.pt\/wp-content\/uploads\/2022\/03\/a_feira_digital_4-480x270.png",480,270,true],"medium":["https:\/\/www.artemrede.pt\/wp-content\/uploads\/2022\/03\/a_feira_digital_4-744x744.png",744,744,true],"medium_large":["https:\/\/www.artemrede.pt\/wp-content\/uploads\/2022\/03\/a_feira_digital_4-1200x1199.png",1200,1199,true],"large":["https:\/\/www.artemrede.pt\/wp-content\/uploads\/2022\/03\/a_feira_digital_4-1200x1199.png",1200,1199,true],"1536x1536":["https:\/\/www.artemrede.pt\/wp-content\/uploads\/2022\/03\/a_feira_digital_4-1536x1536.png",1536,1536,true],"2048x2048":["https:\/\/www.artemrede.pt\/wp-content\/uploads\/2022\/03\/a_feira_digital_4.png",1773,1772,false],"trp-custom-language-flag":["https:\/\/www.artemrede.pt\/wp-content\/uploads\/2022\/03\/a_feira_digital_4-12x12.png",12,12,true],"icelander-thumbnail":["https:\/\/www.artemrede.pt\/wp-content\/uploads\/2022\/03\/a_feira_digital_4-744x372.png",744,372,true],"icelander-square":["https:\/\/www.artemrede.pt\/wp-content\/uploads\/2022\/03\/a_feira_digital_4-448x448.png",448,448,true],"icelander-intro":["https:\/\/www.artemrede.pt\/wp-content\/uploads\/2022\/03\/a_feira_digital_4-1773x1080.png",1773,1080,true]},"uagb_author_info":{"display_name":"In\u00eas Arromba","author_link":"https:\/\/www.artemrede.pt\/pt_pt\/author\/artred_arromba\/"},"uagb_comment_info":0,"uagb_excerpt":"um espet\u00e1culo de artes de rua!","_links":{"self":[{"href":"https:\/\/www.artemrede.pt\/pt_pt\/wp-json\/wp\/v2\/wm_projects\/3153","targetHints":{"allow":["GET"]}}],"collection":[{"href":"https:\/\/www.artemrede.pt\/pt_pt\/wp-json\/wp\/v2\/wm_projects"}],"about":[{"href":"https:\/\/www.artemrede.pt\/pt_pt\/wp-json\/wp\/v2\/types\/wm_projects"}],"author":[{"embeddable":true,"href":"https:\/\/www.artemrede.pt\/pt_pt\/wp-json\/wp\/v2\/users\/3"}],"wp:featuredmedia":[{"embeddable":true,"href":"https:\/\/www.artemrede.pt\/pt_pt\/wp-json\/wp\/v2\/media\/3152"}],"wp:attachment":[{"href":"https:\/\/www.artemrede.pt\/pt_pt\/wp-json\/wp\/v2\/media?parent=3153"}],"wp:term":[{"taxonomy":"project_category","embeddable":true,"href":"https:\/\/www.artemrede.pt\/pt_pt\/wp-json\/wp\/v2\/project_category?post=3153"},{"taxonomy":"project_tag","embeddable":true,"href":"https:\/\/www.artemrede.pt\/pt_pt\/wp-json\/wp\/v2\/project_tag?post=3153"}],"curies":[{"name":"wp","href":"https:\/\/api.w.org\/{rel}","templated":true}]}}