{"id":2953,"date":"2021-11-09T14:32:01","date_gmt":"2021-11-09T14:32:01","guid":{"rendered":"https:\/\/www.artemrede.pt\/?post_type=wm_projects&#038;p=2953"},"modified":"2022-02-24T10:38:55","modified_gmt":"2022-02-24T10:38:55","slug":"roubei-um-livro-na-cabine-de-leitura","status":"publish","type":"wm_projects","link":"https:\/\/www.artemrede.pt\/pt_pt\/project\/roubei-um-livro-na-cabine-de-leitura\/","title":{"rendered":"ROUBEI UM LIVRO NA CABINE DE LEITURA E HOJE VOU LER"},"content":{"rendered":"\n\n\t<h3>21 \u00e9 o n\u00famero de performers que roubaram livros na cabine. 21 \u00e9 n\u00famero de performers que v\u00e3o ocupar o espa\u00e7o em forma de poesia de porta aberta. O p\u00fablico \u00e9 convidado a entrar nesta exposi\u00e7\u00e3o viva, onde pode observar a dicotomia entre os momentos de leitura e a vers\u00e3o online dos nossos corpos. Levar telem\u00f3vel \u00e9 urgente e obrigat\u00f3rio.<\/h3>\n<p>Este projeto foi inicialmente desenvolvido em 2019, no \u00e2mbito da iniciativa Pouca Terra, Pouca Terra, uma mostra de teatro organizada pelo LAMA Teatro, inserida na programa\u00e7\u00e3o do Festival F, que decorre em Faro.<\/p>\n<p>A convite do LAMA Teatro, sob a dire\u00e7\u00e3o e coordena\u00e7\u00e3o de Jo\u00e3o de Brito, 21 mulheres oriundas da regi\u00e3o do Algarve e ligadas \u00e0s artes performativas, inspiradas pelas premissas propostas no decorrer da oficina de cria\u00e7\u00e3o, constru\u00edram uma performance para ser apresentada no Festival F.<\/p>\n<p>Agora, propomo-nos levar este projeto a outras localidades e regi\u00f5es, desafiando outros intervenientes a embarcar nesta oficina\/performance.<\/p>\n<hr \/>\n<p><iframe loading=\"lazy\" title=\"Roubei um Livro na Cabine de Leitura e Hoje Vou Ler\" src=\"https:\/\/player.vimeo.com\/video\/372246713?h=a7a033ed9e&amp;dnt=1&amp;app_id=122963\" width=\"1200\" height=\"675\" frameborder=\"0\" allow=\"autoplay; fullscreen; picture-in-picture\" allowfullscreen><\/iframe><\/p>\n<p>&#8211;<\/p>\n<p>Artista: LAMA Teatro | Jo\u00e3o de Brito<\/p>\n<p>G\u00e9nero Art\u00edstico: Oficina | Performance<\/p>\n<p>Classifica\u00e7\u00e3o et\u00e1ria: Oficina M\/16 | Performance M\/6<\/p>\n<p>Apresenta\u00e7\u00e3o em Territ\u00f3rios ARTEMREDE:<\/p>\n<em>Oficina<\/em><br \/>\nSESIMBRA \u00a0 Clube Sesimbrense | de 23 a 25 de mar\u00e7o de 2022, quarta a sexta-feira, das 19:00 \u00e0s 22:30 &#8211; <strong>NOVAS DATAS!<\/strong>\n<em>Espet\u00e1culo<\/em><br \/>\nSESIMBRA \u00a0 Clube Sesimbrense | 26 de mar\u00e7o de 2022, s\u00e1bado, \u00e0s 16:00 &#8211; <strong>NOVA DATA!<\/strong>\n\n\n<p>&nbsp;<\/p>\n\t<h3>Informa\u00e7\u00f5es e bilheteira<\/h3>\n\t\n<strong>Clube Sesimbrense<\/strong><br \/>\n<strong>Inscri\u00e7\u00f5es at\u00e9 16 de mar\u00e7o<\/strong> para <strong>educacao@cm-sesimbra.pt<\/strong>\n<p>+ Informa\u00e7\u00f5es: (+351) 939 982 522<\/p>\n\t<p>&nbsp;<\/p>\n\n\n","protected":false},"excerpt":{"rendered":"<div class=\"entry-summary\">\n<div class=\"entry-summary\">\n21 \u00e9 o n\u00famero de performers que roubaram livros na cabine. 21 \u00e9 n\u00famero de performers que v\u00e3o ocupar o espa\u00e7o em forma de poesia de porta aberta. O p\u00fablico \u00e9 convidado a entrar nesta exposi\u00e7\u00e3o viva, onde pode observar&hellip;\n<\/div>\n<\/div>\n","protected":false},"author":3,"featured_media":2956,"template":"","meta":{"om_disable_all_campaigns":false,"_monsterinsights_skip_tracking":false,"_monsterinsights_sitenote_active":false,"_monsterinsights_sitenote_note":"","_monsterinsights_sitenote_category":0},"project_category":[263,186,256],"project_tag":[188],"class_list":["post-2953","wm_projects","type-wm_projects","status-publish","has-post-thumbnail","hentry","project_category-oficina-temporada-2021-2022","project_category-sesimbra-visionarios","project_category-temporada-2021-2022","project_tag-oficina","entry"],"aioseo_notices":[],"uagb_featured_image_src":{"full":["https:\/\/www.artemrede.pt\/wp-content\/uploads\/2021\/11\/FLAMA5_\u00a9-Joao-Catarino_2172pixeis.jpg",2172,1448,false],"thumbnail":["https:\/\/www.artemrede.pt\/wp-content\/uploads\/2021\/11\/FLAMA5_\u00a9-Joao-Catarino_2172pixeis-480x270.jpg",480,270,true],"medium":["https:\/\/www.artemrede.pt\/wp-content\/uploads\/2021\/11\/FLAMA5_\u00a9-Joao-Catarino_2172pixeis-744x496.jpg",744,496,true],"medium_large":["https:\/\/www.artemrede.pt\/wp-content\/uploads\/2021\/11\/FLAMA5_\u00a9-Joao-Catarino_2172pixeis-1200x800.jpg",1200,800,true],"large":["https:\/\/www.artemrede.pt\/wp-content\/uploads\/2021\/11\/FLAMA5_\u00a9-Joao-Catarino_2172pixeis-1200x800.jpg",1200,800,true],"1536x1536":["https:\/\/www.artemrede.pt\/wp-content\/uploads\/2021\/11\/FLAMA5_\u00a9-Joao-Catarino_2172pixeis-1536x1024.jpg",1536,1024,true],"2048x2048":["https:\/\/www.artemrede.pt\/wp-content\/uploads\/2021\/11\/FLAMA5_\u00a9-Joao-Catarino_2172pixeis-2048x1365.jpg",2048,1365,true],"trp-custom-language-flag":["https:\/\/www.artemrede.pt\/wp-content\/uploads\/2021\/11\/FLAMA5_\u00a9-Joao-Catarino_2172pixeis-16x12.jpg",16,12,true],"icelander-thumbnail":["https:\/\/www.artemrede.pt\/wp-content\/uploads\/2021\/11\/FLAMA5_\u00a9-Joao-Catarino_2172pixeis-744x372.jpg",744,372,true],"icelander-square":["https:\/\/www.artemrede.pt\/wp-content\/uploads\/2021\/11\/FLAMA5_\u00a9-Joao-Catarino_2172pixeis-448x448.jpg",448,448,true],"icelander-intro":["https:\/\/www.artemrede.pt\/wp-content\/uploads\/2021\/11\/FLAMA5_\u00a9-Joao-Catarino_2172pixeis-1920x1080.jpg",1920,1080,true]},"uagb_author_info":{"display_name":"In\u00eas Arromba","author_link":"https:\/\/www.artemrede.pt\/pt_pt\/author\/artred_arromba\/"},"uagb_comment_info":0,"uagb_excerpt":"21 \u00e9 o n\u00famero de performers que roubaram livros na cabine. 21 \u00e9 n\u00famero de performers que v\u00e3o ocupar o espa\u00e7o em forma de poesia de porta aberta. O p\u00fablico \u00e9 convidado a entrar nesta exposi\u00e7\u00e3o viva, onde pode observar&hellip;","_links":{"self":[{"href":"https:\/\/www.artemrede.pt\/pt_pt\/wp-json\/wp\/v2\/wm_projects\/2953","targetHints":{"allow":["GET"]}}],"collection":[{"href":"https:\/\/www.artemrede.pt\/pt_pt\/wp-json\/wp\/v2\/wm_projects"}],"about":[{"href":"https:\/\/www.artemrede.pt\/pt_pt\/wp-json\/wp\/v2\/types\/wm_projects"}],"author":[{"embeddable":true,"href":"https:\/\/www.artemrede.pt\/pt_pt\/wp-json\/wp\/v2\/users\/3"}],"wp:featuredmedia":[{"embeddable":true,"href":"https:\/\/www.artemrede.pt\/pt_pt\/wp-json\/wp\/v2\/media\/2956"}],"wp:attachment":[{"href":"https:\/\/www.artemrede.pt\/pt_pt\/wp-json\/wp\/v2\/media?parent=2953"}],"wp:term":[{"taxonomy":"project_category","embeddable":true,"href":"https:\/\/www.artemrede.pt\/pt_pt\/wp-json\/wp\/v2\/project_category?post=2953"},{"taxonomy":"project_tag","embeddable":true,"href":"https:\/\/www.artemrede.pt\/pt_pt\/wp-json\/wp\/v2\/project_tag?post=2953"}],"curies":[{"name":"wp","href":"https:\/\/api.w.org\/{rel}","templated":true}]}}