{"id":2868,"date":"2021-09-30T15:26:33","date_gmt":"2021-09-30T15:26:33","guid":{"rendered":"https:\/\/www.artemrede.pt\/?post_type=wm_projects&#038;p=2868"},"modified":"2022-04-14T11:04:29","modified_gmt":"2022-04-14T11:04:29","slug":"patri-ke","status":"publish","type":"wm_projects","link":"https:\/\/www.artemrede.pt\/pt_pt\/project\/patri-ke\/","title":{"rendered":"PATRI&#8230;K\u00ca?"},"content":{"rendered":"\n\n\t<h1>SETEMBRO&#8217;21 a JANEIRO&#8217;22<\/h1>\n\t<p>uma iniciativa de educa\u00e7\u00e3o patrimonial concebido pelo <strong>Teatro Meia Volta e depois \u00e0 esquerda quando eu disser<\/strong>.<\/p>\n\t<p>O patrim\u00f3nio pelo olhar de quem o habita.<\/p>\n\t<h2>Com recurso a metodologias expressivas e de cariz art\u00edstico, PATRI&#8230;K\u00ca? pretende desenvolver o conhecimento e a valoriza\u00e7\u00e3o do patrim\u00f3nio cultural de cada territ\u00f3rio. O projeto \u00e9 realizado, em cada ano, por dois munic\u00edpios que elegem uma das suas escolas e com elas selecionam o objeto patrimonial a apresentar.<\/h2>\n<h3>Os participantes s\u00e3o alunos de diversas idades e tipologias de ensino, que s\u00e3o apoiados por professores de diferentes disciplinas.<\/h3>\n<p>Ao longo das sess\u00f5es de trabalho, os jovens, orientados pela equipa art\u00edstica e pelos seus professores, pesquisam, entrevistam interlocutores e exploram a Hist\u00f3ria local. Nos \u00faltimos encontros, assumem-se como Guias Extraordin\u00e1rios e apresentam os espa\u00e7os patrimoniais \u00e0s respetivas comunidades, promovendo a valoriza\u00e7\u00e3o coletiva do patrim\u00f3nio cultural material e imaterial das comunidades.<\/p>\n\tArtista: TEATRO MEIA VOLTA E DEPOIS \u00c0 ESQUERDA QUANDO EU DISSER<br \/>\nG\u00e9nero Art\u00edstico: Multidisciplinar | Educa\u00e7\u00e3o e patrim\u00f3nio\n<p>O <strong>teatro meia volta e depois \u00e0 esquerda quando eu disser<\/strong> (TMV) foi fundado em 2006, no Porto, tendo funcionado enquanto companhia de teatro durante v\u00e1rios anos. Neste contexto e sob a dire\u00e7\u00e3o art\u00edstica de Alfredo Martins, foram produzidos diversos espet\u00e1culos, dos quais se destacam: O Nome das Ruas (2008), URBANIA (2010), Nacional-Material, Paisagem com Argonautas (2011) e OZZZZZ (2013). Desde 2016, o TMV sofreu uma reestrutura\u00e7\u00e3o e passou a funcionar como uma estrutura de produ\u00e7\u00e3o cultural, produzindo o trabalho de diversos artistas e ainda projetos na \u00e1rea do desenvolvimento de p\u00fablicos. Os artistas associados do TMV s\u00e3o Alfredo Martins, Anabela Almeida, Cl\u00e1udia Gaiolas, Lu\u00eds Godinho e Sara Duarte.<\/p>\n\t\t\t\t<img loading=\"lazy\" decoding=\"async\" src=\"https:\/\/www.artemrede.pt\/wp-content\/uploads\/2021\/09\/4932D7C4-DFA2-4F11-9077-B64E760ED254-scaled.jpg\" alt=\"4932D7C4-DFA2-4F11-9077-B64E760ED254\" itemprop=\"image\" height=\"1441\" width=\"2560\" title=\"4932D7C4-DFA2-4F11-9077-B64E760ED254\" onerror=\"this.style.display='none'\"  \/>\n\t\t\t\t<img loading=\"lazy\" decoding=\"async\" src=\"https:\/\/www.artemrede.pt\/wp-content\/uploads\/2021\/09\/IMG_4144-scaled.jpg\" alt=\"IMG_4144\" itemprop=\"image\" height=\"1707\" width=\"2560\" title=\"IMG_4144\" onerror=\"this.style.display='none'\"  \/>\n\t\t\t\t<img loading=\"lazy\" decoding=\"async\" src=\"https:\/\/www.artemrede.pt\/wp-content\/uploads\/2021\/09\/patrike-scaled.jpg\" alt=\"patrike\" itemprop=\"image\" height=\"1920\" width=\"2560\" title=\"patrike\" onerror=\"this.style.display='none'\"  \/>\n\t\t\t\t<img loading=\"lazy\" decoding=\"async\" src=\"https:\/\/www.artemrede.pt\/wp-content\/uploads\/2021\/09\/IMG_7254-scaled.jpg\" alt=\"IMG_7254\" itemprop=\"image\" height=\"1707\" width=\"2560\" title=\"IMG_7254\" onerror=\"this.style.display='none'\"  \/>\n\t\n:: 2017 ::<br \/>\n<strong>ALCOBA\u00c7A<\/strong> Os alunos do 5\u00ba ano do Agrupamento de Escolas de S\u00e3o Martinho do Porto deram a conhecer o Mosteiro de Santa Maria de Coz aos colegas pombalenses.\n<p><strong>POMBAL<\/strong> E os alunos do 11\u00ba ano da Escola Tecnol\u00f3gica, Art\u00edstica e Profissional de Pombal, apresentaram o Castelo de Pombal aos alunos e Alcoba\u00e7a.<\/p>\n<p>&nbsp;<\/p>\n:: 2018 ::<br \/>\n<strong>ABRANTES<\/strong> Os alunos da Escola Profissional de Desenvolvimento Rural de Abrantes, deram a conhecer o patrim\u00f3nio imaterial mais significativo das Mouriscas, o azeite, guiando os seus visitantes 4 pelo Lagar de Azeite da EPDRA.\n<p><strong>ALCANENA<\/strong> Os Guias Extraordin\u00e1rios da Escola Secund\u00e1ria de Alcanena apresentaram o Centro Hist\u00f3rico da Vila, onde destacaram o patrim\u00f3nio edificado do in\u00edcio do s\u00e9culo XX, sublinhando a liga\u00e7\u00e3o de Alcanena ao movimento republicano coevo.<\/p>\n<p>&nbsp;<\/p>\n:: 2019 ::<br \/>\n<strong>TOMAR<\/strong> Alunos do 10\u00ba ano do curso de Turismo da Escola Secund\u00e1ria Sta Maria do Olival desvendaram o patrim\u00f3nio hist\u00f3rico da Sinagoga de Tomar.\n<p><strong>SOBRAL DE MONTE AGRA\u00c7O<\/strong> E a turma do 11\u00ba ano do curso de Turismo da Escola B\u00e1sica 2,3\/Secund\u00e1ria guiou os visitantes pelo cora\u00e7\u00e3o da sua vila, o Centro Hist\u00f3rico de Sobral de Monte Agra\u00e7o.<\/p>\n<p>&nbsp;<\/p>\n:: 2021 ::<br \/>\nEm 2021,  os alunos do 9\u00aaano da Escola EB23 Pintor Almada Negreiros em <strong>Lisboa<\/strong>, deram a conhecer o Campo das Amoreiras, e a Quinta Alegre &#8211; Pal\u00e1cio do Marqu\u00eas do Alegrete aos seus colegas, amigos e convidados, enquanto os alunos do 10\u00ba Ano do Curso Anima\u00e7\u00e3o Tur\u00edstica da Escola Secund\u00e1ria Aquilino Ribeiro Porto Salvo em <strong>Oeiras<\/strong> guiaram os seus visitantes pela Quinta de Cima do Marqu\u00eas de Pombal e a Cascata dos Gigantes.\n\t<h4><strong>Informa\u00e7\u00f5es e Bilheteiras<\/strong><\/h4>\n\tA lota\u00e7\u00e3o de cada visita guiada \u00e9 limitada. Recomendamos que se informe atempadamente sobre possibilidade de participa\u00e7\u00e3o junto dos munic\u00edpios que acolhem a iniciativa.<br \/>\nAgradecemos a colabora\u00e7\u00e3o de todos para seguirem as normas e recomenda\u00e7\u00f5es indicadas pelos respons\u00e1veis por cada visita.\n<p>Boas visitas extraordin\u00e1rias!<\/p>\n<h2>\n\t\tAlcoba\u00e7a\n\t<\/h2>\n\t\t\t\t<img loading=\"lazy\" decoding=\"async\" src=\"https:\/\/www.artemrede.pt\/wp-content\/uploads\/2021\/09\/25311048_1566002150134687_3644203639438295627_o.jpg\" alt=\"25311048_1566002150134687_3644203639438295627_o\" itemprop=\"image\" height=\"666\" width=\"1184\" title=\"25311048_1566002150134687_3644203639438295627_o\" onerror=\"this.style.display='none'\"  \/>\n<h2>\n\t\tPombal\n\t<\/h2>\n\t\t\t\t<img loading=\"lazy\" decoding=\"async\" src=\"https:\/\/www.artemrede.pt\/wp-content\/uploads\/2021\/09\/25073440_1563429360391966_1323467748196312139_o.jpg\" alt=\"25073440_1563429360391966_1323467748196312139_o\" itemprop=\"image\" height=\"666\" width=\"1184\" title=\"25073440_1563429360391966_1323467748196312139_o\" onerror=\"this.style.display='none'\"  \/>\n\t\t\t\t<img loading=\"lazy\" decoding=\"async\" src=\"https:\/\/www.artemrede.pt\/wp-content\/uploads\/2021\/09\/25351972_1566003210134581_6122047011713575855_o.jpg\" alt=\"25351972_1566003210134581_6122047011713575855_o\" itemprop=\"image\" height=\"666\" width=\"1184\" title=\"25351972_1566003210134581_6122047011713575855_o\" onerror=\"this.style.display='none'\"  \/>\n<h2>\n\t<\/h2>\n\t\t\t\t<img loading=\"lazy\" decoding=\"async\" src=\"https:\/\/www.artemrede.pt\/wp-content\/uploads\/2021\/09\/25182479_1563435393724696_5606015718692504736_o.jpg\" alt=\"25182479_1563435393724696_5606015718692504736_o\" itemprop=\"image\" height=\"666\" width=\"1184\" title=\"25182479_1563435393724696_5606015718692504736_o\" onerror=\"this.style.display='none'\"  \/>\n\t<address><strong>Fotografia:<\/strong> Direitos reservados<\/address>\n<h2>\n\t\tAbrantes\n\t<\/h2>\n\t\t\t\t<img loading=\"lazy\" decoding=\"async\" src=\"https:\/\/www.artemrede.pt\/wp-content\/uploads\/2021\/09\/50313539_2028928377175393_7907113784974508032_o.jpg\" alt=\"50313539_2028928377175393_7907113784974508032_o\" itemprop=\"image\" height=\"1296\" width=\"1944\" title=\"50313539_2028928377175393_7907113784974508032_o\" onerror=\"this.style.display='none'\"  \/>\n<h2>\n\t\tAlcanena\n\t<\/h2>\n\t\t\t\t<img loading=\"lazy\" decoding=\"async\" src=\"https:\/\/www.artemrede.pt\/wp-content\/uploads\/2021\/09\/IMG_4157-scaled.jpg\" alt=\"IMG_4157\" itemprop=\"image\" height=\"1707\" width=\"2560\" title=\"IMG_4157\" onerror=\"this.style.display='none'\"  \/>\n\t\t\t\t<img loading=\"lazy\" decoding=\"async\" src=\"https:\/\/www.artemrede.pt\/wp-content\/uploads\/2021\/09\/IMG_4043-scaled.jpg\" alt=\"IMG_4043\" itemprop=\"image\" height=\"1707\" width=\"2560\" title=\"IMG_4043\" onerror=\"this.style.display='none'\"  \/>\n<h2>\n\t<\/h2>\n\t\t\t\t<img loading=\"lazy\" decoding=\"async\" src=\"https:\/\/www.artemrede.pt\/wp-content\/uploads\/2021\/09\/IMG_4167-scaled.jpg\" alt=\"IMG_4167\" itemprop=\"image\" height=\"1707\" width=\"2560\" title=\"IMG_4167\" onerror=\"this.style.display='none'\"  \/>\n\t\t\t\t<img loading=\"lazy\" decoding=\"async\" src=\"https:\/\/www.artemrede.pt\/wp-content\/uploads\/2021\/09\/IMG_4069-scaled.jpg\" alt=\"IMG_4069\" itemprop=\"image\" height=\"1707\" width=\"2560\" title=\"IMG_4069\" onerror=\"this.style.display='none'\"  \/>\n<h2>\n\t<\/h2>\n\t\t\t\t<img loading=\"lazy\" decoding=\"async\" src=\"https:\/\/www.artemrede.pt\/wp-content\/uploads\/2021\/09\/IMG_4209-scaled.jpg\" alt=\"IMG_4209\" itemprop=\"image\" height=\"1707\" width=\"2560\" title=\"IMG_4209\" onerror=\"this.style.display='none'\"  \/>\n\t\t\t\t<img decoding=\"async\" src=\"https:\/\/www.artemrede.pt\/wp-content\/plugins\/beaver-builder-lite-version\/img\/pixel.png\" alt=\"\" itemprop=\"image\" onerror=\"this.style.display='none'\"  \/>\n\t<address><strong>Fotografia:<\/strong> Artemrede<\/address>\n<h2>\n\t\tTOMAR\n\t<\/h2>\n\t\t\t\t<img loading=\"lazy\" decoding=\"async\" src=\"https:\/\/www.artemrede.pt\/wp-content\/uploads\/2021\/09\/IMG_7282-scaled.jpg\" alt=\"IMG_7282\" itemprop=\"image\" height=\"1707\" width=\"2560\" title=\"IMG_7282\" onerror=\"this.style.display='none'\"  \/>\n<h2>\n\t\tSOBRAL DE MONTE AGRA\u00c7O\n\t<\/h2>\n\t\t\t\t<img loading=\"lazy\" decoding=\"async\" src=\"https:\/\/www.artemrede.pt\/wp-content\/uploads\/2021\/09\/IMG_0123-scaled.jpg\" alt=\"IMG_0123\" itemprop=\"image\" height=\"1920\" width=\"2560\" title=\"IMG_0123\" onerror=\"this.style.display='none'\"  \/>\n\t\t\t\t<img loading=\"lazy\" decoding=\"async\" src=\"https:\/\/www.artemrede.pt\/wp-content\/uploads\/2021\/09\/IMG_7265-scaled.jpg\" alt=\"IMG_7265\" itemprop=\"image\" height=\"1707\" width=\"2560\" title=\"IMG_7265\" onerror=\"this.style.display='none'\"  \/>\n<h2>\n\t<\/h2>\n\t\t\t\t<img loading=\"lazy\" decoding=\"async\" src=\"https:\/\/www.artemrede.pt\/wp-content\/uploads\/2021\/09\/IMG_0184-scaled.jpg\" alt=\"IMG_0184\" itemprop=\"image\" height=\"1920\" width=\"2560\" title=\"IMG_0184\" onerror=\"this.style.display='none'\"  \/>\n\t\t\t\t<img loading=\"lazy\" decoding=\"async\" src=\"https:\/\/www.artemrede.pt\/wp-content\/uploads\/2021\/09\/IMG_7295-scaled.jpg\" alt=\"IMG_7295\" itemprop=\"image\" height=\"1707\" width=\"2560\" title=\"IMG_7295\" onerror=\"this.style.display='none'\"  \/>\n<h2>\n\t<\/h2>\n\t\t\t\t<img loading=\"lazy\" decoding=\"async\" src=\"https:\/\/www.artemrede.pt\/wp-content\/uploads\/2021\/09\/IMG_0021-scaled.jpg\" alt=\"IMG_0021\" itemprop=\"image\" height=\"1920\" width=\"2560\" title=\"IMG_0021\" onerror=\"this.style.display='none'\"  \/>\n\t<p><strong>Fotografia:<\/strong> teatro meio volta e depois \u00e0 esquerda quando eu disser<\/p>\n\t<p>PATRI&#8230;K\u00ca? &#8211; Visitas Extraordin\u00e1rias por Guias Extraordin\u00e1rios \u00e9 uma iniciativa que integra o projeto <em>OUTROS CENTROS<\/em>, cofinanciado pelo Centro 2020 | Programa Operacional Regional do Centro.<\/p>\n\n","protected":false},"excerpt":{"rendered":"<div class=\"entry-summary\">\n<div class=\"entry-summary\">\nVista Extraordin\u00e1rias por Guias Extraordin\u00e1rios\n<\/div>\n<\/div>\n","protected":false},"author":3,"featured_media":2869,"template":"","meta":{"om_disable_all_campaigns":false,"_monsterinsights_skip_tracking":false,"_monsterinsights_sitenote_active":false,"_monsterinsights_sitenote_note":"","_monsterinsights_sitenote_category":0},"project_category":[109,213,47],"project_tag":[249,251,252],"class_list":["post-2868","wm_projects","type-wm_projects","status-publish","has-post-thumbnail","hentry","project_category-multidisciplinar","project_category-oficina","project_category-temporada-2020-2021","project_tag-patrimonio","project_tag-peformance","project_tag-visitas-guiadas","entry"],"aioseo_notices":[],"uagb_featured_image_src":{"full":["https:\/\/www.artemrede.pt\/wp-content\/uploads\/2021\/09\/PATRIKE-03-Sobral-final.jpg",1634,1119,false],"thumbnail":["https:\/\/www.artemrede.pt\/wp-content\/uploads\/2021\/09\/PATRIKE-03-Sobral-final-480x270.jpg",480,270,true],"medium":["https:\/\/www.artemrede.pt\/wp-content\/uploads\/2021\/09\/PATRIKE-03-Sobral-final-744x510.jpg",744,510,true],"medium_large":["https:\/\/www.artemrede.pt\/wp-content\/uploads\/2021\/09\/PATRIKE-03-Sobral-final-1200x822.jpg",1200,822,true],"large":["https:\/\/www.artemrede.pt\/wp-content\/uploads\/2021\/09\/PATRIKE-03-Sobral-final-1200x822.jpg",1200,822,true],"1536x1536":["https:\/\/www.artemrede.pt\/wp-content\/uploads\/2021\/09\/PATRIKE-03-Sobral-final-1536x1052.jpg",1536,1052,true],"2048x2048":["https:\/\/www.artemrede.pt\/wp-content\/uploads\/2021\/09\/PATRIKE-03-Sobral-final.jpg",1634,1119,false],"trp-custom-language-flag":["https:\/\/www.artemrede.pt\/wp-content\/uploads\/2021\/09\/PATRIKE-03-Sobral-final-16x12.jpg",16,12,true],"icelander-thumbnail":["https:\/\/www.artemrede.pt\/wp-content\/uploads\/2021\/09\/PATRIKE-03-Sobral-final-744x372.jpg",744,372,true],"icelander-square":["https:\/\/www.artemrede.pt\/wp-content\/uploads\/2021\/09\/PATRIKE-03-Sobral-final-448x448.jpg",448,448,true],"icelander-intro":["https:\/\/www.artemrede.pt\/wp-content\/uploads\/2021\/09\/PATRIKE-03-Sobral-final-1634x1080.jpg",1634,1080,true]},"uagb_author_info":{"display_name":"In\u00eas Arromba","author_link":"https:\/\/www.artemrede.pt\/pt_pt\/author\/artred_arromba\/"},"uagb_comment_info":0,"uagb_excerpt":"Vista Extraordin\u00e1rias por Guias Extraordin\u00e1rios","_links":{"self":[{"href":"https:\/\/www.artemrede.pt\/pt_pt\/wp-json\/wp\/v2\/wm_projects\/2868","targetHints":{"allow":["GET"]}}],"collection":[{"href":"https:\/\/www.artemrede.pt\/pt_pt\/wp-json\/wp\/v2\/wm_projects"}],"about":[{"href":"https:\/\/www.artemrede.pt\/pt_pt\/wp-json\/wp\/v2\/types\/wm_projects"}],"author":[{"embeddable":true,"href":"https:\/\/www.artemrede.pt\/pt_pt\/wp-json\/wp\/v2\/users\/3"}],"wp:featuredmedia":[{"embeddable":true,"href":"https:\/\/www.artemrede.pt\/pt_pt\/wp-json\/wp\/v2\/media\/2869"}],"wp:attachment":[{"href":"https:\/\/www.artemrede.pt\/pt_pt\/wp-json\/wp\/v2\/media?parent=2868"}],"wp:term":[{"taxonomy":"project_category","embeddable":true,"href":"https:\/\/www.artemrede.pt\/pt_pt\/wp-json\/wp\/v2\/project_category?post=2868"},{"taxonomy":"project_tag","embeddable":true,"href":"https:\/\/www.artemrede.pt\/pt_pt\/wp-json\/wp\/v2\/project_tag?post=2868"}],"curies":[{"name":"wp","href":"https:\/\/api.w.org\/{rel}","templated":true}]}}