{"id":2412,"date":"2021-05-28T14:46:28","date_gmt":"2021-05-28T14:46:28","guid":{"rendered":"https:\/\/www.artemrede.pt\/?post_type=wm_projects&#038;p=2412"},"modified":"2021-06-04T17:11:19","modified_gmt":"2021-06-04T17:11:19","slug":"cultura-documentos-estrategicos","status":"publish","type":"wm_projects","link":"https:\/\/www.artemrede.pt\/pt_pt\/project\/cultura-documentos-estrategicos\/","title":{"rendered":"Onde est\u00e1 a cultura nos documentos estrat\u00e9gicos mundiais?"},"content":{"rendered":"\n\n\t<h2>Desde 2020 que a Artemrede est\u00e1 a desenvolver, com os seus munic\u00edpios associados, um processo de auto-avalia\u00e7\u00e3o e planeamento que pretende consciencializar autarcas e equipas para o importante papel da cultura no desenvolvimento sustent\u00e1vel. Nesta conversa cruza-se este Compromisso Cultura 2030 com outros documentos e iniciativas, \u00e0 escala global, sobre os quais este processo se sustenta: a Agenda 21 da Cultura da Organiza\u00e7\u00e3o das Cidades e Governos Locais Unidos e os Objetivos para o Desenvolvimento Sustent\u00e1vel da Agenda 2030 das Na\u00e7\u00f5es Unidas. Fala-se sobre a invisibilidade da cultura nos documentos estrat\u00e9gicos mundiais e sobre o que tem vindo a ser feito para inverter esta tend\u00eancia; e relaciona-se estes processos com os desafios estrat\u00e9gicos que, \u00e0 escala local, as cidades se ir\u00e3o confrontar na pr\u00f3xima d\u00e9cada.\u00a0<\/h2>\n\t<iframe loading=\"lazy\" title=\"Onde est\u00e1 a cultura nos documentos estrat\u00e9gicos mundiais?\" width=\"1200\" height=\"900\" src=\"https:\/\/www.youtube.com\/embed\/a5HZTnzA04c?feature=oembed\" frameborder=\"0\" allow=\"accelerometer; autoplay; clipboard-write; encrypted-media; gyroscope; picture-in-picture\" allowfullscreen><\/iframe>\n<div class=\"wm-posts wm-posts-wrap clearfix wm-posts-wm_staff wm-posts-layout-default posts\"><div class=\"wm-posts-container wm-items-container with-margin\" data-columns=\"4\" data-time=\"0\" data-layout-mode=\"masonry\"><div class=\"wm-row with-margin\">\r\n<div class=\"wm-posts-item wm-posts-item-2507 wm-column width-1-4 with-margin has-thumbnail\">\r\n\r\n\t\r\n\r\n<article id=\"post-2507\" class=\"post-2507 wm_staff type-wm_staff status-publish has-post-thumbnail hentry staff_department-impulso staff_specialty-video7 entry\">\r\n\r\n\t<div class=\"entry-media\"><figure class=\"post-thumbnail\"><img loading=\"lazy\" decoding=\"async\" width=\"300\" height=\"300\" src=\"https:\/\/www.artemrede.pt\/wp-content\/uploads\/2021\/05\/EDITE-GUIMARA\u0303ES-e1622309060300.jpg\" class=\"attachment-medium size-medium wp-post-image\" alt=\"\" \/><\/figure><\/div><header class=\"entry-header\"><h2 class=\"entry-title\">Edite Guimar\u00e3es<\/h2><\/header><div class=\"wm-posts-element wm-html-element taxonomy taxonomy-staff_department\"><span class=\"taxonomy-label\">\u00c1rea: <\/span><a href=\"https:\/\/www.artemrede.pt\/pt_pt\/staff-department\/impulso\/\" class=\"term term-staff_department term-impulso\">F\u00f3rum Pol\u00edtico<\/a><\/div><div class=\"wm-posts-element wm-html-element taxonomy taxonomy-staff_specialty\"><span class=\"taxonomy-label\">Territ\u00f3rio: <\/span><a href=\"https:\/\/www.artemrede.pt\/pt_pt\/staff-specialty\/video7\/\" class=\"term term-staff_specialty term-video7\">Video7<\/a><\/div>\r\n\t<div class=\"entry-content\"><div class=\"entry-summary\">\n<div class=\"entry-summary\">\nEdite Guimar\u00e3es, coordenadora do Gabinete do Diretor Municipal de Cultura, Munic\u00edpio de Lisboa<br \/>\nNasceu em Lisboa em 1977. Licenciada em Geografia e Planeamento Regional, p\u00f3s-graduada em Biblioteca e Documenta\u00e7\u00e3o, teve o seu percurso profissional sempre ligado \u00e0 Cultura. Em 2004 integrou a equipa da Cultura da C\u00e2mara Municipal de Lisboa, primeiro na Rede de Bibliotecas e desde 2015 na Dire\u00e7\u00e3o da Cultura, onde se tem dedicado a projetos transversais e multidisciplinares, nomeadamente \u00e0 Agenda 21 da Cultura. Integra, desde 2019, a equipa de coordena\u00e7\u00e3o e acompanhamento do Compromisso Cultura 2030.\n<\/div>\n<\/div>\n<\/div>\r\n\r\n\t\r\n<\/article>\r\n\r\n\r\n<\/div>\r\n\r\n<div class=\"wm-posts-item wm-posts-item-2516 wm-column width-1-4 with-margin alt has-thumbnail\">\r\n\r\n\t\r\n\r\n<article id=\"post-2516\" class=\"post-2516 wm_staff type-wm_staff status-publish has-post-thumbnail hentry staff_department-impulso staff_specialty-video7 entry\">\r\n\r\n\t<div class=\"entry-media\"><figure class=\"post-thumbnail\"><img loading=\"lazy\" decoding=\"async\" width=\"300\" height=\"300\" src=\"https:\/\/www.artemrede.pt\/wp-content\/uploads\/2021\/05\/INES-SILVA-1.jpg\" class=\"attachment-medium size-medium wp-post-image\" alt=\"\" srcset=\"https:\/\/www.artemrede.pt\/wp-content\/uploads\/2021\/05\/INES-SILVA-1.jpg 300w, https:\/\/www.artemrede.pt\/wp-content\/uploads\/2021\/05\/INES-SILVA-1-12x12.jpg 12w\" sizes=\"auto, (max-width: 300px) 100vw, 300px\" \/><\/figure><\/div><header class=\"entry-header\"><h2 class=\"entry-title\">In\u00eas Silva<\/h2><\/header><div class=\"wm-posts-element wm-html-element taxonomy taxonomy-staff_department\"><span class=\"taxonomy-label\">\u00c1rea: <\/span><a href=\"https:\/\/www.artemrede.pt\/pt_pt\/staff-department\/impulso\/\" class=\"term term-staff_department term-impulso\">F\u00f3rum Pol\u00edtico<\/a><\/div><div class=\"wm-posts-element wm-html-element taxonomy taxonomy-staff_specialty\"><span class=\"taxonomy-label\">Territ\u00f3rio: <\/span><a href=\"https:\/\/www.artemrede.pt\/pt_pt\/staff-specialty\/video7\/\" class=\"term term-staff_specialty term-video7\">Video7<\/a><\/div>\r\n\t<div class=\"entry-content\"><div class=\"entry-summary\">\nDoutorada em Lingu\u00edstica; mestre em Lingu\u00edstica; licenciada em L\u00ednguas e Literaturas Modernas (variante de Estudos Portugueses), com Est\u00e1gio Pedag\u00f3gico integrado. Professora do ensino secund\u00e1rio (1992-2010) e do ensino superior (2010-2013), foi investigadora do Centro de Lingu\u00edstica da Universidade Nova de Lisboa (2004-2013). O seu curr\u00edculo inclui a produ\u00e7\u00e3o de trabalhos cient\u00edficos (disserta\u00e7\u00f5es, artigos em revistas e livros de atas); a participa\u00e7\u00e3o em j\u00faris de provas de mestrado (2004-2016); a organiza\u00e7\u00e3o de encontros cient\u00edfico-pedag\u00f3gicos nacionais e internacionais; comunica\u00e7\u00f5es em encontros e confer\u00eancias.<br \/>\nAutora de manuais escolares, de livros pedag\u00f3gico-did\u00e1ticos e de obras de car\u00e1ter liter\u00e1rio; formadora especialista; coordenadora do projeto pedag\u00f3gico-cultural Cadernos do ECB.<br \/>\nDesde 2013 desempenha fun\u00e7\u00f5es como Vereadora respons\u00e1vel pelos pelouros da Cultura, Educa\u00e7\u00e3o, A\u00e7\u00e3o Social, Associativismo, Desporto, Juventude e Turismo da C\u00e2mara Municipal de Alcoba\u00e7a.\n<\/div>\n<\/div>\r\n\r\n\t\r\n<\/article>\r\n\r\n\r\n<\/div>\r\n\r\n<div class=\"wm-posts-item wm-posts-item-2523 wm-column width-1-4 with-margin has-thumbnail\">\r\n\r\n\t\r\n\r\n<article id=\"post-2523\" class=\"post-2523 wm_staff type-wm_staff status-publish has-post-thumbnail hentry staff_department-impulso staff_specialty-video7 entry\">\r\n\r\n\t<div class=\"entry-media\"><figure class=\"post-thumbnail\"><img loading=\"lazy\" decoding=\"async\" width=\"744\" height=\"744\" src=\"https:\/\/www.artemrede.pt\/wp-content\/uploads\/2021\/05\/JORDI-PASCUAL-scaled-e1622308668567-744x744.jpg\" class=\"attachment-medium size-medium wp-post-image\" alt=\"\" srcset=\"https:\/\/www.artemrede.pt\/wp-content\/uploads\/2021\/05\/JORDI-PASCUAL-scaled-e1622308668567-744x744.jpg 744w, https:\/\/www.artemrede.pt\/wp-content\/uploads\/2021\/05\/JORDI-PASCUAL-scaled-e1622308668567-1200x1200.jpg 1200w, https:\/\/www.artemrede.pt\/wp-content\/uploads\/2021\/05\/JORDI-PASCUAL-scaled-e1622308668567-1536x1536.jpg 1536w, https:\/\/www.artemrede.pt\/wp-content\/uploads\/2021\/05\/JORDI-PASCUAL-scaled-e1622308668567-12x12.jpg 12w, https:\/\/www.artemrede.pt\/wp-content\/uploads\/2021\/05\/JORDI-PASCUAL-scaled-e1622308668567-448x448.jpg 448w\" sizes=\"auto, (max-width: 744px) 100vw, 744px\" \/><\/figure><\/div><header class=\"entry-header\"><h2 class=\"entry-title\">Jordi Pascual<\/h2><\/header><div class=\"wm-posts-element wm-html-element taxonomy taxonomy-staff_department\"><span class=\"taxonomy-label\">\u00c1rea: <\/span><a href=\"https:\/\/www.artemrede.pt\/pt_pt\/staff-department\/impulso\/\" class=\"term term-staff_department term-impulso\">F\u00f3rum Pol\u00edtico<\/a><\/div><div class=\"wm-posts-element wm-html-element taxonomy taxonomy-staff_specialty\"><span class=\"taxonomy-label\">Territ\u00f3rio: <\/span><a href=\"https:\/\/www.artemrede.pt\/pt_pt\/staff-specialty\/video7\/\" class=\"term term-staff_specialty term-video7\">Video7<\/a><\/div>\r\n\t<div class=\"entry-content\"><div class=\"entry-summary\">\nJordi Pascual \u00e9 o coordenador da Comiss\u00e3o de Cultura da Organiza\u00e7\u00e3o Mundial das Cidades Governos Locais Unidos (CGLU). A atua\u00e7\u00e3o da Comiss\u00e3o \u00e9 baseada em Cultura 21: A\u00e7\u00f5es. A Comiss\u00e3o organiza um pr\u00e9mio global, bem como uma Cimeira bienal, gere um banco de dados \u00fanico de boas pr\u00e1ticas e promove uma s\u00e9rie de programas de aprendizagem em capacita\u00e7\u00e3o e conectividade de cidades. Est\u00e1 envolvido na campanha global #culture2030goal, que defende o papel dos fatores e atores culturais na Agenda 2030 da ONU e nos Objetivos para o Desenvolvimento Sustent\u00e1vel. Jordi ensina pol\u00edticas culturais e gest\u00e3o cultural na Universidade Aberta da Catalunha.\n<\/div>\n<\/div>\r\n\r\n\t\r\n<\/article>\r\n\r\n\r\n<\/div>\r\n\r\n<div class=\"wm-posts-item wm-posts-item-2526 wm-column width-1-4 with-margin alt last has-thumbnail\">\r\n\r\n\t\r\n\r\n<article id=\"post-2526\" class=\"post-2526 wm_staff type-wm_staff status-publish has-post-thumbnail hentry staff_department-impulso staff_specialty-video7 entry\">\r\n\r\n\t<div class=\"entry-media\"><figure class=\"post-thumbnail\"><img loading=\"lazy\" decoding=\"async\" width=\"744\" height=\"744\" src=\"https:\/\/www.artemrede.pt\/wp-content\/uploads\/2021\/05\/MANUEL-GAMA-e1622308629663-744x744.jpg\" class=\"attachment-medium size-medium wp-post-image\" alt=\"\" srcset=\"https:\/\/www.artemrede.pt\/wp-content\/uploads\/2021\/05\/MANUEL-GAMA-e1622308629663-744x744.jpg 744w, https:\/\/www.artemrede.pt\/wp-content\/uploads\/2021\/05\/MANUEL-GAMA-e1622308629663-1200x1200.jpg 1200w, https:\/\/www.artemrede.pt\/wp-content\/uploads\/2021\/05\/MANUEL-GAMA-e1622308629663-1536x1536.jpg 1536w, https:\/\/www.artemrede.pt\/wp-content\/uploads\/2021\/05\/MANUEL-GAMA-e1622308629663-2048x2048.jpg 2048w, https:\/\/www.artemrede.pt\/wp-content\/uploads\/2021\/05\/MANUEL-GAMA-e1622308629663-12x12.jpg 12w, https:\/\/www.artemrede.pt\/wp-content\/uploads\/2021\/05\/MANUEL-GAMA-e1622308629663-448x448.jpg 448w\" sizes=\"auto, (max-width: 744px) 100vw, 744px\" \/><\/figure><\/div><header class=\"entry-header\"><h2 class=\"entry-title\">Manuel Gama<\/h2><\/header><div class=\"wm-posts-element wm-html-element taxonomy taxonomy-staff_department\"><span class=\"taxonomy-label\">\u00c1rea: <\/span><a href=\"https:\/\/www.artemrede.pt\/pt_pt\/staff-department\/impulso\/\" class=\"term term-staff_department term-impulso\">F\u00f3rum Pol\u00edtico<\/a><\/div><div class=\"wm-posts-element wm-html-element taxonomy taxonomy-staff_specialty\"><span class=\"taxonomy-label\">Territ\u00f3rio: <\/span><a href=\"https:\/\/www.artemrede.pt\/pt_pt\/staff-specialty\/video7\/\" class=\"term term-staff_specialty term-video7\">Video7<\/a><\/div>\r\n\t<div class=\"entry-content\"><div class=\"entry-summary\">\nNasceu no Porto (Portugal) em 1972.<br \/>\n\u00c1reas de interesse: Pol\u00edticas Culturais, Gest\u00e3o Cultural, Redes Culturais, Media\u00e7\u00e3o Cultural, P\u00fablicos da Cultura, Educa\u00e7\u00e3o Art\u00edstica, Cria\u00e7\u00e3o Art\u00edstica e Ind\u00fastrias Culturais.<br \/>\nDoutor em Estudos Culturais\/Sociologia da Cultura pela Universidade do Minho, mestre em Educa\u00e7\u00e3o Art\u00edstica e licenciado em Gest\u00e3o Art\u00edstica e Cultural pelo Instituto Polit\u00e9cnico de Viana do Castelo. Entre 2015 e 2019 realizou um est\u00e1gio de p\u00f3s-doutoramento em Ci\u00eancias da Comunica\u00e7\u00e3o na Universidade do Minho, Universidade de Santiago de Compostela e Universidade de S\u00e3o Paulo.<br \/>\nO seu percurso profissional iniciou-se em 1994, primeiro como ator e depois como encenador e gestor cultural. Foi docente do ensino secund\u00e1rio e superior entre 1998 e 2018. Em 2011 come\u00e7a a colaborar com investigador no Centro de Estudos de Comunica\u00e7\u00e3o e Sociedade da Universidade do Minho (CECS). Desde 2016 que coordenada o 2CN-CLab e que \u00e9 um dos coordenadores do Observat\u00f3rio de Pol\u00edticas de Comunica\u00e7\u00e3o e Cultura.\n<\/div>\n<\/div>\r\n\r\n\t\r\n<\/article>\r\n\r\n\r\n<\/div>\r\n<\/div><\/div><\/div>\n\t\t\t<a href=\"https:\/\/www.artemrede.pt\/pt_pt\/impulso\/\" target=\"_self\" role=\"button\" rel=\"noopener\">\n\t\t\t\t\t\tVOLTAR a IMPULSO &#8211; F\u00f3rum Pol\u00edtico da Artemrede\n\t\t\t\t\t<\/a>\n\n","protected":false},"excerpt":{"rendered":"<div class=\"entry-summary\">\nIMPULSO | Desafio #3: Cultura e Sustentabilidade<br \/>\n9 JUN | 17H00 | CONVERSA<br \/>\nFacebook &#038; Youtube\n<\/div>\n","protected":false},"author":2,"featured_media":2584,"template":"","meta":{"om_disable_all_campaigns":false,"_monsterinsights_skip_tracking":false,"_monsterinsights_sitenote_active":false,"_monsterinsights_sitenote_note":"","_monsterinsights_sitenote_category":0},"project_category":[221,218,109],"project_tag":[227],"class_list":["post-2412","wm_projects","type-wm_projects","status-publish","has-post-thumbnail","hentry","project_category-desafio-3","project_category-impulso","project_category-multidisciplinar","project_tag-9jun","entry"],"aioseo_notices":[],"uagb_featured_image_src":{"full":["https:\/\/www.artemrede.pt\/wp-content\/uploads\/2021\/05\/impulso21_9jun_17h00.jpg",1920,1080,false],"thumbnail":["https:\/\/www.artemrede.pt\/wp-content\/uploads\/2021\/05\/impulso21_9jun_17h00-480x270.jpg",480,270,true],"medium":["https:\/\/www.artemrede.pt\/wp-content\/uploads\/2021\/05\/impulso21_9jun_17h00-744x419.jpg",744,419,true],"medium_large":["https:\/\/www.artemrede.pt\/wp-content\/uploads\/2021\/05\/impulso21_9jun_17h00-1200x675.jpg",1200,675,true],"large":["https:\/\/www.artemrede.pt\/wp-content\/uploads\/2021\/05\/impulso21_9jun_17h00-1200x675.jpg",1200,675,true],"1536x1536":["https:\/\/www.artemrede.pt\/wp-content\/uploads\/2021\/05\/impulso21_9jun_17h00-1536x864.jpg",1536,864,true],"2048x2048":["https:\/\/www.artemrede.pt\/wp-content\/uploads\/2021\/05\/impulso21_9jun_17h00.jpg",1920,1080,false],"trp-custom-language-flag":["https:\/\/www.artemrede.pt\/wp-content\/uploads\/2021\/05\/impulso21_9jun_17h00-16x9.jpg",16,9,true],"icelander-thumbnail":["https:\/\/www.artemrede.pt\/wp-content\/uploads\/2021\/05\/impulso21_9jun_17h00-744x372.jpg",744,372,true],"icelander-square":["https:\/\/www.artemrede.pt\/wp-content\/uploads\/2021\/05\/impulso21_9jun_17h00-448x448.jpg",448,448,true],"icelander-intro":["https:\/\/www.artemrede.pt\/wp-content\/uploads\/2021\/05\/impulso21_9jun_17h00-1920x1080.jpg",1920,1080,true]},"uagb_author_info":{"display_name":"Bruno Castro","author_link":"https:\/\/www.artemrede.pt\/pt_pt\/author\/artred_bruno\/"},"uagb_comment_info":0,"uagb_excerpt":"IMPULSO | Desafio #3: Cultura e Sustentabilidade 9 JUN | 17H00 | CONVERSA Facebook & Youtube","_links":{"self":[{"href":"https:\/\/www.artemrede.pt\/pt_pt\/wp-json\/wp\/v2\/wm_projects\/2412","targetHints":{"allow":["GET"]}}],"collection":[{"href":"https:\/\/www.artemrede.pt\/pt_pt\/wp-json\/wp\/v2\/wm_projects"}],"about":[{"href":"https:\/\/www.artemrede.pt\/pt_pt\/wp-json\/wp\/v2\/types\/wm_projects"}],"author":[{"embeddable":true,"href":"https:\/\/www.artemrede.pt\/pt_pt\/wp-json\/wp\/v2\/users\/2"}],"wp:featuredmedia":[{"embeddable":true,"href":"https:\/\/www.artemrede.pt\/pt_pt\/wp-json\/wp\/v2\/media\/2584"}],"wp:attachment":[{"href":"https:\/\/www.artemrede.pt\/pt_pt\/wp-json\/wp\/v2\/media?parent=2412"}],"wp:term":[{"taxonomy":"project_category","embeddable":true,"href":"https:\/\/www.artemrede.pt\/pt_pt\/wp-json\/wp\/v2\/project_category?post=2412"},{"taxonomy":"project_tag","embeddable":true,"href":"https:\/\/www.artemrede.pt\/pt_pt\/wp-json\/wp\/v2\/project_tag?post=2412"}],"curies":[{"name":"wp","href":"https:\/\/api.w.org\/{rel}","templated":true}]}}