{"id":1325,"date":"2020-03-15T12:50:15","date_gmt":"2020-03-15T12:50:15","guid":{"rendered":"https:\/\/www.artemrede.pt\/?post_type=wm_projects&#038;p=1325"},"modified":"2020-03-15T12:54:31","modified_gmt":"2020-03-15T12:54:31","slug":"aderir-a-artemrede","status":"publish","type":"wm_projects","link":"https:\/\/www.artemrede.pt\/pt_pt\/project\/aderir-a-artemrede\/","title":{"rendered":"Aderir \u00e0 ARTEMREDE"},"content":{"rendered":"\n<p>&nbsp;<\/p>\n<p>Temos atualmente duas categorias de s\u00f3cios:<\/p>\n<p><strong>ASSOCIADOS EFETIVOS&nbsp;<\/strong><\/p>\n<p>s\u00e3o munic\u00edpios cuja participa\u00e7\u00e3o no projeto implica o pagamento de quotas anuais, \u00e0s quais corresponde um retorno proporcional e adequado em servi\u00e7os da Artemrede;<\/p>\n<strong>ASSOCIADOS&nbsp;ADERENTES&nbsp;<\/strong><br>\ns\u00e3o entidades nacionais ou internacionais de diversas \u00e1reas e perfis, que n\u00e3o munic\u00edpios, que se envolvem em projetos ou programas de longo prazo (m\u00ednimo dois anos) com a Artemrede, com incid\u00eancia nas \u00e1reas de comunica\u00e7\u00e3o, ensino, interven\u00e7\u00e3o social, programa\u00e7\u00e3o, capta\u00e7\u00e3o de financiamentos, cidadania, que impliquem investimento e retorno em esp\u00e9cie ou financeiro de ambas as partes.\n<p><strong>Se quiser obter mais informa\u00e7\u00f5es sobre como aderir \u00e0 Artemrede, escreva-nos: artemrede [at] artemrede.pt<\/strong><\/p>\n<p>&nbsp;<\/p>\n<p>&nbsp;<\/p>\n<div class=\"wm-tabs clearfix layout-top\" data-active=\"1\"><ul class=\"wm-tab-links wm-tab-count-2\"><li class=\"wm-tab-items-QuempodeserassociadodaARTEMREDE_357\"><a href=\"#QuempodeserassociadodaARTEMREDE_357\" data-tab=\"#QuempodeserassociadodaARTEMREDE_357\">Quem pode ser associado da ARTEMREDE?<\/a><\/li><li class=\"wm-tab-items-VANTAGENSEMSERASSOCIADOARTEMREDE_666\"><a href=\"#VANTAGENSEMSERASSOCIADOARTEMREDE_666\" data-tab=\"#VANTAGENSEMSERASSOCIADOARTEMREDE_666\">VANTAGENS EM SER ASSOCIADO ARTEMREDE?<\/a><\/li><\/ul><div class=\"wm-tabs-items\">\r\n<div class=\"wm-item wm-item-wrap QuempodeserassociadodaARTEMREDE_357\" id=\"QuempodeserassociadodaARTEMREDE_357\" data-title=\"QuempodeserassociadodaARTEMREDE_357&&Quem pode ser associado da ARTEMREDE?\"><h3 class=\"screen-reader-text wm-item-title\">Quem pode ser associado da ARTEMREDE?<\/h3><\/div>\r\n\r\n<div class=\"wm-item wm-item-wrap VANTAGENSEMSERASSOCIADOARTEMREDE_666\" id=\"VANTAGENSEMSERASSOCIADOARTEMREDE_666\" data-title=\"VANTAGENSEMSERASSOCIADOARTEMREDE_666&&VANTAGENS EM SER ASSOCIADO ARTEMREDE?\"><h3 class=\"screen-reader-text wm-item-title\">VANTAGENS EM SER ASSOCIADO ARTEMREDE?<\/h3><\/div>\r\n<\/div><\/div>\n<p>&nbsp;<\/p>\n<ul>\n<li>Integrar um projeto de desenvolvimento cultural dos territ\u00f3rios e das popula\u00e7\u00f5es e que \u00e9 um instrumento de corre\u00e7\u00e3o das assimetrias culturais e sociais<\/li>\n<li>Aceder a programa\u00e7\u00e3o cultural de qualidade, diversificada e contempor\u00e2nea<\/li>\n<li>Beneficiar da comunica\u00e7\u00e3o em rede e da capacidade de proje\u00e7\u00e3o medi\u00e1tica dos projetos desenvolvidos no \u00e2mbito da rede<\/li>\n<li>Fazer parte de uma rede de partilha de conhecimento e de experi\u00eancias<\/li>\n<li>Participar em a\u00e7\u00f5es de forma\u00e7\u00e3o especializada nas \u00e1reas culturais, promovida pela Artemrede para os seus Associados<\/li>\n<\/ul>\n","protected":false},"excerpt":{"rendered":"<div class=\"entry-summary\">\n<div class=\"entry-summary\">\n&nbsp; Temos atualmente duas categorias de s\u00f3cios: ASSOCIADOS EFETIVOS&nbsp; s\u00e3o munic\u00edpios cuja participa\u00e7\u00e3o no projeto implica o pagamento de quotas anuais, \u00e0s quais corresponde um retorno proporcional e adequado em servi\u00e7os da Artemrede; ASSOCIADOS&nbsp;ADERENTES&nbsp; s\u00e3o entidades nacionais ou internacionais de&hellip;\n<\/div>\n<\/div>\n","protected":false},"author":2,"featured_media":0,"template":"","meta":{"om_disable_all_campaigns":false,"_monsterinsights_skip_tracking":false,"_monsterinsights_sitenote_active":false,"_monsterinsights_sitenote_note":"","_monsterinsights_sitenote_category":0},"project_category":[49],"project_tag":[],"class_list":["post-1325","wm_projects","type-wm_projects","status-publish","hentry","project_category-artemrede","entry"],"aioseo_notices":[],"uagb_featured_image_src":{"full":false,"thumbnail":false,"medium":false,"medium_large":false,"large":false,"1536x1536":false,"2048x2048":false,"trp-custom-language-flag":false,"icelander-thumbnail":false,"icelander-square":false,"icelander-intro":false},"uagb_author_info":{"display_name":"Bruno Castro","author_link":"https:\/\/www.artemrede.pt\/pt_pt\/author\/artred_bruno\/"},"uagb_comment_info":0,"uagb_excerpt":"&nbsp; Temos atualmente duas categorias de s\u00f3cios: ASSOCIADOS EFETIVOS&nbsp; s\u00e3o munic\u00edpios cuja participa\u00e7\u00e3o no projeto implica o pagamento de quotas anuais, \u00e0s quais corresponde um retorno proporcional e adequado em servi\u00e7os da Artemrede; ASSOCIADOS&nbsp;ADERENTES&nbsp; s\u00e3o entidades nacionais ou internacionais de&hellip;","_links":{"self":[{"href":"https:\/\/www.artemrede.pt\/pt_pt\/wp-json\/wp\/v2\/wm_projects\/1325","targetHints":{"allow":["GET"]}}],"collection":[{"href":"https:\/\/www.artemrede.pt\/pt_pt\/wp-json\/wp\/v2\/wm_projects"}],"about":[{"href":"https:\/\/www.artemrede.pt\/pt_pt\/wp-json\/wp\/v2\/types\/wm_projects"}],"author":[{"embeddable":true,"href":"https:\/\/www.artemrede.pt\/pt_pt\/wp-json\/wp\/v2\/users\/2"}],"wp:attachment":[{"href":"https:\/\/www.artemrede.pt\/pt_pt\/wp-json\/wp\/v2\/media?parent=1325"}],"wp:term":[{"taxonomy":"project_category","embeddable":true,"href":"https:\/\/www.artemrede.pt\/pt_pt\/wp-json\/wp\/v2\/project_category?post=1325"},{"taxonomy":"project_tag","embeddable":true,"href":"https:\/\/www.artemrede.pt\/pt_pt\/wp-json\/wp\/v2\/project_tag?post=1325"}],"curies":[{"name":"wp","href":"https:\/\/api.w.org\/{rel}","templated":true}]}}