{"id":2463,"date":"2021-05-28T16:40:07","date_gmt":"2021-05-28T16:40:07","guid":{"rendered":"https:\/\/www.artemrede.pt\/?post_type=wm_staff&#038;p=2463"},"modified":"2021-05-29T18:35:37","modified_gmt":"2021-05-29T18:35:37","slug":"ana-pais","status":"publish","type":"wm_staff","link":"https:\/\/www.artemrede.pt\/en\/person\/ana-pais\/","title":{"rendered":"Ana Cristina Pais"},"content":{"rendered":"","protected":false},"excerpt":{"rendered":"<div class=\"entry-summary\">\n<div class=\"entry-summary\">\nLicenciada em Hist\u00f3ria na variante de Hist\u00f3ria da Arte da Faculdade de Letras da Universidade de Lisboa (1987). Ramo de Forma\u00e7\u00e3o Educacional da Licenciatura em Hist\u00f3ria da Faculdade de Letras da Universidade de Lisboa (1989).<br \/>\nMestranda em Museologia na Universidade de \u00c9vora (2001-2002).<br \/>\nPertence aos quadros do Minist\u00e9rio da Cultura, mais concretamente aos servi\u00e7os da Direc\u00e7\u00e3o Regional de Cultura do Alentejo, exercendo ao presente fun\u00e7\u00f5es de dire\u00e7\u00e3o do Departamento de Cultura da C\u00e2mara Municipal de Almada;. Respons\u00e1vel pela coordena\u00e7\u00e3o\/gest\u00e3o de monumentos com implementa\u00e7\u00e3o de programas de interpreta\u00e7\u00e3o, exposi\u00e7\u00f5es permanentes e tempor\u00e1rias, programa\u00e7\u00e3o cultural, processos de salvaguarda e conserva\u00e7\u00e3o, entre outros. Acompanhou e promoveu, desde 1999 projectos e interven\u00e7\u00f5es de conserva\u00e7\u00e3o e restauro de patrim\u00f3nio arquitect\u00f3nico, de patrim\u00f3nio m\u00f3vel e de patrim\u00f3nio integrado, quer como historiadora de arte, quer enquanto coordenadora de s\u00edtio em diversos monumentos sob sua coordena\u00e7\u00e3o t\u00e9cnica. Na Direc\u00e7\u00e3o Regional de Cultura do Alentejo foi respons\u00e1vel pela organiza\u00e7\u00e3o e apresenta\u00e7\u00e3o de candidaturas a fundos comunit\u00e1rios para conserva\u00e7\u00e3o\/recupera\u00e7\u00e3o de monumentos e s\u00edtios sob tutela da DRCALEN, bem como para produ\u00e7\u00e3o de exposi\u00e7\u00f5es e interven\u00e7\u00f5es no \u00e2mbito da Acessibilidade e do Turismo Cultural e Criativo. Foi respons\u00e1vel, desde 2008, pela coordena\u00e7\u00e3o da \u00e1rea de liga\u00e7\u00e3o aos Museus do Alentejo na Direc\u00e7\u00e3o Regional de Cultura do Alentejo. Participou, entre 2017 e 2019, na Comiss\u00e3o Executiva do projecto \u00c9vora Capital Europeia da Cultura 2027.<\/p>\n<\/div>\n<\/div>","protected":false},"author":2,"featured_media":2427,"template":"templates\/intro-widgets.php","meta":{"om_disable_all_campaigns":false,"_monsterinsights_skip_tracking":false,"_monsterinsights_sitenote_active":false,"_monsterinsights_sitenote_note":"","_monsterinsights_sitenote_category":0},"tags":[],"staff_department":[224],"staff_position":[],"staff_specialty":[239],"class_list":["post-2463","wm_staff","type-wm_staff","status-publish","has-post-thumbnail","hentry","staff_department-impulso","staff_specialty-video1","entry"],"aioseo_notices":[],"uagb_featured_image_src":{"full":["https:\/\/www.artemrede.pt\/wp-content\/uploads\/2021\/05\/ANA-CRISTINA-PAIS-e1622309430890.jpg",300,300,false],"thumbnail":["https:\/\/www.artemrede.pt\/wp-content\/uploads\/2021\/05\/ANA-CRISTINA-PAIS-e1622309418202-412x270.jpg",412,270,true],"medium":["https:\/\/www.artemrede.pt\/wp-content\/uploads\/2021\/05\/ANA-CRISTINA-PAIS-e1622309430890.jpg",300,300,false],"medium_large":["https:\/\/www.artemrede.pt\/wp-content\/uploads\/2021\/05\/ANA-CRISTINA-PAIS-e1622309430890.jpg",300,300,false],"large":["https:\/\/www.artemrede.pt\/wp-content\/uploads\/2021\/05\/ANA-CRISTINA-PAIS-e1622309430890.jpg",300,300,false],"1536x1536":["https:\/\/www.artemrede.pt\/wp-content\/uploads\/2021\/05\/ANA-CRISTINA-PAIS-e1622309430890.jpg",300,300,false],"2048x2048":["https:\/\/www.artemrede.pt\/wp-content\/uploads\/2021\/05\/ANA-CRISTINA-PAIS-e1622309430890.jpg",300,300,false],"trp-custom-language-flag":["https:\/\/www.artemrede.pt\/wp-content\/uploads\/2021\/05\/ANA-CRISTINA-PAIS-e1622309418202-12x12.jpg",12,12,true],"icelander-thumbnail":["https:\/\/www.artemrede.pt\/wp-content\/uploads\/2021\/05\/ANA-CRISTINA-PAIS-e1622309418202-412x372.jpg",412,372,true],"icelander-square":["https:\/\/www.artemrede.pt\/wp-content\/uploads\/2021\/05\/ANA-CRISTINA-PAIS-412x448.jpg",412,448,true],"icelander-intro":["https:\/\/www.artemrede.pt\/wp-content\/uploads\/2021\/05\/ANA-CRISTINA-PAIS-e1622309430890.jpg",300,300,false]},"uagb_author_info":{"display_name":"Bruno Castro","author_link":"https:\/\/www.artemrede.pt\/en\/author\/artred_bruno\/"},"uagb_comment_info":0,"uagb_excerpt":"Licenciada em Hist\u00f3ria na variante de Hist\u00f3ria da Arte da Faculdade de Letras da Universidade de Lisboa (1987). Ramo de Forma\u00e7\u00e3o Educacional da Licenciatura em Hist\u00f3ria da Faculdade de Letras da Universidade de Lisboa (1989). Mestranda em Museologia na Universidade de \u00c9vora (2001-2002). Pertence aos quadros do Minist\u00e9rio da Cultura, mais concretamente aos servi\u00e7os da&hellip;","_links":{"self":[{"href":"https:\/\/www.artemrede.pt\/en\/wp-json\/wp\/v2\/wm_staff\/2463","targetHints":{"allow":["GET"]}}],"collection":[{"href":"https:\/\/www.artemrede.pt\/en\/wp-json\/wp\/v2\/wm_staff"}],"about":[{"href":"https:\/\/www.artemrede.pt\/en\/wp-json\/wp\/v2\/types\/wm_staff"}],"author":[{"embeddable":true,"href":"https:\/\/www.artemrede.pt\/en\/wp-json\/wp\/v2\/users\/2"}],"wp:featuredmedia":[{"embeddable":true,"href":"https:\/\/www.artemrede.pt\/en\/wp-json\/wp\/v2\/media\/2427"}],"wp:attachment":[{"href":"https:\/\/www.artemrede.pt\/en\/wp-json\/wp\/v2\/media?parent=2463"}],"wp:term":[{"taxonomy":"post_tag","embeddable":true,"href":"https:\/\/www.artemrede.pt\/en\/wp-json\/wp\/v2\/tags?post=2463"},{"taxonomy":"staff_department","embeddable":true,"href":"https:\/\/www.artemrede.pt\/en\/wp-json\/wp\/v2\/staff_department?post=2463"},{"taxonomy":"staff_position","embeddable":true,"href":"https:\/\/www.artemrede.pt\/en\/wp-json\/wp\/v2\/staff_position?post=2463"},{"taxonomy":"staff_specialty","embeddable":true,"href":"https:\/\/www.artemrede.pt\/en\/wp-json\/wp\/v2\/staff_specialty?post=2463"}],"curies":[{"name":"wp","href":"https:\/\/api.w.org\/{rel}","templated":true}]}}