{"id":2855,"date":"2021-09-27T17:05:53","date_gmt":"2021-09-27T17:05:53","guid":{"rendered":"https:\/\/www.artemrede.pt\/?post_type=wm_projects&#038;p=2855"},"modified":"2021-12-15T11:47:50","modified_gmt":"2021-12-15T11:47:50","slug":"banda-as-riscas","status":"publish","type":"wm_projects","link":"https:\/\/www.artemrede.pt\/en\/project\/banda-as-riscas\/","title":{"rendered":"BANDA \u00c0S RISCAS"},"content":{"rendered":"<h3>A Banda \u00e0s Riscas \u00e9 um grupo Musical de Anima\u00e7\u00e3o de eventos, que nasceu na cidade do Porto.<br \/>\nDesde ent\u00e3o, a Banda \u00e0s Riscas tem vindo a Animar as Ruas, Festas, todo o tipo de eventos em Portugal Continental e suas ilhas e tamb\u00e9m por Espanha, Su\u00ed\u00e7a, Su\u00e9cia, Bharain, Fran\u00e7a, espalhando risos e boa disposi\u00e7\u00e3o por onde quer que passa. Contam-se cerca de um milhar as anima\u00e7\u00f5es j\u00e1 realizadas ao longo da carreira da Banda.<\/h3>\n<p>O repert\u00f3rio do grupo \u00e9 de cariz tradicional, temas do imagin\u00e1rio coletivo e circense.<\/p>\n<hr \/>\n<p><iframe loading=\"lazy\" title=\"Banda as Riscas\" width=\"1200\" height=\"675\" src=\"https:\/\/www.youtube.com\/embed\/EeJZCL93U9Y?feature=oembed\" frameborder=\"0\" allow=\"accelerometer; autoplay; clipboard-write; encrypted-media; gyroscope; picture-in-picture\" allowfullscreen><\/iframe><\/p>\n<p>&#8211;<\/p>\n<p>Artista: Banda \u00e0s Riscas<\/p>\n<p>G\u00e9nero Art\u00edstico: Artes circenses | Malabarismo, Com\u00e9dia, M\u00fasica<\/p>\n<p>Classifica\u00e7\u00e3o et\u00e1ria: M\/3<\/p>\n<p>Touring in Artemrede's Territories:<\/p>\n<strong>ABRANTES<\/strong>\u00a0\u00a0\u00a0Esplanada 1\u00ba de maio | 22 de outubro de 2021, sexta-feira, \u00e0s 18:00<br \/>\n<strong>LISBOA<\/strong>\u00a0\u00a0 Biblioteca de Marvila | 21 de novembro de 2021, domingo, \u00e0s 15:00<br \/>\n<strong>POMBAL<\/strong> \u00a0\u00a0 Jardim do Cardal | 19 de dezembro de 2021, domingo, \u00e0s 15:00<br \/>\n<strong>TOMAR<\/strong>\u00a0\u00a0 Centro Hist\u00f3rico | 18 de dezembro de 2021, s\u00e1bado, \u00e0s 15:00\n<p>Uma escolha de programa\u00e7\u00e3o dos grupos de <strong>Vision\u00e1rios de Abrantes, Lisboa, Pombal e Tomar<\/strong>.<\/p>\n\nFICHA ART\u00cdSTICA E T\u00c9CNICA<strong><br \/>\n<\/strong>Gaita de Foles <strong>Hugo Osga <\/strong>Acorde\u00e3o<strong> Andreia Bar\u00e3o <\/strong>Saxofone<strong> Carlos Luz <\/strong>Percuss\u00f5es<strong> Nuno Encarna\u00e7\u00e3o <\/strong>Clown, Malabarista<strong> Rui Ferreira<\/strong>\n\t<h3>Informa\u00e7\u00f5es e bilheteira<\/h3>\n\t\n<strong>Esplanada 1\u00ba de maio<\/strong><br \/>\nEntrada livre.\n<p>&nbsp;<\/p>\n\t\n<strong>Biblioteca de Marvila<\/strong><br \/>\nEntrada livre.\n<p>&nbsp;<\/p>\n\t\n<strong>Jardim do Cardal<\/strong><br \/>\nEntrada livre.\n\t\n<strong>Centro Hist\u00f3rico<\/strong><br \/>\nEntrada livre.\n\t<p>&nbsp;<\/p>\n<p>\u00a9 Direitos Reservados<\/p>","protected":false},"excerpt":{"rendered":"<div class=\"entry-summary\">\n<div class=\"entry-summary\">\nA anima\u00e7\u00e3o da Banda \u00e0s Riscas assenta na import\u00e2ncia de despertar o lado mais simples da vida: o sorriso!\n<\/div>\n<\/div>","protected":false},"author":3,"featured_media":2856,"template":"","meta":{"om_disable_all_campaigns":false,"_monsterinsights_skip_tracking":false,"_monsterinsights_sitenote_active":false,"_monsterinsights_sitenote_note":"","_monsterinsights_sitenote_category":0},"project_category":[182,163,261,164,255,256,185,162],"project_tag":[177,244],"class_list":["post-2855","wm_projects","type-wm_projects","status-publish","has-post-thumbnail","hentry","project_category-abrantes-visionarios","project_category-lisboa","project_category-multidisciplinar-temporada-2021-2022","project_category-pombal-visionarios","project_category-semana-europeia-21","project_category-temporada-2021-2022","project_category-tomar-visionarios","project_category-visionarios","project_tag-artes-circenses","project_tag-musica-malabarismo","entry"],"aioseo_notices":[],"uagb_featured_image_src":{"full":["https:\/\/www.artemrede.pt\/wp-content\/uploads\/2021\/09\/BandasRiscasPromo_hugo-osga-scaled.jpg",2560,1707,false],"thumbnail":["https:\/\/www.artemrede.pt\/wp-content\/uploads\/2021\/09\/BandasRiscasPromo_hugo-osga-480x270.jpg",480,270,true],"medium":["https:\/\/www.artemrede.pt\/wp-content\/uploads\/2021\/09\/BandasRiscasPromo_hugo-osga-744x496.jpg",744,496,true],"medium_large":["https:\/\/www.artemrede.pt\/wp-content\/uploads\/2021\/09\/BandasRiscasPromo_hugo-osga-1200x800.jpg",1200,800,true],"large":["https:\/\/www.artemrede.pt\/wp-content\/uploads\/2021\/09\/BandasRiscasPromo_hugo-osga-1200x800.jpg",1200,800,true],"1536x1536":["https:\/\/www.artemrede.pt\/wp-content\/uploads\/2021\/09\/BandasRiscasPromo_hugo-osga-1536x1024.jpg",1536,1024,true],"2048x2048":["https:\/\/www.artemrede.pt\/wp-content\/uploads\/2021\/09\/BandasRiscasPromo_hugo-osga-2048x1365.jpg",2048,1365,true],"trp-custom-language-flag":["https:\/\/www.artemrede.pt\/wp-content\/uploads\/2021\/09\/BandasRiscasPromo_hugo-osga-16x12.jpg",16,12,true],"icelander-thumbnail":["https:\/\/www.artemrede.pt\/wp-content\/uploads\/2021\/09\/BandasRiscasPromo_hugo-osga-744x372.jpg",744,372,true],"icelander-square":["https:\/\/www.artemrede.pt\/wp-content\/uploads\/2021\/09\/BandasRiscasPromo_hugo-osga-448x448.jpg",448,448,true],"icelander-intro":["https:\/\/www.artemrede.pt\/wp-content\/uploads\/2021\/09\/BandasRiscasPromo_hugo-osga-1920x1080.jpg",1920,1080,true]},"uagb_author_info":{"display_name":"In\u00eas Arromba","author_link":"https:\/\/www.artemrede.pt\/en\/author\/artred_arromba\/"},"uagb_comment_info":0,"uagb_excerpt":"A anima\u00e7\u00e3o da Banda \u00e0s Riscas assenta na import\u00e2ncia de despertar o lado mais simples da vida: o sorriso!","_links":{"self":[{"href":"https:\/\/www.artemrede.pt\/en\/wp-json\/wp\/v2\/wm_projects\/2855","targetHints":{"allow":["GET"]}}],"collection":[{"href":"https:\/\/www.artemrede.pt\/en\/wp-json\/wp\/v2\/wm_projects"}],"about":[{"href":"https:\/\/www.artemrede.pt\/en\/wp-json\/wp\/v2\/types\/wm_projects"}],"author":[{"embeddable":true,"href":"https:\/\/www.artemrede.pt\/en\/wp-json\/wp\/v2\/users\/3"}],"wp:featuredmedia":[{"embeddable":true,"href":"https:\/\/www.artemrede.pt\/en\/wp-json\/wp\/v2\/media\/2856"}],"wp:attachment":[{"href":"https:\/\/www.artemrede.pt\/en\/wp-json\/wp\/v2\/media?parent=2855"}],"wp:term":[{"taxonomy":"project_category","embeddable":true,"href":"https:\/\/www.artemrede.pt\/en\/wp-json\/wp\/v2\/project_category?post=2855"},{"taxonomy":"project_tag","embeddable":true,"href":"https:\/\/www.artemrede.pt\/en\/wp-json\/wp\/v2\/project_tag?post=2855"}],"curies":[{"name":"wp","href":"https:\/\/api.w.org\/{rel}","templated":true}]}}