{"id":1684,"date":"2020-07-29T10:52:19","date_gmt":"2020-07-29T10:52:19","guid":{"rendered":"https:\/\/www.artemrede.pt\/?post_type=wm_projects&#038;p=1684"},"modified":"2021-09-28T11:14:24","modified_gmt":"2021-09-28T11:14:24","slug":"antiprincesas-2","status":"publish","type":"wm_projects","link":"https:\/\/www.artemrede.pt\/en\/project\/antiprincesas-2\/","title":{"rendered":"Ciclo Antiprincesas"},"content":{"rendered":"<h2>This is a series of shows created by Cl\u00e1udia Gaiolas, based on the Antiprincesas collection of books, about women who\u2019ve left their mark on history.<br \/>\nAntiprincesas, sobre mulheres que marcaram a hist\u00f3ria.<\/h2>\n<hr \/>\n<p>Mexican painter Frida Kahlo, Chilean singer and songwriter Violeta Parra, Bolivian military of indigenous origin Juana Azurduy and the Brazilian writer Clarice Lispector are women who don\u2019t wear crowns or lived in castles or had superpowers. These were common women, real-life heroines who challenged the norms and revolutionised the world through literature, art or politics. They were fighters and independent and passionate women. Remembering these women is to prove that life is not a \"fairy tale\" and that facing difficulties and fighting for what we believe is worthwhile.<\/p>\n<p><iframe loading=\"lazy\" title=\"Antiprincesas - Frida Kahlo \/\/ Teaser\" src=\"https:\/\/player.vimeo.com\/video\/327845658?dnt=1&amp;app_id=122963\" width=\"1200\" height=\"675\" frameborder=\"0\" allow=\"autoplay; fullscreen; picture-in-picture\" allowfullscreen><\/iframe><\/p>\n<p>&#8211;<\/p>\n<p>Artist: Cl\u00e1udia Gaiolas | teatro meia volta e depois \u00e0 esquerda quando eu disser<\/p>\n<p>Artistic Genre: Theatre<\/p>\n<p>Artistic field: Theatre for children<\/p>\n<p>Classifica\u00e7\u00e3o et\u00e1ria: M\/3<\/p>\n<p>Touring in Artemrede's Territories:<\/p>\n<strong>ABRANTES<\/strong><br \/>\nQuartel da Arte Contempor\u00e2nea de Abrantes &#8211; Cole\u00e7\u00e3o Figueiredo Ribeiro<br \/>\nVioleta Parra | 10 de outubro de 2020, s\u00e1bado, \u00e0s 16:00<br \/>\nFrida Kahlo | 10 de outubro de 2020, s\u00e1bado, \u00e0s 15:00\nParqueTejo &#8211; margem sul do Aquapolis<br \/>\nClarice Lispector | 15 de maio de 2021, s\u00e1bado, \u00e0s 10:30<br \/>\nJuana Azurduy | 15 de maio de 2021, s\u00e1bado, \u00e0s 11:30\n<strong>ALCANENA<\/strong> \u00a0 Biblioteca Municipal<br \/>\nClarice Lispector | 3 de junho de 2021, quinta-feira, \u00e0s 11:00\n<strong>ALCOBA\u00c7A<\/strong>\u00a0\u00a0 Anfiteatro da Pra\u00e7a Jo\u00e3o de Deus Ramos (junto ao Tribunal de Alcoba\u00e7a)<br \/>\nClarice Lispector | 2 de maio de 2021, domingo, \u00e0s 10:30<br \/>\nJuana Azurduy | 2 de maio de 2021, domingo, \u00e0s 11:30\n<strong>ALMADA<\/strong> \u00a0 Convento dos Capuchos<br \/>\nFrida Kahlo | 9 de outubro de 2021, s\u00e1bado, \u00e0s 11:00 e \u00e0s 16:00 &#8211; <strong>NOVA DATA!!<\/strong>\n<strong>BARREIRO<\/strong> \u00a0 Biblioteca Municipal do Barreiro<br \/>\nVioleta Parra | 26 de setembro de 2020, s\u00e1bado, \u00e0s 11:00<br \/>\nJuana Azurduy | 8 de maio de 2021, s\u00e1bado, \u00e0s 11:00\n<strong>LISBOA<\/strong> \u00a0 P\u00e1tio da Biblioteca de Marvila<br \/>\nJuana Azurduy | 22 de maio de 2021, s\u00e1bado, \u00e0s 17:30\n<strong>OEIRAS<\/strong>\u00a0\u00a0 Sess\u00f5es exclusivas para p\u00fablico escolar<br \/>\nEB1\/JI Porto Salvo<br \/>\nJuana Azurduy\u00a0\u00a0 EB1\/JI Porto Salvo | 24 e 26 de maio de 2021, segunda e quarta-feira, \u00e0s 10:30\nEB1 Pedro Alvares Cabral<br \/>\nClarice Lispector\u00a0| 1 de junho de 2021, ter\u00e7a-feira, \u00e0s 10:30\nEB1 Visconde de Leceia<br \/>\nClarice Lispector\u00a0| 2 de junho de 2021, quarta-feira, \u00e0s 10:30\n<strong>POMBAL<\/strong> \u00a0 Teatro-Cine<br \/>\nVioleta Parra | 17 de outubro de 2020, s\u00e1bado, \u00e0s 16:00<br \/>\nFrida Kahlo | 24 de outubro de 2020, s\u00e1bado, \u00e0s 16:30\n<strong>SANTAR\u00c9M<\/strong>\u00a0\u00a0\u00a0 Portas do Sol<br \/>\nJuana Azurduy | 30 de maio de 2021, domingo, \u00e0s 17:00\n<strong>SESIMBRA<\/strong> \u00a0 Cineteatro Municipal Jo\u00e3o Mota<br \/>\nFrida Kahlo | 25 de outubro de 2020, domingo, \u00e0s 16:00\n<h2>\n\t\tInforma\u00e7\u00f5es e bilheteira\n\t<\/h2>\n\t<strong>ALMADA<\/strong><br \/>\n<strong>Convento dos Capuchos &#8211; Caparica<\/strong><br \/>\nEntrada \u00e9 livre e sujeita a marca\u00e7\u00e3o de bilhete atrav\u00e9s de:\n<p>capuchos@cma.m-almada.pt<\/p>\n\t<p>Imagem \u00a9 Estelle Valente<\/p>","protected":false},"excerpt":{"rendered":"<div class=\"entry-summary\">\n<div class=\"entry-summary translation-block\">Muito longe daqui, do outro lado do oceano, existe um pa\u00eds chamado M\u00e9xico. M\u00e9-xi-co. Neste lugar, h\u00e1<br>\r\nmuito tempo, muito tempo, viveu uma menina chamada Frida. Frida. Parece Ferida? Mas n\u00e3o \u00e9. \u00c9 Frrrrrida.<br>\r\nFrida Kahlo, a maior pintora do mundo.<\/div>\n<\/div>","protected":false},"author":2,"featured_media":1685,"template":"","meta":{"om_disable_all_campaigns":false,"_monsterinsights_skip_tracking":false,"_monsterinsights_sitenote_active":false,"_monsterinsights_sitenote_note":"","_monsterinsights_sitenote_category":0},"project_category":[125,193,195,194,123,192,130,196,107,197,124,240,134,47],"project_tag":[87],"class_list":["post-1684","wm_projects","type-wm_projects","status-publish","has-post-thumbnail","hentry","project_category-abrantes","project_category-abrantes-manobras2020_primavera","project_category-alcanena-manobras2020_primavera","project_category-alcobaca-manobras2020_primavera","project_category-manobras2020_outono","project_category-manobras2020_primavera","project_category-barreiro","project_category-barreiro-manobras2020_primavera","project_category-criancas-jovens","project_category-lisboa-manobras2020_primavera","project_category-pombal","project_category-santarem","project_category-sesimbra","project_category-temporada-2020-2021","project_tag-teatro-infantil","entry"],"aioseo_notices":[],"uagb_featured_image_src":{"full":["https:\/\/www.artemrede.pt\/wp-content\/uploads\/2020\/07\/FRIDA_\u00a9Estelle-Valente-48-scaled-e1596024722204.jpg",2160,1215,false],"thumbnail":["https:\/\/www.artemrede.pt\/wp-content\/uploads\/2020\/07\/FRIDA_\u00a9Estelle-Valente-48-scaled-e1596024722204-480x270.jpg",480,270,true],"medium":["https:\/\/www.artemrede.pt\/wp-content\/uploads\/2020\/07\/FRIDA_\u00a9Estelle-Valente-48-scaled-e1596024722204-744x419.jpg",744,419,true],"medium_large":["https:\/\/www.artemrede.pt\/wp-content\/uploads\/2020\/07\/FRIDA_\u00a9Estelle-Valente-48-scaled-e1596024722204-1200x675.jpg",1200,675,true],"large":["https:\/\/www.artemrede.pt\/wp-content\/uploads\/2020\/07\/FRIDA_\u00a9Estelle-Valente-48-scaled-e1596024722204-1200x675.jpg",1200,675,true],"1536x1536":["https:\/\/www.artemrede.pt\/wp-content\/uploads\/2020\/07\/FRIDA_\u00a9Estelle-Valente-48-scaled-e1596024722204-1536x864.jpg",1536,864,true],"2048x2048":["https:\/\/www.artemrede.pt\/wp-content\/uploads\/2020\/07\/FRIDA_\u00a9Estelle-Valente-48-scaled-e1596024722204-2048x1152.jpg",2048,1152,true],"trp-custom-language-flag":["https:\/\/www.artemrede.pt\/wp-content\/uploads\/2020\/07\/FRIDA_\u00a9Estelle-Valente-48-scaled-e1596024722204.jpg",18,10,false],"icelander-thumbnail":["https:\/\/www.artemrede.pt\/wp-content\/uploads\/2020\/07\/FRIDA_\u00a9Estelle-Valente-48-scaled-e1596024722204-744x372.jpg",744,372,true],"icelander-square":["https:\/\/www.artemrede.pt\/wp-content\/uploads\/2020\/07\/FRIDA_\u00a9Estelle-Valente-48-scaled-e1596024722204-448x448.jpg",448,448,true],"icelander-intro":["https:\/\/www.artemrede.pt\/wp-content\/uploads\/2020\/07\/FRIDA_\u00a9Estelle-Valente-48-scaled-e1596024722204-1920x1080.jpg",1920,1080,true]},"uagb_author_info":{"display_name":"Bruno Castro","author_link":"https:\/\/www.artemrede.pt\/en\/author\/artred_bruno\/"},"uagb_comment_info":0,"uagb_excerpt":"Muito longe daqui, do outro lado do oceano, existe um pa\u00eds chamado M\u00e9xico. M\u00e9-xi-co. Neste lugar, h\u00e1 muito tempo, muito tempo, viveu uma menina chamada Frida. Frida. Parece Ferida? Mas n\u00e3o \u00e9. \u00c9 Frrrrrida. Frida Kahlo, a maior pintora do mundo.","_links":{"self":[{"href":"https:\/\/www.artemrede.pt\/en\/wp-json\/wp\/v2\/wm_projects\/1684","targetHints":{"allow":["GET"]}}],"collection":[{"href":"https:\/\/www.artemrede.pt\/en\/wp-json\/wp\/v2\/wm_projects"}],"about":[{"href":"https:\/\/www.artemrede.pt\/en\/wp-json\/wp\/v2\/types\/wm_projects"}],"author":[{"embeddable":true,"href":"https:\/\/www.artemrede.pt\/en\/wp-json\/wp\/v2\/users\/2"}],"wp:featuredmedia":[{"embeddable":true,"href":"https:\/\/www.artemrede.pt\/en\/wp-json\/wp\/v2\/media\/1685"}],"wp:attachment":[{"href":"https:\/\/www.artemrede.pt\/en\/wp-json\/wp\/v2\/media?parent=1684"}],"wp:term":[{"taxonomy":"project_category","embeddable":true,"href":"https:\/\/www.artemrede.pt\/en\/wp-json\/wp\/v2\/project_category?post=1684"},{"taxonomy":"project_tag","embeddable":true,"href":"https:\/\/www.artemrede.pt\/en\/wp-json\/wp\/v2\/project_tag?post=1684"}],"curies":[{"name":"wp","href":"https:\/\/api.w.org\/{rel}","templated":true}]}}