{"id":3263,"date":"2022-07-05T11:46:39","date_gmt":"2022-07-05T11:46:39","guid":{"rendered":"https:\/\/www.artemrede.pt\/?page_id=3263"},"modified":"2022-10-11T18:17:56","modified_gmt":"2022-10-11T18:17:56","slug":"festivalmanobras-outono-2022","status":"publish","type":"page","link":"https:\/\/www.artemrede.pt\/en\/festivalmanobras-outono-2022\/","title":{"rendered":"5\u00baManobras &#8211; Outono 2022"},"content":{"rendered":"<div class=\"wm-posts wm-posts-wrap clearfix wm-posts-wm_projects wm-posts-layout-default posts\"><div class=\"wm-filter\"><ul><li class=\"wm-filter-items-all active\"><a href=\"#\" data-filter=\"*\">All <span>Apresenta\u00e7\u00f5es 5\u00ba Manobras - outono<\/span><\/a><\/li><li class=\"wm-filter-items-abrantes-5o-manobras-outono\"><a href=\"#\" data-filter=\".project_category-abrantes-5o-manobras-outono\">Abrantes<span class=\"count\"> (7)<\/span><\/a><\/li><li class=\"wm-filter-items-alcanena-5o-manobras-outono\"><a href=\"#\" data-filter=\".project_category-alcanena-5o-manobras-outono\">Alcanena<span class=\"count\"> (4)<\/span><\/a><\/li><li class=\"wm-filter-items-alcobaca-5o-manobras-outono\"><a href=\"#\" data-filter=\".project_category-alcobaca-5o-manobras-outono\">Alcoba\u00e7a<span class=\"count\"> (6)<\/span><\/a><\/li><li class=\"wm-filter-items-barreiro-5o-manobras-outono\"><a href=\"#\" data-filter=\".project_category-barreiro-5o-manobras-outono\">Barreiro<span class=\"count\"> (5)<\/span><\/a><\/li><li class=\"wm-filter-items-moita-5o-manobras-outono\"><a href=\"#\" data-filter=\".project_category-moita-5o-manobras-outono\">Moita<span class=\"count\"> (3)<\/span><\/a><\/li><li class=\"wm-filter-items-montemor-o-novo-5o-manobras-outono\"><a href=\"#\" data-filter=\".project_category-montemor-o-novo-5o-manobras-outono\">Montemor-o-Novo<span class=\"count\"> (3)<\/span><\/a><\/li><li class=\"wm-filter-items-montijo-5o-manobras-outono\"><a href=\"#\" data-filter=\".project_category-montijo-5o-manobras-outono\">Montijo<span class=\"count\"> (3)<\/span><\/a><\/li><li class=\"wm-filter-items-oeiras-5o-manobras-outono\"><a href=\"#\" data-filter=\".project_category-oeiras-5o-manobras-outono\">Oeiras<span class=\"count\"> (4)<\/span><\/a><\/li><li class=\"wm-filter-items-palmela-5o-manobras-outono\"><a href=\"#\" data-filter=\".project_category-palmela-5o-manobras-outono\">Palmela<span class=\"count\"> (5)<\/span><\/a><\/li><li class=\"wm-filter-items-pombal-5o-manobras-outono\"><a href=\"#\" data-filter=\".project_category-pombal-5o-manobras-outono\">Pombal<span class=\"count\"> (5)<\/span><\/a><\/li><li class=\"wm-filter-items-santarem-5o-manobras-outono\"><a href=\"#\" data-filter=\".project_category-santarem-5o-manobras-outono\">Santar\u00e9m<span class=\"count\"> (3)<\/span><\/a><\/li><li class=\"wm-filter-items-sesimbra-5o-manobras-outono\"><a href=\"#\" data-filter=\".project_category-sesimbra-5o-manobras-outono\">Sesimbra<span class=\"count\"> (4)<\/span><\/a><\/li><li class=\"wm-filter-items-sobral-de-monte-agraco-5o-manobras-outono\"><a href=\"#\" data-filter=\".project_category-sobral-de-monte-agraco-5o-manobras-outono\">Sobral de Monte Agra\u00e7o<span class=\"count\"> (6)<\/span><\/a><\/li><li class=\"wm-filter-items-tomar-5o-manobras-outono\"><a href=\"#\" data-filter=\".project_category-tomar-5o-manobras-outono\">Tomar<span class=\"count\"> (6)<\/span><\/a><\/li><li class=\"wm-filter-items-torres-vedras-5o-manobras-outono\"><a href=\"#\" data-filter=\".project_category-torres-vedras-5o-manobras-outono\">Torres Vedras<span class=\"count\"> (3)<\/span><\/a><\/li><\/ul><\/div><div class=\"wm-posts-container wm-items-container with-margin filter-this\" data-columns=\"3\" data-time=\"0\" data-layout-mode=\"masonry\">\r\n<div class=\"wm-posts-item wm-posts-item-3350 wm-column width-1-3 with-margin project_category-abrantes-territorios project_category-abrantes-5o-manobras-outono project_category-alcanena-5o-manobras-outono project_category-alcanena-territorios project_category-5o-manobras-outono project_category-montemor-o-novo-5o-manobras-outono project_category-montemor-o-novo-territorios project_category-multidisciplinar-temporada-2021-2022 project_category-oeiras project_category-oeiras-5o-manobras-outono project_category-santarem-territorios project_category-santarem-5o-manobras-outono project_category-temporada-2021-2022 project_category-tomar-territorios project_category-tomar-5o-manobras-outono has-thumbnail\">\r\n\r\n\t\r\n\r\n<article id=\"post-3350\" class=\"post-3350 wm_projects type-wm_projects status-publish has-post-thumbnail hentry project_category-abrantes-territorios project_category-abrantes-5o-manobras-outono project_category-alcanena-5o-manobras-outono project_category-alcanena-territorios project_category-5o-manobras-outono project_category-montemor-o-novo-5o-manobras-outono project_category-montemor-o-novo-territorios project_category-multidisciplinar-temporada-2021-2022 project_category-oeiras project_category-oeiras-5o-manobras-outono project_category-santarem-territorios project_category-santarem-5o-manobras-outono project_category-temporada-2021-2022 project_category-tomar-territorios project_category-tomar-5o-manobras-outono project_tag-multidisciplinar entry\">\r\n\r\n\t<div class=\"entry-media\"><figure class=\"post-thumbnail\"><a href=\"https:\/\/www.artemrede.pt\/en\/project\/7-10-aprox\/\"><img loading=\"lazy\" decoding=\"async\" width=\"744\" height=\"372\" src=\"https:\/\/www.artemrede.pt\/wp-content\/uploads\/2022\/09\/Alta7-10-PER-8-CIRCA1-By-Mattia-Giandomenici-744x372.jpg\" class=\"attachment-icelander-thumbnail size-icelander-thumbnail wp-post-image\" alt=\"\" \/><\/a><\/figure><\/div><div class=\"wm-posts-element wm-html-element taxonomy taxonomy-project_category\"><span class=\"taxonomy-label\">Project Category: <\/span><a href=\"https:\/\/www.artemrede.pt\/en\/project-category\/abrantes-territorios\/\" class=\"term term-project_category term-abrantes-territorios\">Abrantes<\/a>, <a href=\"https:\/\/www.artemrede.pt\/en\/project-category\/abrantes-5o-manobras-outono\/\" class=\"term term-project_category term-abrantes-5o-manobras-outono\">Abrantes<\/a>, <a href=\"https:\/\/www.artemrede.pt\/en\/project-category\/alcanena-5o-manobras-outono\/\" class=\"term term-project_category term-alcanena-5o-manobras-outono\">Alcanena<\/a>, <a href=\"https:\/\/www.artemrede.pt\/en\/project-category\/alcanena-territorios\/\" class=\"term term-project_category term-alcanena-territorios\">Alcanena<\/a>, <a href=\"https:\/\/www.artemrede.pt\/en\/project-category\/5o-manobras-outono\/\" class=\"term term-project_category term-5o-manobras-outono\">Apresenta\u00e7\u00f5es 5\u00ba Manobras - outono<\/a>, <a href=\"https:\/\/www.artemrede.pt\/en\/project-category\/montemor-o-novo-5o-manobras-outono\/\" class=\"term term-project_category term-montemor-o-novo-5o-manobras-outono\">Montemor-o-Novo<\/a>, <a href=\"https:\/\/www.artemrede.pt\/en\/project-category\/montemor-o-novo-territorios\/\" class=\"term term-project_category term-montemor-o-novo-territorios\">Montemor-o-Novo<\/a>, <a href=\"https:\/\/www.artemrede.pt\/en\/project-category\/multidisciplinar-temporada-2021-2022\/\" class=\"term term-project_category term-multidisciplinar-temporada-2021-2022\">Multidisciplinary<\/a>, <a href=\"https:\/\/www.artemrede.pt\/en\/project-category\/oeiras\/\" class=\"term term-project_category term-oeiras\">Oeiras<\/a>, <a href=\"https:\/\/www.artemrede.pt\/en\/project-category\/oeiras-5o-manobras-outono\/\" class=\"term term-project_category term-oeiras-5o-manobras-outono\">Oeiras<\/a>, <a href=\"https:\/\/www.artemrede.pt\/en\/project-category\/santarem-territorios\/\" class=\"term term-project_category term-santarem-territorios\">Santar\u00e9m<\/a>, <a href=\"https:\/\/www.artemrede.pt\/en\/project-category\/santarem-5o-manobras-outono\/\" class=\"term term-project_category term-santarem-5o-manobras-outono\">Santar\u00e9m<\/a>, <a href=\"https:\/\/www.artemrede.pt\/en\/project-category\/temporada-2021-2022\/\" class=\"term term-project_category term-temporada-2021-2022\">Temporada 2021-2022<\/a>, <a href=\"https:\/\/www.artemrede.pt\/en\/project-category\/tomar-territorios\/\" class=\"term term-project_category term-tomar-territorios\">Tomar<\/a>, <a href=\"https:\/\/www.artemrede.pt\/en\/project-category\/tomar-5o-manobras-outono\/\" class=\"term term-project_category term-tomar-5o-manobras-outono\">Tomar<\/a><\/div><header class=\"entry-header\"><h2 class=\"entry-title\"><a href=\"https:\/\/www.artemrede.pt\/en\/project\/7-10-aprox\/\" rel=\"bookmark\">7\/10 x 8&#8242; APROX.<\/a><\/h2><\/header>\r\n\t<div class=\"entry-content\"><\/div>\r\n\r\n\t\r\n<\/article>\r\n\r\n\r\n<\/div>\r\n\r\n<div class=\"wm-posts-item wm-posts-item-3281 wm-column width-1-3 with-margin alt project_category-abrantes-5o-manobras-outono project_category-abrantes-territorios project_category-5o-manobras-outono project_category-criancas-e-jovens project_category-marionetas-temporada-2021-2022 project_category-moita-territorios project_category-moita-5o-manobras-outono project_category-temporada-2021-2022 project_category-torres-vedras-5o-manobras-outono project_category-torres-vedras has-thumbnail\">\r\n\r\n\t\r\n\r\n<article id=\"post-3281\" class=\"post-3281 wm_projects type-wm_projects status-publish has-post-thumbnail hentry project_category-abrantes-5o-manobras-outono project_category-abrantes-territorios project_category-5o-manobras-outono project_category-criancas-e-jovens project_category-marionetas-temporada-2021-2022 project_category-moita-territorios project_category-moita-5o-manobras-outono project_category-temporada-2021-2022 project_category-torres-vedras-5o-manobras-outono project_category-torres-vedras project_tag-teatro-marionetas entry\">\r\n\r\n\t<div class=\"entry-media\"><figure class=\"post-thumbnail\"><a href=\"https:\/\/www.artemrede.pt\/en\/project\/a-menina-que-vendia-fosforos\/\"><img loading=\"lazy\" decoding=\"async\" width=\"744\" height=\"372\" src=\"https:\/\/www.artemrede.pt\/wp-content\/uploads\/2022\/09\/IMG_2928\u00a9-Rui-Rodrigues-Red-Cloud-Teatro-de-Marionetas-744x372.jpg\" class=\"attachment-icelander-thumbnail size-icelander-thumbnail wp-post-image\" alt=\"\" \/><\/a><\/figure><\/div><div class=\"wm-posts-element wm-html-element taxonomy taxonomy-project_category\"><span class=\"taxonomy-label\">Project Category: <\/span><a href=\"https:\/\/www.artemrede.pt\/en\/project-category\/abrantes-5o-manobras-outono\/\" class=\"term term-project_category term-abrantes-5o-manobras-outono\">Abrantes<\/a>, <a href=\"https:\/\/www.artemrede.pt\/en\/project-category\/abrantes-territorios\/\" class=\"term term-project_category term-abrantes-territorios\">Abrantes<\/a>, <a href=\"https:\/\/www.artemrede.pt\/en\/project-category\/5o-manobras-outono\/\" class=\"term term-project_category term-5o-manobras-outono\">Apresenta\u00e7\u00f5es 5\u00ba Manobras - outono<\/a>, <a href=\"https:\/\/www.artemrede.pt\/en\/project-category\/criancas-e-jovens\/\" class=\"term term-project_category term-criancas-e-jovens\">Children and Youth<\/a>, <a href=\"https:\/\/www.artemrede.pt\/en\/project-category\/marionetas-temporada-2021-2022\/\" class=\"term term-project_category term-marionetas-temporada-2021-2022\">Puppets<\/a>, <a href=\"https:\/\/www.artemrede.pt\/en\/project-category\/moita-territorios\/\" class=\"term term-project_category term-moita-territorios\">Moita<\/a>, <a href=\"https:\/\/www.artemrede.pt\/en\/project-category\/moita-5o-manobras-outono\/\" class=\"term term-project_category term-moita-5o-manobras-outono\">Moita<\/a>, <a href=\"https:\/\/www.artemrede.pt\/en\/project-category\/temporada-2021-2022\/\" class=\"term term-project_category term-temporada-2021-2022\">Temporada 2021-2022<\/a>, <a href=\"https:\/\/www.artemrede.pt\/en\/project-category\/torres-vedras-5o-manobras-outono\/\" class=\"term term-project_category term-torres-vedras-5o-manobras-outono\">Torres Vedras<\/a>, <a href=\"https:\/\/www.artemrede.pt\/en\/project-category\/torres-vedras\/\" class=\"term term-project_category term-torres-vedras\">Torres Vedras<\/a><\/div><header class=\"entry-header\"><h2 class=\"entry-title\"><a href=\"https:\/\/www.artemrede.pt\/en\/project\/a-menina-que-vendia-fosforos\/\" rel=\"bookmark\">A MENINA QUE VENDIA F\u00d3SFOROS<\/a><\/h2><\/header>\r\n\t<div class=\"entry-content\"><\/div>\r\n\r\n\t\r\n<\/article>\r\n\r\n\r\n<\/div>\r\n\r\n<div class=\"wm-posts-item wm-posts-item-3291 wm-column width-1-3 with-margin project_category-5o-manobras-outono project_category-criancas-e-jovens project_category-multidisciplinar-temporada-2021-2022 project_category-oeiras project_category-oeiras-5o-manobras-outono project_category-sesimbra-5o-manobras-outono project_category-sesimbra-territorios project_category-sobral-de-monte-agraco-territorios project_category-sobral-de-monte-agraco-5o-manobras-outono project_category-temporada-2021-2022 project_category-torres-vedras has-thumbnail\">\r\n\r\n\t\r\n\r\n<article id=\"post-3291\" class=\"post-3291 wm_projects type-wm_projects status-publish has-post-thumbnail hentry project_category-5o-manobras-outono project_category-criancas-e-jovens project_category-multidisciplinar-temporada-2021-2022 project_category-oeiras project_category-oeiras-5o-manobras-outono project_category-sesimbra-5o-manobras-outono project_category-sesimbra-territorios project_category-sobral-de-monte-agraco-territorios project_category-sobral-de-monte-agraco-5o-manobras-outono project_category-temporada-2021-2022 project_category-torres-vedras project_tag-teatro-narracao-oral-ilustracao-ao-vivo entry\">\r\n\r\n\t<div class=\"entry-media\"><figure class=\"post-thumbnail\"><a href=\"https:\/\/www.artemrede.pt\/en\/project\/a-tartaruga-e-o-menino-mar\/\"><img loading=\"lazy\" decoding=\"async\" width=\"744\" height=\"372\" src=\"https:\/\/www.artemrede.pt\/wp-content\/uploads\/2022\/09\/ATartarugaEOMeninoDoMar_02-744x372.jpg\" class=\"attachment-icelander-thumbnail size-icelander-thumbnail wp-post-image\" alt=\"\" \/><\/a><\/figure><\/div><div class=\"wm-posts-element wm-html-element taxonomy taxonomy-project_category\"><span class=\"taxonomy-label\">Project Category: <\/span><a href=\"https:\/\/www.artemrede.pt\/en\/project-category\/5o-manobras-outono\/\" class=\"term term-project_category term-5o-manobras-outono\">Apresenta\u00e7\u00f5es 5\u00ba Manobras - outono<\/a>, <a href=\"https:\/\/www.artemrede.pt\/en\/project-category\/criancas-e-jovens\/\" class=\"term term-project_category term-criancas-e-jovens\">Children and Youth<\/a>, <a href=\"https:\/\/www.artemrede.pt\/en\/project-category\/multidisciplinar-temporada-2021-2022\/\" class=\"term term-project_category term-multidisciplinar-temporada-2021-2022\">Multidisciplinary<\/a>, <a href=\"https:\/\/www.artemrede.pt\/en\/project-category\/oeiras\/\" class=\"term term-project_category term-oeiras\">Oeiras<\/a>, <a href=\"https:\/\/www.artemrede.pt\/en\/project-category\/oeiras-5o-manobras-outono\/\" class=\"term term-project_category term-oeiras-5o-manobras-outono\">Oeiras<\/a>, <a href=\"https:\/\/www.artemrede.pt\/en\/project-category\/sesimbra-5o-manobras-outono\/\" class=\"term term-project_category term-sesimbra-5o-manobras-outono\">Sesimbra<\/a>, <a href=\"https:\/\/www.artemrede.pt\/en\/project-category\/sesimbra-territorios\/\" class=\"term term-project_category term-sesimbra-territorios\">Sesimbra<\/a>, <a href=\"https:\/\/www.artemrede.pt\/en\/project-category\/sobral-de-monte-agraco-territorios\/\" class=\"term term-project_category term-sobral-de-monte-agraco-territorios\">Sobral de Monte Agra\u00e7o<\/a>, <a href=\"https:\/\/www.artemrede.pt\/en\/project-category\/sobral-de-monte-agraco-5o-manobras-outono\/\" class=\"term term-project_category term-sobral-de-monte-agraco-5o-manobras-outono\">Sobral de Monte Agra\u00e7o<\/a>, <a href=\"https:\/\/www.artemrede.pt\/en\/project-category\/temporada-2021-2022\/\" class=\"term term-project_category term-temporada-2021-2022\">Temporada 2021-2022<\/a>, <a href=\"https:\/\/www.artemrede.pt\/en\/project-category\/torres-vedras\/\" class=\"term term-project_category term-torres-vedras\">Torres Vedras<\/a><\/div><header class=\"entry-header\"><h2 class=\"entry-title\"><a href=\"https:\/\/www.artemrede.pt\/en\/project\/a-tartaruga-e-o-menino-mar\/\" rel=\"bookmark\">A TARTARUGA E O MENINO DO MAR<\/a><\/h2><\/header>\r\n\t<div class=\"entry-content\"><\/div>\r\n\r\n\t\r\n<\/article>\r\n\r\n\r\n<\/div>\r\n\r\n<div class=\"wm-posts-item wm-posts-item-3287 wm-column width-1-3 with-margin alt project_category-abrantes-5o-manobras-outono project_category-abrantes-territorios project_category-5o-manobras-outono project_category-multidisciplinar-temporada-2021-2022 project_category-pombal-5o-manobras-outono project_category-pombal-territorios project_category-temporada-2021-2022 project_category-tomar-5o-manobras-outono project_category-tomar-territorios has-thumbnail\">\r\n\r\n\t\r\n\r\n<article id=\"post-3287\" class=\"post-3287 wm_projects type-wm_projects status-publish has-post-thumbnail hentry project_category-abrantes-5o-manobras-outono project_category-abrantes-territorios project_category-5o-manobras-outono project_category-multidisciplinar-temporada-2021-2022 project_category-pombal-5o-manobras-outono project_category-pombal-territorios project_category-temporada-2021-2022 project_category-tomar-5o-manobras-outono project_category-tomar-territorios project_tag-teatro-formas-animadas entry\">\r\n\r\n\t<div class=\"entry-media\"><figure class=\"post-thumbnail\"><a href=\"https:\/\/www.artemrede.pt\/en\/project\/a-viagem-micro-cine-maozorra\/\"><img loading=\"lazy\" decoding=\"async\" width=\"744\" height=\"372\" src=\"https:\/\/www.artemrede.pt\/wp-content\/uploads\/2022\/09\/@Maozorra_A-VIAGEM9-744x372.jpg\" class=\"attachment-icelander-thumbnail size-icelander-thumbnail wp-post-image\" alt=\"\" \/><\/a><\/figure><\/div><div class=\"wm-posts-element wm-html-element taxonomy taxonomy-project_category\"><span class=\"taxonomy-label\">Project Category: <\/span><a href=\"https:\/\/www.artemrede.pt\/en\/project-category\/abrantes-5o-manobras-outono\/\" class=\"term term-project_category term-abrantes-5o-manobras-outono\">Abrantes<\/a>, <a href=\"https:\/\/www.artemrede.pt\/en\/project-category\/abrantes-territorios\/\" class=\"term term-project_category term-abrantes-territorios\">Abrantes<\/a>, <a href=\"https:\/\/www.artemrede.pt\/en\/project-category\/5o-manobras-outono\/\" class=\"term term-project_category term-5o-manobras-outono\">Apresenta\u00e7\u00f5es 5\u00ba Manobras - outono<\/a>, <a href=\"https:\/\/www.artemrede.pt\/en\/project-category\/multidisciplinar-temporada-2021-2022\/\" class=\"term term-project_category term-multidisciplinar-temporada-2021-2022\">Multidisciplinary<\/a>, <a href=\"https:\/\/www.artemrede.pt\/en\/project-category\/pombal-5o-manobras-outono\/\" class=\"term term-project_category term-pombal-5o-manobras-outono\">Pombal<\/a>, <a href=\"https:\/\/www.artemrede.pt\/en\/project-category\/pombal-territorios\/\" class=\"term term-project_category term-pombal-territorios\">Pombal<\/a>, <a href=\"https:\/\/www.artemrede.pt\/en\/project-category\/temporada-2021-2022\/\" class=\"term term-project_category term-temporada-2021-2022\">Temporada 2021-2022<\/a>, <a href=\"https:\/\/www.artemrede.pt\/en\/project-category\/tomar-5o-manobras-outono\/\" class=\"term term-project_category term-tomar-5o-manobras-outono\">Tomar<\/a>, <a href=\"https:\/\/www.artemrede.pt\/en\/project-category\/tomar-territorios\/\" class=\"term term-project_category term-tomar-territorios\">Tomar<\/a><\/div><header class=\"entry-header\"><h2 class=\"entry-title\"><a href=\"https:\/\/www.artemrede.pt\/en\/project\/a-viagem-micro-cine-maozorra\/\" rel=\"bookmark\">A VIAGEM &#8211; MICRO CINE TEATRO M\u00c3OZORRA<\/a><\/h2><\/header>\r\n\t<div class=\"entry-content\"><\/div>\r\n\r\n\t\r\n<\/article>\r\n\r\n\r\n<\/div>\r\n\r\n<div class=\"wm-posts-item wm-posts-item-3283 wm-column width-1-3 with-margin project_category-5o-manobras-outono project_category-barreiro-territorios project_category-barreiro-5o-manobras-outono project_category-criancas-e-jovens project_category-marionetas-temporada-2021-2022 project_category-temporada-2021-2022 has-thumbnail\">\r\n\r\n\t\r\n\r\n<article id=\"post-3283\" class=\"post-3283 wm_projects type-wm_projects status-publish has-post-thumbnail hentry project_category-5o-manobras-outono project_category-barreiro-territorios project_category-barreiro-5o-manobras-outono project_category-criancas-e-jovens project_category-marionetas-temporada-2021-2022 project_category-temporada-2021-2022 project_tag-teatro-marionetas entry\">\r\n\r\n\t<div class=\"entry-media\"><figure class=\"post-thumbnail\"><a href=\"https:\/\/www.artemrede.pt\/en\/project\/a-viagem-de-sophia\/\"><img loading=\"lazy\" decoding=\"async\" width=\"744\" height=\"372\" src=\"https:\/\/www.artemrede.pt\/wp-content\/uploads\/2022\/09\/SAMARIONETAS101-744x372.jpg\" class=\"attachment-icelander-thumbnail size-icelander-thumbnail wp-post-image\" alt=\"\" \/><\/a><\/figure><\/div><div class=\"wm-posts-element wm-html-element taxonomy taxonomy-project_category\"><span class=\"taxonomy-label\">Project Category: <\/span><a href=\"https:\/\/www.artemrede.pt\/en\/project-category\/5o-manobras-outono\/\" class=\"term term-project_category term-5o-manobras-outono\">Apresenta\u00e7\u00f5es 5\u00ba Manobras - outono<\/a>, <a href=\"https:\/\/www.artemrede.pt\/en\/project-category\/barreiro-territorios\/\" class=\"term term-project_category term-barreiro-territorios\">Barreiro<\/a>, <a href=\"https:\/\/www.artemrede.pt\/en\/project-category\/barreiro-5o-manobras-outono\/\" class=\"term term-project_category term-barreiro-5o-manobras-outono\">Barreiro<\/a>, <a href=\"https:\/\/www.artemrede.pt\/en\/project-category\/criancas-e-jovens\/\" class=\"term term-project_category term-criancas-e-jovens\">Children and Youth<\/a>, <a href=\"https:\/\/www.artemrede.pt\/en\/project-category\/marionetas-temporada-2021-2022\/\" class=\"term term-project_category term-marionetas-temporada-2021-2022\">Puppets<\/a>, <a href=\"https:\/\/www.artemrede.pt\/en\/project-category\/temporada-2021-2022\/\" class=\"term term-project_category term-temporada-2021-2022\">Temporada 2021-2022<\/a><\/div><header class=\"entry-header\"><h2 class=\"entry-title\"><a href=\"https:\/\/www.artemrede.pt\/en\/project\/a-viagem-de-sophia\/\" rel=\"bookmark\">A VIAGEM DE SOPHIA<\/a><\/h2><\/header>\r\n\t<div class=\"entry-content\"><\/div>\r\n\r\n\t\r\n<\/article>\r\n\r\n\r\n<\/div>\r\n\r\n<div class=\"wm-posts-item wm-posts-item-3294 wm-column width-1-3 with-margin alt project_category-alcobaca project_category-alcobaca-visionarios project_category-alcobaca-5o-manobras-outono project_category-5o-manobras-outono project_category-criancas-e-jovens project_category-multidisciplinar-temporada-2021-2022 project_category-temporada-2021-2022 project_category-visionarios has-thumbnail\">\r\n\r\n\t\r\n\r\n<article id=\"post-3294\" class=\"post-3294 wm_projects type-wm_projects status-publish has-post-thumbnail hentry project_category-alcobaca project_category-alcobaca-visionarios project_category-alcobaca-5o-manobras-outono project_category-5o-manobras-outono project_category-criancas-e-jovens project_category-multidisciplinar-temporada-2021-2022 project_category-temporada-2021-2022 project_category-visionarios project_tag-performance-formas-animadas entry\">\r\n\r\n\t<div class=\"entry-media\"><figure class=\"post-thumbnail\"><a href=\"https:\/\/www.artemrede.pt\/en\/project\/albuns-da-terra\/\"><img loading=\"lazy\" decoding=\"async\" width=\"744\" height=\"372\" src=\"https:\/\/www.artemrede.pt\/wp-content\/uploads\/2022\/09\/PROYECTOR2021_El-Aguila_11.09_Cris-Alonso_71-744x372.jpg\" class=\"attachment-icelander-thumbnail size-icelander-thumbnail wp-post-image\" alt=\"\" \/><\/a><\/figure><\/div><div class=\"wm-posts-element wm-html-element taxonomy taxonomy-project_category\"><span class=\"taxonomy-label\">Project Category: <\/span><a href=\"https:\/\/www.artemrede.pt\/en\/project-category\/alcobaca\/\" class=\"term term-project_category term-alcobaca\">Alcoba\u00e7a<\/a>, <a href=\"https:\/\/www.artemrede.pt\/en\/project-category\/alcobaca-visionarios\/\" class=\"term term-project_category term-alcobaca-visionarios\">Alcoba\u00e7a<\/a>, <a href=\"https:\/\/www.artemrede.pt\/en\/project-category\/alcobaca-5o-manobras-outono\/\" class=\"term term-project_category term-alcobaca-5o-manobras-outono\">Alcoba\u00e7a<\/a>, <a href=\"https:\/\/www.artemrede.pt\/en\/project-category\/5o-manobras-outono\/\" class=\"term term-project_category term-5o-manobras-outono\">Apresenta\u00e7\u00f5es 5\u00ba Manobras - outono<\/a>, <a href=\"https:\/\/www.artemrede.pt\/en\/project-category\/criancas-e-jovens\/\" class=\"term term-project_category term-criancas-e-jovens\">Children and Youth<\/a>, <a href=\"https:\/\/www.artemrede.pt\/en\/project-category\/multidisciplinar-temporada-2021-2022\/\" class=\"term term-project_category term-multidisciplinar-temporada-2021-2022\">Multidisciplinary<\/a>, <a href=\"https:\/\/www.artemrede.pt\/en\/project-category\/temporada-2021-2022\/\" class=\"term term-project_category term-temporada-2021-2022\">Temporada 2021-2022<\/a>, <a href=\"https:\/\/www.artemrede.pt\/en\/project-category\/visionarios\/\" class=\"term term-project_category term-visionarios\">Vision\u00e1rios<\/a><\/div><header class=\"entry-header\"><h2 class=\"entry-title\"><a href=\"https:\/\/www.artemrede.pt\/en\/project\/albuns-da-terra\/\" rel=\"bookmark\">\u00c1LBUNS DA TERRA<\/a><\/h2><\/header>\r\n\t<div class=\"entry-content\"><\/div>\r\n\r\n\t\r\n<\/article>\r\n\r\n\r\n<\/div>\r\n\r\n<div class=\"wm-posts-item wm-posts-item-3298 wm-column width-1-3 with-margin project_category-5o-manobras-outono project_category-criancas-e-jovens project_category-oeiras-5o-manobras-outono project_category-oeiras project_category-teatro-temporada-2021-2022 project_category-temporada-2021-2022 has-thumbnail\">\r\n\r\n\t\r\n\r\n<article id=\"post-3298\" class=\"post-3298 wm_projects type-wm_projects status-publish has-post-thumbnail hentry project_category-5o-manobras-outono project_category-criancas-e-jovens project_category-oeiras-5o-manobras-outono project_category-oeiras project_category-teatro-temporada-2021-2022 project_category-temporada-2021-2022 project_tag-teatro-infantil entry\">\r\n\r\n\t<div class=\"entry-media\"><figure class=\"post-thumbnail\"><a href=\"https:\/\/www.artemrede.pt\/en\/project\/antiprincesas-cba\/\"><img loading=\"lazy\" decoding=\"async\" width=\"744\" height=\"372\" src=\"https:\/\/www.artemrede.pt\/wp-content\/uploads\/2022\/09\/CarolinaBA_\u00a9Estelle-Valente_H_site-744x372.jpg\" class=\"attachment-icelander-thumbnail size-icelander-thumbnail wp-post-image\" alt=\"\" \/><\/a><\/figure><\/div><div class=\"wm-posts-element wm-html-element taxonomy taxonomy-project_category\"><span class=\"taxonomy-label\">Project Category: <\/span><a href=\"https:\/\/www.artemrede.pt\/en\/project-category\/5o-manobras-outono\/\" class=\"term term-project_category term-5o-manobras-outono\">Apresenta\u00e7\u00f5es 5\u00ba Manobras - outono<\/a>, <a href=\"https:\/\/www.artemrede.pt\/en\/project-category\/criancas-e-jovens\/\" class=\"term term-project_category term-criancas-e-jovens\">Children and Youth<\/a>, <a href=\"https:\/\/www.artemrede.pt\/en\/project-category\/oeiras-5o-manobras-outono\/\" class=\"term term-project_category term-oeiras-5o-manobras-outono\">Oeiras<\/a>, <a href=\"https:\/\/www.artemrede.pt\/en\/project-category\/oeiras\/\" class=\"term term-project_category term-oeiras\">Oeiras<\/a>, <a href=\"https:\/\/www.artemrede.pt\/en\/project-category\/teatro-temporada-2021-2022\/\" class=\"term term-project_category term-teatro-temporada-2021-2022\">Teatro<\/a>, <a href=\"https:\/\/www.artemrede.pt\/en\/project-category\/temporada-2021-2022\/\" class=\"term term-project_category term-temporada-2021-2022\">Temporada 2021-2022<\/a><\/div><header class=\"entry-header\"><h2 class=\"entry-title\"><a href=\"https:\/\/www.artemrede.pt\/en\/project\/antiprincesas-cba\/\" rel=\"bookmark\">ANTIPRINCESAS &#8211; CAROLINA BEATRIZ \u00c2NGELO<\/a><\/h2><\/header>\r\n\t<div class=\"entry-content\"><\/div>\r\n\r\n\t\r\n<\/article>\r\n\r\n\r\n<\/div>\r\n\r\n<div class=\"wm-posts-item wm-posts-item-3301 wm-column width-1-3 with-margin alt project_category-abrantes-territorios project_category-abrantes-5o-manobras-outono project_category-5o-manobras-outono project_category-danca-temporada-2021-2022 project_category-palmela-5o-manobras-outono project_category-palmela-territorios project_category-santarem-territorios project_category-santarem-5o-manobras-outono project_category-temporada-2021-2022 project_category-tomar-visionarios project_category-tomar-territorios project_category-tomar-5o-manobras-outono project_category-visionarios has-thumbnail\">\r\n\r\n\t\r\n\r\n<article id=\"post-3301\" class=\"post-3301 wm_projects type-wm_projects status-publish has-post-thumbnail hentry project_category-abrantes-territorios project_category-abrantes-5o-manobras-outono project_category-5o-manobras-outono project_category-danca-temporada-2021-2022 project_category-palmela-5o-manobras-outono project_category-palmela-territorios project_category-santarem-territorios project_category-santarem-5o-manobras-outono project_category-temporada-2021-2022 project_category-tomar-visionarios project_category-tomar-territorios project_category-tomar-5o-manobras-outono project_category-visionarios project_tag-danca entry\">\r\n\r\n\t<div class=\"entry-media\"><figure class=\"post-thumbnail\"><a href=\"https:\/\/www.artemrede.pt\/en\/project\/aprometido\/\"><img loading=\"lazy\" decoding=\"async\" width=\"744\" height=\"372\" src=\"https:\/\/www.artemrede.pt\/wp-content\/uploads\/2022\/09\/IMG_0193_site-744x372.jpg\" class=\"attachment-icelander-thumbnail size-icelander-thumbnail wp-post-image\" alt=\"\" \/><\/a><\/figure><\/div><div class=\"wm-posts-element wm-html-element taxonomy taxonomy-project_category\"><span class=\"taxonomy-label\">Project Category: <\/span><a href=\"https:\/\/www.artemrede.pt\/en\/project-category\/abrantes-territorios\/\" class=\"term term-project_category term-abrantes-territorios\">Abrantes<\/a>, <a href=\"https:\/\/www.artemrede.pt\/en\/project-category\/abrantes-5o-manobras-outono\/\" class=\"term term-project_category term-abrantes-5o-manobras-outono\">Abrantes<\/a>, <a href=\"https:\/\/www.artemrede.pt\/en\/project-category\/5o-manobras-outono\/\" class=\"term term-project_category term-5o-manobras-outono\">Apresenta\u00e7\u00f5es 5\u00ba Manobras - outono<\/a>, <a href=\"https:\/\/www.artemrede.pt\/en\/project-category\/danca-temporada-2021-2022\/\" class=\"term term-project_category term-danca-temporada-2021-2022\">Dan\u00e7a<\/a>, <a href=\"https:\/\/www.artemrede.pt\/en\/project-category\/palmela-5o-manobras-outono\/\" class=\"term term-project_category term-palmela-5o-manobras-outono\">Palmela<\/a>, <a href=\"https:\/\/www.artemrede.pt\/en\/project-category\/palmela-territorios\/\" class=\"term term-project_category term-palmela-territorios\">Palmela<\/a>, <a href=\"https:\/\/www.artemrede.pt\/en\/project-category\/santarem-territorios\/\" class=\"term term-project_category term-santarem-territorios\">Santar\u00e9m<\/a>, <a href=\"https:\/\/www.artemrede.pt\/en\/project-category\/santarem-5o-manobras-outono\/\" class=\"term term-project_category term-santarem-5o-manobras-outono\">Santar\u00e9m<\/a>, <a href=\"https:\/\/www.artemrede.pt\/en\/project-category\/temporada-2021-2022\/\" class=\"term term-project_category term-temporada-2021-2022\">Temporada 2021-2022<\/a>, <a href=\"https:\/\/www.artemrede.pt\/en\/project-category\/tomar-visionarios\/\" class=\"term term-project_category term-tomar-visionarios\">Tomar<\/a>, <a href=\"https:\/\/www.artemrede.pt\/en\/project-category\/tomar-territorios\/\" class=\"term term-project_category term-tomar-territorios\">Tomar<\/a>, <a href=\"https:\/\/www.artemrede.pt\/en\/project-category\/tomar-5o-manobras-outono\/\" class=\"term term-project_category term-tomar-5o-manobras-outono\">Tomar<\/a>, <a href=\"https:\/\/www.artemrede.pt\/en\/project-category\/visionarios\/\" class=\"term term-project_category term-visionarios\">Vision\u00e1rios<\/a><\/div><header class=\"entry-header\"><h2 class=\"entry-title\"><a href=\"https:\/\/www.artemrede.pt\/en\/project\/aprometido\/\" rel=\"bookmark\">APROMETIDO<\/a><\/h2><\/header>\r\n\t<div class=\"entry-content\"><\/div>\r\n\r\n\t\r\n<\/article>\r\n\r\n\r\n<\/div>\r\n\r\n<div class=\"wm-posts-item wm-posts-item-3303 wm-column width-1-3 with-margin project_category-5o-manobras-outono project_category-barreiro-territorios project_category-barreiro-5o-manobras-outono project_category-coproducoes-2022 project_category-criancas-e-jovens project_category-montijo-5o-manobras-outono project_category-montijo-territorios project_category-oeiras-5o-manobras-outono project_category-oeiras project_category-sobral-de-monte-agraco-territorios project_category-sobral-de-monte-agraco-5o-manobras-outono project_category-teatro-temporada-2021-2022 project_category-temporada-2021-2022 has-thumbnail\">\r\n\r\n\t\r\n\r\n<article id=\"post-3303\" class=\"post-3303 wm_projects type-wm_projects status-publish has-post-thumbnail hentry project_category-5o-manobras-outono project_category-barreiro-territorios project_category-barreiro-5o-manobras-outono project_category-coproducoes-2022 project_category-criancas-e-jovens project_category-montijo-5o-manobras-outono project_category-montijo-territorios project_category-oeiras-5o-manobras-outono project_category-oeiras project_category-sobral-de-monte-agraco-territorios project_category-sobral-de-monte-agraco-5o-manobras-outono project_category-teatro-temporada-2021-2022 project_category-temporada-2021-2022 project_tag-teatro entry\">\r\n\r\n\t<div class=\"entry-media\"><figure class=\"post-thumbnail\"><a href=\"https:\/\/www.artemrede.pt\/en\/project\/as-amigas-da-gaspar\/\"><img loading=\"lazy\" decoding=\"async\" width=\"744\" height=\"372\" src=\"https:\/\/www.artemrede.pt\/wp-content\/uploads\/2022\/09\/As-Amigas-da-Gaspar-13-744x372.jpg\" class=\"attachment-icelander-thumbnail size-icelander-thumbnail wp-post-image\" alt=\"\" \/><\/a><\/figure><\/div><div class=\"wm-posts-element wm-html-element taxonomy taxonomy-project_category\"><span class=\"taxonomy-label\">Project Category: <\/span><a href=\"https:\/\/www.artemrede.pt\/en\/project-category\/5o-manobras-outono\/\" class=\"term term-project_category term-5o-manobras-outono\">Apresenta\u00e7\u00f5es 5\u00ba Manobras - outono<\/a>, <a href=\"https:\/\/www.artemrede.pt\/en\/project-category\/barreiro-territorios\/\" class=\"term term-project_category term-barreiro-territorios\">Barreiro<\/a>, <a href=\"https:\/\/www.artemrede.pt\/en\/project-category\/barreiro-5o-manobras-outono\/\" class=\"term term-project_category term-barreiro-5o-manobras-outono\">Barreiro<\/a>, <a href=\"https:\/\/www.artemrede.pt\/en\/project-category\/coproducoes-2022\/\" class=\"term term-project_category term-coproducoes-2022\">Coprodu\u00e7\u00f5es 2022<\/a>, <a href=\"https:\/\/www.artemrede.pt\/en\/project-category\/criancas-e-jovens\/\" class=\"term term-project_category term-criancas-e-jovens\">Children and Youth<\/a>, <a href=\"https:\/\/www.artemrede.pt\/en\/project-category\/montijo-5o-manobras-outono\/\" class=\"term term-project_category term-montijo-5o-manobras-outono\">Montijo<\/a>, <a href=\"https:\/\/www.artemrede.pt\/en\/project-category\/montijo-territorios\/\" class=\"term term-project_category term-montijo-territorios\">Montijo<\/a>, <a href=\"https:\/\/www.artemrede.pt\/en\/project-category\/oeiras-5o-manobras-outono\/\" class=\"term term-project_category term-oeiras-5o-manobras-outono\">Oeiras<\/a>, <a href=\"https:\/\/www.artemrede.pt\/en\/project-category\/oeiras\/\" class=\"term term-project_category term-oeiras\">Oeiras<\/a>, <a href=\"https:\/\/www.artemrede.pt\/en\/project-category\/sobral-de-monte-agraco-territorios\/\" class=\"term term-project_category term-sobral-de-monte-agraco-territorios\">Sobral de Monte Agra\u00e7o<\/a>, <a href=\"https:\/\/www.artemrede.pt\/en\/project-category\/sobral-de-monte-agraco-5o-manobras-outono\/\" class=\"term term-project_category term-sobral-de-monte-agraco-5o-manobras-outono\">Sobral de Monte Agra\u00e7o<\/a>, <a href=\"https:\/\/www.artemrede.pt\/en\/project-category\/teatro-temporada-2021-2022\/\" class=\"term term-project_category term-teatro-temporada-2021-2022\">Teatro<\/a>, <a href=\"https:\/\/www.artemrede.pt\/en\/project-category\/temporada-2021-2022\/\" class=\"term term-project_category term-temporada-2021-2022\">Temporada 2021-2022<\/a><\/div><header class=\"entry-header\"><h2 class=\"entry-title\"><a href=\"https:\/\/www.artemrede.pt\/en\/project\/as-amigas-da-gaspar\/\" rel=\"bookmark\">AS AMIGAS DA GASPAR<\/a><\/h2><\/header>\r\n\t<div class=\"entry-content\"><\/div>\r\n\r\n\t\r\n<\/article>\r\n\r\n\r\n<\/div>\r\n\r\n<div class=\"wm-posts-item wm-posts-item-3330 wm-column width-1-3 with-margin alt project_category-alcanena-5o-manobras-outono project_category-alcanena-territorios project_category-5o-manobras-outono project_category-coproducoes-2022 project_category-montemor-o-novo-territorios project_category-montemor-o-novo-5o-manobras-outono project_category-multidisciplinar-temporada-2021-2022 project_category-palmela-territorios project_category-palmela-5o-manobras-outono project_category-santarem-territorios project_category-santarem-5o-manobras-outono project_category-temporada-2021-2022 has-thumbnail\">\r\n\r\n\t\r\n\r\n<article id=\"post-3330\" class=\"post-3330 wm_projects type-wm_projects status-publish has-post-thumbnail hentry project_category-alcanena-5o-manobras-outono project_category-alcanena-territorios project_category-5o-manobras-outono project_category-coproducoes-2022 project_category-montemor-o-novo-territorios project_category-montemor-o-novo-5o-manobras-outono project_category-multidisciplinar-temporada-2021-2022 project_category-palmela-territorios project_category-palmela-5o-manobras-outono project_category-santarem-territorios project_category-santarem-5o-manobras-outono project_category-temporada-2021-2022 project_tag-multidisciplinar entry\">\r\n\r\n\t<div class=\"entry-media\"><figure class=\"post-thumbnail\"><a href=\"https:\/\/www.artemrede.pt\/en\/project\/bom-anfitriao\/\"><img loading=\"lazy\" decoding=\"async\" width=\"744\" height=\"372\" src=\"https:\/\/www.artemrede.pt\/wp-content\/uploads\/2022\/09\/Copia-de-45_ensaio-dantarem-O-Bom-Anfitriao_\u00a9brunosimao_-744x372.jpg\" class=\"attachment-icelander-thumbnail size-icelander-thumbnail wp-post-image\" alt=\"\" \/><\/a><\/figure><\/div><div class=\"wm-posts-element wm-html-element taxonomy taxonomy-project_category\"><span class=\"taxonomy-label\">Project Category: <\/span><a href=\"https:\/\/www.artemrede.pt\/en\/project-category\/alcanena-5o-manobras-outono\/\" class=\"term term-project_category term-alcanena-5o-manobras-outono\">Alcanena<\/a>, <a href=\"https:\/\/www.artemrede.pt\/en\/project-category\/alcanena-territorios\/\" class=\"term term-project_category term-alcanena-territorios\">Alcanena<\/a>, <a href=\"https:\/\/www.artemrede.pt\/en\/project-category\/5o-manobras-outono\/\" class=\"term term-project_category term-5o-manobras-outono\">Apresenta\u00e7\u00f5es 5\u00ba Manobras - outono<\/a>, <a href=\"https:\/\/www.artemrede.pt\/en\/project-category\/coproducoes-2022\/\" class=\"term term-project_category term-coproducoes-2022\">Coprodu\u00e7\u00f5es 2022<\/a>, <a href=\"https:\/\/www.artemrede.pt\/en\/project-category\/montemor-o-novo-territorios\/\" class=\"term term-project_category term-montemor-o-novo-territorios\">Montemor-o-Novo<\/a>, <a href=\"https:\/\/www.artemrede.pt\/en\/project-category\/montemor-o-novo-5o-manobras-outono\/\" class=\"term term-project_category term-montemor-o-novo-5o-manobras-outono\">Montemor-o-Novo<\/a>, <a href=\"https:\/\/www.artemrede.pt\/en\/project-category\/multidisciplinar-temporada-2021-2022\/\" class=\"term term-project_category term-multidisciplinar-temporada-2021-2022\">Multidisciplinary<\/a>, <a href=\"https:\/\/www.artemrede.pt\/en\/project-category\/palmela-territorios\/\" class=\"term term-project_category term-palmela-territorios\">Palmela<\/a>, <a href=\"https:\/\/www.artemrede.pt\/en\/project-category\/palmela-5o-manobras-outono\/\" class=\"term term-project_category term-palmela-5o-manobras-outono\">Palmela<\/a>, <a href=\"https:\/\/www.artemrede.pt\/en\/project-category\/santarem-territorios\/\" class=\"term term-project_category term-santarem-territorios\">Santar\u00e9m<\/a>, <a href=\"https:\/\/www.artemrede.pt\/en\/project-category\/santarem-5o-manobras-outono\/\" class=\"term term-project_category term-santarem-5o-manobras-outono\">Santar\u00e9m<\/a>, <a href=\"https:\/\/www.artemrede.pt\/en\/project-category\/temporada-2021-2022\/\" class=\"term term-project_category term-temporada-2021-2022\">Temporada 2021-2022<\/a><\/div><header class=\"entry-header\"><h2 class=\"entry-title\"><a href=\"https:\/\/www.artemrede.pt\/en\/project\/bom-anfitriao\/\" rel=\"bookmark\">BOM ANFITRI\u00c3O<\/a><\/h2><\/header>\r\n\t<div class=\"entry-content\"><\/div>\r\n\r\n\t\r\n<\/article>\r\n\r\n\r\n<\/div>\r\n\r\n<div class=\"wm-posts-item wm-posts-item-3307 wm-column width-1-3 with-margin project_category-abrantes-territorios project_category-abrantes-visionarios project_category-abrantes-5o-manobras-outono project_category-alcanena-visionarios project_category-alcanena-territorios project_category-alcanena-5o-manobras-outono project_category-5o-manobras-outono project_category-artes-circenses project_category-temporada-2021-2022 project_category-visionarios has-thumbnail\">\r\n\r\n\t\r\n\r\n<article id=\"post-3307\" class=\"post-3307 wm_projects type-wm_projects status-publish has-post-thumbnail hentry project_category-abrantes-territorios project_category-abrantes-visionarios project_category-abrantes-5o-manobras-outono project_category-alcanena-visionarios project_category-alcanena-territorios project_category-alcanena-5o-manobras-outono project_category-5o-manobras-outono project_category-artes-circenses project_category-temporada-2021-2022 project_category-visionarios project_tag-artes-circenses entry\">\r\n\r\n\t<div class=\"entry-media\"><figure class=\"post-thumbnail\"><a href=\"https:\/\/www.artemrede.pt\/en\/project\/cha-das-cinco\/\"><img loading=\"lazy\" decoding=\"async\" width=\"744\" height=\"372\" src=\"https:\/\/www.artemrede.pt\/wp-content\/uploads\/2022\/09\/ChadasCincoFestiteatroEsposendeCMEsposende-744x372.jpg\" class=\"attachment-icelander-thumbnail size-icelander-thumbnail wp-post-image\" alt=\"\" \/><\/a><\/figure><\/div><div class=\"wm-posts-element wm-html-element taxonomy taxonomy-project_category\"><span class=\"taxonomy-label\">Project Category: <\/span><a href=\"https:\/\/www.artemrede.pt\/en\/project-category\/abrantes-territorios\/\" class=\"term term-project_category term-abrantes-territorios\">Abrantes<\/a>, <a href=\"https:\/\/www.artemrede.pt\/en\/project-category\/abrantes-visionarios\/\" class=\"term term-project_category term-abrantes-visionarios\">Abrantes<\/a>, <a href=\"https:\/\/www.artemrede.pt\/en\/project-category\/abrantes-5o-manobras-outono\/\" class=\"term term-project_category term-abrantes-5o-manobras-outono\">Abrantes<\/a>, <a href=\"https:\/\/www.artemrede.pt\/en\/project-category\/alcanena-visionarios\/\" class=\"term term-project_category term-alcanena-visionarios\">Alcanena<\/a>, <a href=\"https:\/\/www.artemrede.pt\/en\/project-category\/alcanena-territorios\/\" class=\"term term-project_category term-alcanena-territorios\">Alcanena<\/a>, <a href=\"https:\/\/www.artemrede.pt\/en\/project-category\/alcanena-5o-manobras-outono\/\" class=\"term term-project_category term-alcanena-5o-manobras-outono\">Alcanena<\/a>, <a href=\"https:\/\/www.artemrede.pt\/en\/project-category\/5o-manobras-outono\/\" class=\"term term-project_category term-5o-manobras-outono\">Apresenta\u00e7\u00f5es 5\u00ba Manobras - outono<\/a>, <a href=\"https:\/\/www.artemrede.pt\/en\/project-category\/artes-circenses\/\" class=\"term term-project_category term-artes-circenses\">Artes circenses<\/a>, <a href=\"https:\/\/www.artemrede.pt\/en\/project-category\/temporada-2021-2022\/\" class=\"term term-project_category term-temporada-2021-2022\">Temporada 2021-2022<\/a>, <a href=\"https:\/\/www.artemrede.pt\/en\/project-category\/visionarios\/\" class=\"term term-project_category term-visionarios\">Vision\u00e1rios<\/a><\/div><header class=\"entry-header\"><h2 class=\"entry-title\"><a href=\"https:\/\/www.artemrede.pt\/en\/project\/cha-das-cinco\/\" rel=\"bookmark\">CH\u00c1 DAS CINCO<\/a><\/h2><\/header>\r\n\t<div class=\"entry-content\"><\/div>\r\n\r\n\t\r\n<\/article>\r\n\r\n\r\n<\/div>\r\n\r\n<div class=\"wm-posts-item wm-posts-item-3355 wm-column width-1-3 with-margin alt project_category-alcanena-5o-manobras-outono project_category-alcanena-territorios project_category-alcobaca project_category-alcobaca-5o-manobras-outono project_category-5o-manobras-outono project_category-montemor-o-novo-territorios project_category-montemor-o-novo-5o-manobras-outono project_category-multidisciplinar-temporada-2021-2022 project_category-palmela-territorios project_category-palmela-5o-manobras-outono project_category-pombal-5o-manobras-outono project_category-pombal-territorios project_category-teatro-temporada-2021-2022 project_category-temporada-2021-2022 project_category-tomar-5o-manobras-outono project_category-tomar-territorios has-thumbnail\">\r\n\r\n\t\r\n\r\n<article id=\"post-3355\" class=\"post-3355 wm_projects type-wm_projects status-publish has-post-thumbnail hentry project_category-alcanena-5o-manobras-outono project_category-alcanena-territorios project_category-alcobaca project_category-alcobaca-5o-manobras-outono project_category-5o-manobras-outono project_category-montemor-o-novo-territorios project_category-montemor-o-novo-5o-manobras-outono project_category-multidisciplinar-temporada-2021-2022 project_category-palmela-territorios project_category-palmela-5o-manobras-outono project_category-pombal-5o-manobras-outono project_category-pombal-territorios project_category-teatro-temporada-2021-2022 project_category-temporada-2021-2022 project_category-tomar-5o-manobras-outono project_category-tomar-territorios project_tag-teatro-do-objeto entry\">\r\n\r\n\t<div class=\"entry-media\"><figure class=\"post-thumbnail\"><a href=\"https:\/\/www.artemrede.pt\/en\/project\/conservando-memoria\/\"><img loading=\"lazy\" decoding=\"async\" width=\"744\" height=\"372\" src=\"https:\/\/www.artemrede.pt\/wp-content\/uploads\/2022\/09\/190322ConservandoMemoria054_\u00a9-Clara-Larrea-744x372.jpg\" class=\"attachment-icelander-thumbnail size-icelander-thumbnail wp-post-image\" alt=\"\" \/><\/a><\/figure><\/div><div class=\"wm-posts-element wm-html-element taxonomy taxonomy-project_category\"><span class=\"taxonomy-label\">Project Category: <\/span><a href=\"https:\/\/www.artemrede.pt\/en\/project-category\/alcanena-5o-manobras-outono\/\" class=\"term term-project_category term-alcanena-5o-manobras-outono\">Alcanena<\/a>, <a href=\"https:\/\/www.artemrede.pt\/en\/project-category\/alcanena-territorios\/\" class=\"term term-project_category term-alcanena-territorios\">Alcanena<\/a>, <a href=\"https:\/\/www.artemrede.pt\/en\/project-category\/alcobaca\/\" class=\"term term-project_category term-alcobaca\">Alcoba\u00e7a<\/a>, <a href=\"https:\/\/www.artemrede.pt\/en\/project-category\/alcobaca-5o-manobras-outono\/\" class=\"term term-project_category term-alcobaca-5o-manobras-outono\">Alcoba\u00e7a<\/a>, <a href=\"https:\/\/www.artemrede.pt\/en\/project-category\/5o-manobras-outono\/\" class=\"term term-project_category term-5o-manobras-outono\">Apresenta\u00e7\u00f5es 5\u00ba Manobras - outono<\/a>, <a href=\"https:\/\/www.artemrede.pt\/en\/project-category\/montemor-o-novo-territorios\/\" class=\"term term-project_category term-montemor-o-novo-territorios\">Montemor-o-Novo<\/a>, <a href=\"https:\/\/www.artemrede.pt\/en\/project-category\/montemor-o-novo-5o-manobras-outono\/\" class=\"term term-project_category term-montemor-o-novo-5o-manobras-outono\">Montemor-o-Novo<\/a>, <a href=\"https:\/\/www.artemrede.pt\/en\/project-category\/multidisciplinar-temporada-2021-2022\/\" class=\"term term-project_category term-multidisciplinar-temporada-2021-2022\">Multidisciplinary<\/a>, <a href=\"https:\/\/www.artemrede.pt\/en\/project-category\/palmela-territorios\/\" class=\"term term-project_category term-palmela-territorios\">Palmela<\/a>, <a href=\"https:\/\/www.artemrede.pt\/en\/project-category\/palmela-5o-manobras-outono\/\" class=\"term term-project_category term-palmela-5o-manobras-outono\">Palmela<\/a>, <a href=\"https:\/\/www.artemrede.pt\/en\/project-category\/pombal-5o-manobras-outono\/\" class=\"term term-project_category term-pombal-5o-manobras-outono\">Pombal<\/a>, <a href=\"https:\/\/www.artemrede.pt\/en\/project-category\/pombal-territorios\/\" class=\"term term-project_category term-pombal-territorios\">Pombal<\/a>, <a href=\"https:\/\/www.artemrede.pt\/en\/project-category\/teatro-temporada-2021-2022\/\" class=\"term term-project_category term-teatro-temporada-2021-2022\">Teatro<\/a>, <a href=\"https:\/\/www.artemrede.pt\/en\/project-category\/temporada-2021-2022\/\" class=\"term term-project_category term-temporada-2021-2022\">Temporada 2021-2022<\/a>, <a href=\"https:\/\/www.artemrede.pt\/en\/project-category\/tomar-5o-manobras-outono\/\" class=\"term term-project_category term-tomar-5o-manobras-outono\">Tomar<\/a>, <a href=\"https:\/\/www.artemrede.pt\/en\/project-category\/tomar-territorios\/\" class=\"term term-project_category term-tomar-territorios\">Tomar<\/a><\/div><header class=\"entry-header\"><h2 class=\"entry-title\"><a href=\"https:\/\/www.artemrede.pt\/en\/project\/conservando-memoria\/\" rel=\"bookmark\">CONSERVANDO MEM\u00d3RIA<\/a><\/h2><\/header>\r\n\t<div class=\"entry-content\"><\/div>\r\n\r\n\t\r\n<\/article>\r\n\r\n\r\n<\/div>\r\n\r\n<div class=\"wm-posts-item wm-posts-item-3285 wm-column width-1-3 with-margin project_category-5o-manobras-outono project_category-criancas-e-jovens project_category-marionetas-temporada-2021-2022 project_category-musica-temporada-2021-2022 project_category-pombal-visionarios project_category-pombal-territorios project_category-pombal-5o-manobras-outono project_category-temporada-2021-2022 project_category-visionarios has-thumbnail\">\r\n\r\n\t\r\n\r\n<article id=\"post-3285\" class=\"post-3285 wm_projects type-wm_projects status-publish has-post-thumbnail hentry project_category-5o-manobras-outono project_category-criancas-e-jovens project_category-marionetas-temporada-2021-2022 project_category-musica-temporada-2021-2022 project_category-pombal-visionarios project_category-pombal-territorios project_category-pombal-5o-manobras-outono project_category-temporada-2021-2022 project_category-visionarios project_tag-marionetas-musica entry\">\r\n\r\n\t<div class=\"entry-media\"><figure class=\"post-thumbnail\"><a href=\"https:\/\/www.artemrede.pt\/en\/project\/consonancia\/\"><img loading=\"lazy\" decoding=\"async\" width=\"600\" height=\"372\" src=\"https:\/\/www.artemrede.pt\/wp-content\/uploads\/2022\/09\/30-600x372.jpg\" class=\"attachment-icelander-thumbnail size-icelander-thumbnail wp-post-image\" alt=\"\" srcset=\"https:\/\/www.artemrede.pt\/wp-content\/uploads\/2022\/09\/30-600x372.jpg 600w, https:\/\/www.artemrede.pt\/wp-content\/uploads\/2022\/09\/30-18x12.jpg 18w\" sizes=\"auto, (max-width: 600px) 100vw, 600px\" \/><\/a><\/figure><\/div><div class=\"wm-posts-element wm-html-element taxonomy taxonomy-project_category\"><span class=\"taxonomy-label\">Project Category: <\/span><a href=\"https:\/\/www.artemrede.pt\/en\/project-category\/5o-manobras-outono\/\" class=\"term term-project_category term-5o-manobras-outono\">Apresenta\u00e7\u00f5es 5\u00ba Manobras - outono<\/a>, <a href=\"https:\/\/www.artemrede.pt\/en\/project-category\/criancas-e-jovens\/\" class=\"term term-project_category term-criancas-e-jovens\">Children and Youth<\/a>, <a href=\"https:\/\/www.artemrede.pt\/en\/project-category\/marionetas-temporada-2021-2022\/\" class=\"term term-project_category term-marionetas-temporada-2021-2022\">Puppets<\/a>, <a href=\"https:\/\/www.artemrede.pt\/en\/project-category\/musica-temporada-2021-2022\/\" class=\"term term-project_category term-musica-temporada-2021-2022\">MUSIC<\/a>, <a href=\"https:\/\/www.artemrede.pt\/en\/project-category\/pombal-visionarios\/\" class=\"term term-project_category term-pombal-visionarios\">Pombal<\/a>, <a href=\"https:\/\/www.artemrede.pt\/en\/project-category\/pombal-territorios\/\" class=\"term term-project_category term-pombal-territorios\">Pombal<\/a>, <a href=\"https:\/\/www.artemrede.pt\/en\/project-category\/pombal-5o-manobras-outono\/\" class=\"term term-project_category term-pombal-5o-manobras-outono\">Pombal<\/a>, <a href=\"https:\/\/www.artemrede.pt\/en\/project-category\/temporada-2021-2022\/\" class=\"term term-project_category term-temporada-2021-2022\">Temporada 2021-2022<\/a>, <a href=\"https:\/\/www.artemrede.pt\/en\/project-category\/visionarios\/\" class=\"term term-project_category term-visionarios\">Vision\u00e1rios<\/a><\/div><header class=\"entry-header\"><h2 class=\"entry-title\"><a href=\"https:\/\/www.artemrede.pt\/en\/project\/consonancia\/\" rel=\"bookmark\">CONSON\u00c2NCIA<\/a><\/h2><\/header>\r\n\t<div class=\"entry-content\"><\/div>\r\n\r\n\t\r\n<\/article>\r\n\r\n\r\n<\/div>\r\n\r\n<div class=\"wm-posts-item wm-posts-item-3309 wm-column width-1-3 with-margin alt project_category-alcobaca-5o-manobras-outono project_category-alcobaca project_category-alcobaca-visionarios project_category-5o-manobras-outono project_category-criancas-e-jovens project_category-sesimbra-5o-manobras-outono project_category-sesimbra-territorios project_category-teatro-temporada-2021-2022 project_category-temporada-2021-2022 project_category-visionarios has-thumbnail\">\r\n\r\n\t\r\n\r\n<article id=\"post-3309\" class=\"post-3309 wm_projects type-wm_projects status-publish has-post-thumbnail hentry project_category-alcobaca-5o-manobras-outono project_category-alcobaca project_category-alcobaca-visionarios project_category-5o-manobras-outono project_category-criancas-e-jovens project_category-sesimbra-5o-manobras-outono project_category-sesimbra-territorios project_category-teatro-temporada-2021-2022 project_category-temporada-2021-2022 project_category-visionarios project_tag-artes-circenses entry\">\r\n\r\n\t<div class=\"entry-media\"><figure class=\"post-thumbnail\"><a href=\"https:\/\/www.artemrede.pt\/en\/project\/cha-das-cinco-copy\/\"><img loading=\"lazy\" decoding=\"async\" width=\"744\" height=\"372\" src=\"https:\/\/www.artemrede.pt\/wp-content\/uploads\/2022\/09\/CdM_Dama-Pe-de-Mim_16-Janeiro_IMG_2488_E01-744x372.jpg\" class=\"attachment-icelander-thumbnail size-icelander-thumbnail wp-post-image\" alt=\"\" \/><\/a><\/figure><\/div><div class=\"wm-posts-element wm-html-element taxonomy taxonomy-project_category\"><span class=\"taxonomy-label\">Project Category: <\/span><a href=\"https:\/\/www.artemrede.pt\/en\/project-category\/alcobaca-5o-manobras-outono\/\" class=\"term term-project_category term-alcobaca-5o-manobras-outono\">Alcoba\u00e7a<\/a>, <a href=\"https:\/\/www.artemrede.pt\/en\/project-category\/alcobaca\/\" class=\"term term-project_category term-alcobaca\">Alcoba\u00e7a<\/a>, <a href=\"https:\/\/www.artemrede.pt\/en\/project-category\/alcobaca-visionarios\/\" class=\"term term-project_category term-alcobaca-visionarios\">Alcoba\u00e7a<\/a>, <a href=\"https:\/\/www.artemrede.pt\/en\/project-category\/5o-manobras-outono\/\" class=\"term term-project_category term-5o-manobras-outono\">Apresenta\u00e7\u00f5es 5\u00ba Manobras - outono<\/a>, <a href=\"https:\/\/www.artemrede.pt\/en\/project-category\/criancas-e-jovens\/\" class=\"term term-project_category term-criancas-e-jovens\">Children and Youth<\/a>, <a href=\"https:\/\/www.artemrede.pt\/en\/project-category\/sesimbra-5o-manobras-outono\/\" class=\"term term-project_category term-sesimbra-5o-manobras-outono\">Sesimbra<\/a>, <a href=\"https:\/\/www.artemrede.pt\/en\/project-category\/sesimbra-territorios\/\" class=\"term term-project_category term-sesimbra-territorios\">Sesimbra<\/a>, <a href=\"https:\/\/www.artemrede.pt\/en\/project-category\/teatro-temporada-2021-2022\/\" class=\"term term-project_category term-teatro-temporada-2021-2022\">Teatro<\/a>, <a href=\"https:\/\/www.artemrede.pt\/en\/project-category\/temporada-2021-2022\/\" class=\"term term-project_category term-temporada-2021-2022\">Temporada 2021-2022<\/a>, <a href=\"https:\/\/www.artemrede.pt\/en\/project-category\/visionarios\/\" class=\"term term-project_category term-visionarios\">Vision\u00e1rios<\/a><\/div><header class=\"entry-header\"><h2 class=\"entry-title\"><a href=\"https:\/\/www.artemrede.pt\/en\/project\/cha-das-cinco-copy\/\" rel=\"bookmark\">DAMA P\u00c9 DE MIM<\/a><\/h2><\/header>\r\n\t<div class=\"entry-content\"><\/div>\r\n\r\n\t\r\n<\/article>\r\n\r\n\r\n<\/div>\r\n\r\n<div class=\"wm-posts-item wm-posts-item-3315 wm-column width-1-3 with-margin project_category-5o-manobras-outono project_category-coproducoes-2022 project_category-moita-territorios project_category-moita-5o-manobras-outono project_category-montijo-territorios project_category-montijo-5o-manobras-outono project_category-multidisciplinar-temporada-2021-2022 project_category-sobral-de-monte-agraco-territorios project_category-sobral-de-monte-agraco-5o-manobras-outono project_category-teatro-temporada-2021-2022 project_category-temporada-2021-2022 project_category-torres-vedras-5o-manobras-outono project_category-torres-vedras has-thumbnail\">\r\n\r\n\t\r\n\r\n<article id=\"post-3315\" class=\"post-3315 wm_projects type-wm_projects status-publish has-post-thumbnail hentry project_category-5o-manobras-outono project_category-coproducoes-2022 project_category-moita-territorios project_category-moita-5o-manobras-outono project_category-montijo-territorios project_category-montijo-5o-manobras-outono project_category-multidisciplinar-temporada-2021-2022 project_category-sobral-de-monte-agraco-territorios project_category-sobral-de-monte-agraco-5o-manobras-outono project_category-teatro-temporada-2021-2022 project_category-temporada-2021-2022 project_category-torres-vedras-5o-manobras-outono project_category-torres-vedras project_tag-performance-instalacao entry\">\r\n\r\n\t<div class=\"entry-media\"><figure class=\"post-thumbnail\"><a href=\"https:\/\/www.artemrede.pt\/en\/project\/do-outro-lado-da-linha\/\"><img loading=\"lazy\" decoding=\"async\" width=\"744\" height=\"372\" src=\"https:\/\/www.artemrede.pt\/wp-content\/uploads\/2022\/09\/site_Do-Outro-Lado-da-Linha-14-744x372.jpg\" class=\"attachment-icelander-thumbnail size-icelander-thumbnail wp-post-image\" alt=\"\" \/><\/a><\/figure><\/div><div class=\"wm-posts-element wm-html-element taxonomy taxonomy-project_category\"><span class=\"taxonomy-label\">Project Category: <\/span><a href=\"https:\/\/www.artemrede.pt\/en\/project-category\/5o-manobras-outono\/\" class=\"term term-project_category term-5o-manobras-outono\">Apresenta\u00e7\u00f5es 5\u00ba Manobras - outono<\/a>, <a href=\"https:\/\/www.artemrede.pt\/en\/project-category\/coproducoes-2022\/\" class=\"term term-project_category term-coproducoes-2022\">Coprodu\u00e7\u00f5es 2022<\/a>, <a href=\"https:\/\/www.artemrede.pt\/en\/project-category\/moita-territorios\/\" class=\"term term-project_category term-moita-territorios\">Moita<\/a>, <a href=\"https:\/\/www.artemrede.pt\/en\/project-category\/moita-5o-manobras-outono\/\" class=\"term term-project_category term-moita-5o-manobras-outono\">Moita<\/a>, <a href=\"https:\/\/www.artemrede.pt\/en\/project-category\/montijo-territorios\/\" class=\"term term-project_category term-montijo-territorios\">Montijo<\/a>, <a href=\"https:\/\/www.artemrede.pt\/en\/project-category\/montijo-5o-manobras-outono\/\" class=\"term term-project_category term-montijo-5o-manobras-outono\">Montijo<\/a>, <a href=\"https:\/\/www.artemrede.pt\/en\/project-category\/multidisciplinar-temporada-2021-2022\/\" class=\"term term-project_category term-multidisciplinar-temporada-2021-2022\">Multidisciplinary<\/a>, <a href=\"https:\/\/www.artemrede.pt\/en\/project-category\/sobral-de-monte-agraco-territorios\/\" class=\"term term-project_category term-sobral-de-monte-agraco-territorios\">Sobral de Monte Agra\u00e7o<\/a>, <a href=\"https:\/\/www.artemrede.pt\/en\/project-category\/sobral-de-monte-agraco-5o-manobras-outono\/\" class=\"term term-project_category term-sobral-de-monte-agraco-5o-manobras-outono\">Sobral de Monte Agra\u00e7o<\/a>, <a href=\"https:\/\/www.artemrede.pt\/en\/project-category\/teatro-temporada-2021-2022\/\" class=\"term term-project_category term-teatro-temporada-2021-2022\">Teatro<\/a>, <a href=\"https:\/\/www.artemrede.pt\/en\/project-category\/temporada-2021-2022\/\" class=\"term term-project_category term-temporada-2021-2022\">Temporada 2021-2022<\/a>, <a href=\"https:\/\/www.artemrede.pt\/en\/project-category\/torres-vedras-5o-manobras-outono\/\" class=\"term term-project_category term-torres-vedras-5o-manobras-outono\">Torres Vedras<\/a>, <a href=\"https:\/\/www.artemrede.pt\/en\/project-category\/torres-vedras\/\" class=\"term term-project_category term-torres-vedras\">Torres Vedras<\/a><\/div><header class=\"entry-header\"><h2 class=\"entry-title\"><a href=\"https:\/\/www.artemrede.pt\/en\/project\/do-outro-lado-da-linha\/\" rel=\"bookmark\">DO OUTRO LADO DA LINHA<\/a><\/h2><\/header>\r\n\t<div class=\"entry-content\"><\/div>\r\n\r\n\t\r\n<\/article>\r\n\r\n\r\n<\/div>\r\n\r\n<div class=\"wm-posts-item wm-posts-item-3320 wm-column width-1-3 with-margin alt project_category-5o-manobras-outono project_category-criancas-e-jovens project_category-multidisciplinar-temporada-2021-2022 project_category-sesimbra-visionarios project_category-sesimbra-territorios project_category-sesimbra-5o-manobras-outono project_category-temporada-2021-2022 project_category-visionarios has-thumbnail\">\r\n\r\n\t\r\n\r\n<article id=\"post-3320\" class=\"post-3320 wm_projects type-wm_projects status-publish has-post-thumbnail hentry project_category-5o-manobras-outono project_category-criancas-e-jovens project_category-multidisciplinar-temporada-2021-2022 project_category-sesimbra-visionarios project_category-sesimbra-territorios project_category-sesimbra-5o-manobras-outono project_category-temporada-2021-2022 project_category-visionarios project_tag-ilustracao project_tag-musica project_tag-teatro entry\">\r\n\r\n\t<div class=\"entry-media\"><figure class=\"post-thumbnail\"><a href=\"https:\/\/www.artemrede.pt\/en\/project\/impossivel\/\"><img loading=\"lazy\" decoding=\"async\" width=\"744\" height=\"372\" src=\"https:\/\/www.artemrede.pt\/wp-content\/uploads\/2022\/09\/Impossivel_9_SITE-744x372.jpg\" class=\"attachment-icelander-thumbnail size-icelander-thumbnail wp-post-image\" alt=\"\" \/><\/a><\/figure><\/div><div class=\"wm-posts-element wm-html-element taxonomy taxonomy-project_category\"><span class=\"taxonomy-label\">Project Category: <\/span><a href=\"https:\/\/www.artemrede.pt\/en\/project-category\/5o-manobras-outono\/\" class=\"term term-project_category term-5o-manobras-outono\">Apresenta\u00e7\u00f5es 5\u00ba Manobras - outono<\/a>, <a href=\"https:\/\/www.artemrede.pt\/en\/project-category\/criancas-e-jovens\/\" class=\"term term-project_category term-criancas-e-jovens\">Children and Youth<\/a>, <a href=\"https:\/\/www.artemrede.pt\/en\/project-category\/multidisciplinar-temporada-2021-2022\/\" class=\"term term-project_category term-multidisciplinar-temporada-2021-2022\">Multidisciplinary<\/a>, <a href=\"https:\/\/www.artemrede.pt\/en\/project-category\/sesimbra-visionarios\/\" class=\"term term-project_category term-sesimbra-visionarios\">Sesimbra<\/a>, <a href=\"https:\/\/www.artemrede.pt\/en\/project-category\/sesimbra-territorios\/\" class=\"term term-project_category term-sesimbra-territorios\">Sesimbra<\/a>, <a href=\"https:\/\/www.artemrede.pt\/en\/project-category\/sesimbra-5o-manobras-outono\/\" class=\"term term-project_category term-sesimbra-5o-manobras-outono\">Sesimbra<\/a>, <a href=\"https:\/\/www.artemrede.pt\/en\/project-category\/temporada-2021-2022\/\" class=\"term term-project_category term-temporada-2021-2022\">Temporada 2021-2022<\/a>, <a href=\"https:\/\/www.artemrede.pt\/en\/project-category\/visionarios\/\" class=\"term term-project_category term-visionarios\">Vision\u00e1rios<\/a><\/div><header class=\"entry-header\"><h2 class=\"entry-title\"><a href=\"https:\/\/www.artemrede.pt\/en\/project\/impossivel\/\" rel=\"bookmark\">IMPOSS\u00cdVEL<\/a><\/h2><\/header>\r\n\t<div class=\"entry-content\"><\/div>\r\n\r\n\t\r\n<\/article>\r\n\r\n\r\n<\/div>\r\n\r\n<div class=\"wm-posts-item wm-posts-item-3327 wm-column width-1-3 with-margin project_category-5o-manobras-outono project_category-marionetas-temporada-2021-2022 project_category-montijo-5o-manobras-outono project_category-montijo-territorios project_category-sobral-de-monte-agraco-5o-manobras-outono project_category-sobral-de-monte-agraco-territorios project_category-temporada-2021-2022 project_category-torres-vedras project_category-torres-vedras-5o-manobras-outono has-thumbnail\">\r\n\r\n\t\r\n\r\n<article id=\"post-3327\" class=\"post-3327 wm_projects type-wm_projects status-publish has-post-thumbnail hentry project_category-5o-manobras-outono project_category-marionetas-temporada-2021-2022 project_category-montijo-5o-manobras-outono project_category-montijo-territorios project_category-sobral-de-monte-agraco-5o-manobras-outono project_category-sobral-de-monte-agraco-territorios project_category-temporada-2021-2022 project_category-torres-vedras project_category-torres-vedras-5o-manobras-outono project_tag-marionetas entry\">\r\n\r\n\t<div class=\"entry-media\"><figure class=\"post-thumbnail\"><a href=\"https:\/\/www.artemrede.pt\/en\/project\/na-floresta\/\"><img loading=\"lazy\" decoding=\"async\" width=\"744\" height=\"372\" src=\"https:\/\/www.artemrede.pt\/wp-content\/uploads\/2022\/09\/\u00a9Susana_Neves_Na_floresta_8696_site-744x372.jpg\" class=\"attachment-icelander-thumbnail size-icelander-thumbnail wp-post-image\" alt=\"\" \/><\/a><\/figure><\/div><div class=\"wm-posts-element wm-html-element taxonomy taxonomy-project_category\"><span class=\"taxonomy-label\">Project Category: <\/span><a href=\"https:\/\/www.artemrede.pt\/en\/project-category\/5o-manobras-outono\/\" class=\"term term-project_category term-5o-manobras-outono\">Apresenta\u00e7\u00f5es 5\u00ba Manobras - outono<\/a>, <a href=\"https:\/\/www.artemrede.pt\/en\/project-category\/marionetas-temporada-2021-2022\/\" class=\"term term-project_category term-marionetas-temporada-2021-2022\">Puppets<\/a>, <a href=\"https:\/\/www.artemrede.pt\/en\/project-category\/montijo-5o-manobras-outono\/\" class=\"term term-project_category term-montijo-5o-manobras-outono\">Montijo<\/a>, <a href=\"https:\/\/www.artemrede.pt\/en\/project-category\/montijo-territorios\/\" class=\"term term-project_category term-montijo-territorios\">Montijo<\/a>, <a href=\"https:\/\/www.artemrede.pt\/en\/project-category\/sobral-de-monte-agraco-5o-manobras-outono\/\" class=\"term term-project_category term-sobral-de-monte-agraco-5o-manobras-outono\">Sobral de Monte Agra\u00e7o<\/a>, <a href=\"https:\/\/www.artemrede.pt\/en\/project-category\/sobral-de-monte-agraco-territorios\/\" class=\"term term-project_category term-sobral-de-monte-agraco-territorios\">Sobral de Monte Agra\u00e7o<\/a>, <a href=\"https:\/\/www.artemrede.pt\/en\/project-category\/temporada-2021-2022\/\" class=\"term term-project_category term-temporada-2021-2022\">Temporada 2021-2022<\/a>, <a href=\"https:\/\/www.artemrede.pt\/en\/project-category\/torres-vedras\/\" class=\"term term-project_category term-torres-vedras\">Torres Vedras<\/a>, <a href=\"https:\/\/www.artemrede.pt\/en\/project-category\/torres-vedras-5o-manobras-outono\/\" class=\"term term-project_category term-torres-vedras-5o-manobras-outono\">Torres Vedras<\/a><\/div><header class=\"entry-header\"><h2 class=\"entry-title\"><a href=\"https:\/\/www.artemrede.pt\/en\/project\/na-floresta\/\" rel=\"bookmark\">NA FLORESTA<\/a><\/h2><\/header>\r\n\t<div class=\"entry-content\"><\/div>\r\n\r\n\t\r\n<\/article>\r\n\r\n\r\n<\/div>\r\n\r\n<div class=\"wm-posts-item wm-posts-item-3339 wm-column width-1-3 with-margin alt project_category-alcobaca-5o-manobras-outono project_category-alcobaca project_category-alcobaca-visionarios project_category-5o-manobras-outono project_category-marionetas-temporada-2021-2022 project_category-sobral-de-monte-agraco-5o-manobras-outono project_category-sobral-de-monte-agraco-territorios project_category-temporada-2021-2022 project_category-tomar-5o-manobras-outono project_category-tomar-visionarios project_category-tomar-territorios has-thumbnail\">\r\n\r\n\t\r\n\r\n<article id=\"post-3339\" class=\"post-3339 wm_projects type-wm_projects status-publish has-post-thumbnail hentry project_category-alcobaca-5o-manobras-outono project_category-alcobaca project_category-alcobaca-visionarios project_category-5o-manobras-outono project_category-marionetas-temporada-2021-2022 project_category-sobral-de-monte-agraco-5o-manobras-outono project_category-sobral-de-monte-agraco-territorios project_category-temporada-2021-2022 project_category-tomar-5o-manobras-outono project_category-tomar-visionarios project_category-tomar-territorios project_tag-marionetas entry\">\r\n\r\n\t<div class=\"entry-media\"><figure class=\"post-thumbnail\"><a href=\"https:\/\/www.artemrede.pt\/en\/project\/o-guardiao-do-rio\/\"><img loading=\"lazy\" decoding=\"async\" width=\"744\" height=\"372\" src=\"https:\/\/www.artemrede.pt\/wp-content\/uploads\/2022\/09\/O-Guardi_o-do-rio-Fotografia-Pedro-Vieira-de-Carvalho_SITE-744x372.jpg\" class=\"attachment-icelander-thumbnail size-icelander-thumbnail wp-post-image\" alt=\"\" \/><\/a><\/figure><\/div><div class=\"wm-posts-element wm-html-element taxonomy taxonomy-project_category\"><span class=\"taxonomy-label\">Project Category: <\/span><a href=\"https:\/\/www.artemrede.pt\/en\/project-category\/alcobaca-5o-manobras-outono\/\" class=\"term term-project_category term-alcobaca-5o-manobras-outono\">Alcoba\u00e7a<\/a>, <a href=\"https:\/\/www.artemrede.pt\/en\/project-category\/alcobaca\/\" class=\"term term-project_category term-alcobaca\">Alcoba\u00e7a<\/a>, <a href=\"https:\/\/www.artemrede.pt\/en\/project-category\/alcobaca-visionarios\/\" class=\"term term-project_category term-alcobaca-visionarios\">Alcoba\u00e7a<\/a>, <a href=\"https:\/\/www.artemrede.pt\/en\/project-category\/5o-manobras-outono\/\" class=\"term term-project_category term-5o-manobras-outono\">Apresenta\u00e7\u00f5es 5\u00ba Manobras - outono<\/a>, <a href=\"https:\/\/www.artemrede.pt\/en\/project-category\/marionetas-temporada-2021-2022\/\" class=\"term term-project_category term-marionetas-temporada-2021-2022\">Puppets<\/a>, <a href=\"https:\/\/www.artemrede.pt\/en\/project-category\/sobral-de-monte-agraco-5o-manobras-outono\/\" class=\"term term-project_category term-sobral-de-monte-agraco-5o-manobras-outono\">Sobral de Monte Agra\u00e7o<\/a>, <a href=\"https:\/\/www.artemrede.pt\/en\/project-category\/sobral-de-monte-agraco-territorios\/\" class=\"term term-project_category term-sobral-de-monte-agraco-territorios\">Sobral de Monte Agra\u00e7o<\/a>, <a href=\"https:\/\/www.artemrede.pt\/en\/project-category\/temporada-2021-2022\/\" class=\"term term-project_category term-temporada-2021-2022\">Temporada 2021-2022<\/a>, <a href=\"https:\/\/www.artemrede.pt\/en\/project-category\/tomar-5o-manobras-outono\/\" class=\"term term-project_category term-tomar-5o-manobras-outono\">Tomar<\/a>, <a href=\"https:\/\/www.artemrede.pt\/en\/project-category\/tomar-visionarios\/\" class=\"term term-project_category term-tomar-visionarios\">Tomar<\/a>, <a href=\"https:\/\/www.artemrede.pt\/en\/project-category\/tomar-territorios\/\" class=\"term term-project_category term-tomar-territorios\">Tomar<\/a><\/div><header class=\"entry-header\"><h2 class=\"entry-title\"><a href=\"https:\/\/www.artemrede.pt\/en\/project\/o-guardiao-do-rio\/\" rel=\"bookmark\">O GUARDI\u00c3O DO RIO<\/a><\/h2><\/header>\r\n\t<div class=\"entry-content\"><\/div>\r\n\r\n\t\r\n<\/article>\r\n\r\n\r\n<\/div>\r\n\r\n<div class=\"wm-posts-item wm-posts-item-3341 wm-column width-1-3 with-margin project_category-abrantes-territorios project_category-abrantes-5o-manobras-outono project_category-5o-manobras-outono project_category-marionetas-temporada-2021-2022 project_category-temporada-2021-2022 has-thumbnail\">\r\n\r\n\t\r\n\r\n<article id=\"post-3341\" class=\"post-3341 wm_projects type-wm_projects status-publish has-post-thumbnail hentry project_category-abrantes-territorios project_category-abrantes-5o-manobras-outono project_category-5o-manobras-outono project_category-marionetas-temporada-2021-2022 project_category-temporada-2021-2022 project_tag-teatro-de-marionetas entry\">\r\n\r\n\t<div class=\"entry-media\"><figure class=\"post-thumbnail\"><a href=\"https:\/\/www.artemrede.pt\/en\/project\/onirotoptero\/\"><img loading=\"lazy\" decoding=\"async\" width=\"744\" height=\"372\" src=\"https:\/\/www.artemrede.pt\/wp-content\/uploads\/2022\/09\/oniro02_patricia-viana-744x372.jpg\" class=\"attachment-icelander-thumbnail size-icelander-thumbnail wp-post-image\" alt=\"\" srcset=\"https:\/\/www.artemrede.pt\/wp-content\/uploads\/2022\/09\/oniro02_patricia-viana-744x372.jpg 744w, https:\/\/www.artemrede.pt\/wp-content\/uploads\/2022\/09\/oniro02_patricia-viana-18x10.jpg 18w\" sizes=\"auto, (max-width: 744px) 100vw, 744px\" \/><\/a><\/figure><\/div><div class=\"wm-posts-element wm-html-element taxonomy taxonomy-project_category\"><span class=\"taxonomy-label\">Project Category: <\/span><a href=\"https:\/\/www.artemrede.pt\/en\/project-category\/abrantes-territorios\/\" class=\"term term-project_category term-abrantes-territorios\">Abrantes<\/a>, <a href=\"https:\/\/www.artemrede.pt\/en\/project-category\/abrantes-5o-manobras-outono\/\" class=\"term term-project_category term-abrantes-5o-manobras-outono\">Abrantes<\/a>, <a href=\"https:\/\/www.artemrede.pt\/en\/project-category\/5o-manobras-outono\/\" class=\"term term-project_category term-5o-manobras-outono\">Apresenta\u00e7\u00f5es 5\u00ba Manobras - outono<\/a>, <a href=\"https:\/\/www.artemrede.pt\/en\/project-category\/marionetas-temporada-2021-2022\/\" class=\"term term-project_category term-marionetas-temporada-2021-2022\">Puppets<\/a>, <a href=\"https:\/\/www.artemrede.pt\/en\/project-category\/temporada-2021-2022\/\" class=\"term term-project_category term-temporada-2021-2022\">Temporada 2021-2022<\/a><\/div><header class=\"entry-header\"><h2 class=\"entry-title\"><a href=\"https:\/\/www.artemrede.pt\/en\/project\/onirotoptero\/\" rel=\"bookmark\">ONIROT\u00d3PTERO<\/a><\/h2><\/header>\r\n\t<div class=\"entry-content\"><\/div>\r\n\r\n\t\r\n<\/article>\r\n\r\n\r\n<\/div>\r\n\r\n<div class=\"wm-posts-item wm-posts-item-3346 wm-column width-1-3 with-margin alt project_category-5o-manobras-outono project_category-artes-de-rua project_category-barreiro-territorios project_category-barreiro-5o-manobras-outono project_category-barreiro-visionarios project_category-multidisciplinar-temporada-2021-2022 project_category-temporada-2021-2022 has-thumbnail\">\r\n\r\n\t\r\n\r\n<article id=\"post-3346\" class=\"post-3346 wm_projects type-wm_projects status-publish has-post-thumbnail hentry project_category-5o-manobras-outono project_category-artes-de-rua project_category-barreiro-territorios project_category-barreiro-5o-manobras-outono project_category-barreiro-visionarios project_category-multidisciplinar-temporada-2021-2022 project_category-temporada-2021-2022 project_tag-artes-de-rua project_tag-multidisciplinar entry\">\r\n\r\n\t<div class=\"entry-media\"><figure class=\"post-thumbnail\"><a href=\"https:\/\/www.artemrede.pt\/en\/project\/palaphita\/\"><img loading=\"lazy\" decoding=\"async\" width=\"744\" height=\"372\" src=\"https:\/\/www.artemrede.pt\/wp-content\/uploads\/2022\/09\/\u00a9JoaoVersosRoldao_2022_23MILHAS_Ilustracao_a_Vista_Palaphita_8MAI_LowRes-22-744x372.jpg\" class=\"attachment-icelander-thumbnail size-icelander-thumbnail wp-post-image\" alt=\"\" \/><\/a><\/figure><\/div><div class=\"wm-posts-element wm-html-element taxonomy taxonomy-project_category\"><span class=\"taxonomy-label\">Project Category: <\/span><a href=\"https:\/\/www.artemrede.pt\/en\/project-category\/5o-manobras-outono\/\" class=\"term term-project_category term-5o-manobras-outono\">Apresenta\u00e7\u00f5es 5\u00ba Manobras - outono<\/a>, <a href=\"https:\/\/www.artemrede.pt\/en\/project-category\/artes-de-rua\/\" class=\"term term-project_category term-artes-de-rua\">Artes de rua<\/a>, <a href=\"https:\/\/www.artemrede.pt\/en\/project-category\/barreiro-territorios\/\" class=\"term term-project_category term-barreiro-territorios\">Barreiro<\/a>, <a href=\"https:\/\/www.artemrede.pt\/en\/project-category\/barreiro-5o-manobras-outono\/\" class=\"term term-project_category term-barreiro-5o-manobras-outono\">Barreiro<\/a>, <a href=\"https:\/\/www.artemrede.pt\/en\/project-category\/barreiro-visionarios\/\" class=\"term term-project_category term-barreiro-visionarios\">Barreiro<\/a>, <a href=\"https:\/\/www.artemrede.pt\/en\/project-category\/multidisciplinar-temporada-2021-2022\/\" class=\"term term-project_category term-multidisciplinar-temporada-2021-2022\">Multidisciplinary<\/a>, <a href=\"https:\/\/www.artemrede.pt\/en\/project-category\/temporada-2021-2022\/\" class=\"term term-project_category term-temporada-2021-2022\">Temporada 2021-2022<\/a><\/div><header class=\"entry-header\"><h2 class=\"entry-title\"><a href=\"https:\/\/www.artemrede.pt\/en\/project\/palaphita\/\" rel=\"bookmark\">PALAPHITA<\/a><\/h2><\/header>\r\n\t<div class=\"entry-content\"><\/div>\r\n\r\n\t\r\n<\/article>\r\n\r\n\r\n<\/div>\r\n\r\n<div class=\"wm-posts-item wm-posts-item-3268 wm-column width-1-3 with-margin project_category-abrantes-5o-manobras-outono project_category-alcanena-territorios project_category-alcobaca-5o-manobras-outono project_category-alcobaca project_category-5o-manobras-outono project_category-danca-temporada-2021-2022 project_category-pombal-territorios project_category-pombal-5o-manobras-outono project_category-temporada-2021-2022 has-thumbnail\">\r\n\r\n\t\r\n\r\n<article id=\"post-3268\" class=\"post-3268 wm_projects type-wm_projects status-publish has-post-thumbnail hentry project_category-abrantes-5o-manobras-outono project_category-alcanena-territorios project_category-alcobaca-5o-manobras-outono project_category-alcobaca project_category-5o-manobras-outono project_category-danca-temporada-2021-2022 project_category-pombal-territorios project_category-pombal-5o-manobras-outono project_category-temporada-2021-2022 project_tag-danca entry\">\r\n\r\n\t<div class=\"entry-media\"><figure class=\"post-thumbnail\"><a href=\"https:\/\/www.artemrede.pt\/en\/project\/pe-ante-pe\/\"><img loading=\"lazy\" decoding=\"async\" width=\"744\" height=\"372\" src=\"https:\/\/www.artemrede.pt\/wp-content\/uploads\/2022\/07\/20201105-Pe-Ante-Pe_1-Dia_0315-744x372.jpg\" class=\"attachment-icelander-thumbnail size-icelander-thumbnail wp-post-image\" alt=\"\" \/><\/a><\/figure><\/div><div class=\"wm-posts-element wm-html-element taxonomy taxonomy-project_category\"><span class=\"taxonomy-label\">Project Category: <\/span><a href=\"https:\/\/www.artemrede.pt\/en\/project-category\/abrantes-5o-manobras-outono\/\" class=\"term term-project_category term-abrantes-5o-manobras-outono\">Abrantes<\/a>, <a href=\"https:\/\/www.artemrede.pt\/en\/project-category\/alcanena-territorios\/\" class=\"term term-project_category term-alcanena-territorios\">Alcanena<\/a>, <a href=\"https:\/\/www.artemrede.pt\/en\/project-category\/alcobaca-5o-manobras-outono\/\" class=\"term term-project_category term-alcobaca-5o-manobras-outono\">Alcoba\u00e7a<\/a>, <a href=\"https:\/\/www.artemrede.pt\/en\/project-category\/alcobaca\/\" class=\"term term-project_category term-alcobaca\">Alcoba\u00e7a<\/a>, <a href=\"https:\/\/www.artemrede.pt\/en\/project-category\/5o-manobras-outono\/\" class=\"term term-project_category term-5o-manobras-outono\">Apresenta\u00e7\u00f5es 5\u00ba Manobras - outono<\/a>, <a href=\"https:\/\/www.artemrede.pt\/en\/project-category\/danca-temporada-2021-2022\/\" class=\"term term-project_category term-danca-temporada-2021-2022\">Dan\u00e7a<\/a>, <a href=\"https:\/\/www.artemrede.pt\/en\/project-category\/pombal-territorios\/\" class=\"term term-project_category term-pombal-territorios\">Pombal<\/a>, <a href=\"https:\/\/www.artemrede.pt\/en\/project-category\/pombal-5o-manobras-outono\/\" class=\"term term-project_category term-pombal-5o-manobras-outono\">Pombal<\/a>, <a href=\"https:\/\/www.artemrede.pt\/en\/project-category\/temporada-2021-2022\/\" class=\"term term-project_category term-temporada-2021-2022\">Temporada 2021-2022<\/a><\/div><header class=\"entry-header\"><h2 class=\"entry-title\"><a href=\"https:\/\/www.artemrede.pt\/en\/project\/pe-ante-pe\/\" rel=\"bookmark\">P\u00c9 ANTE P\u00c9<\/a><\/h2><\/header>\r\n\t<div class=\"entry-content\"><\/div>\r\n\r\n\t\r\n<\/article>\r\n\r\n\r\n<\/div>\r\n\r\n<div class=\"wm-posts-item wm-posts-item-3343 wm-column width-1-3 with-margin alt project_category-5o-manobras-outono project_category-barreiro-5o-manobras-outono project_category-barreiro-territorios project_category-marionetas-temporada-2021-2022 project_category-palmela-5o-manobras-outono project_category-palmela-territorios project_category-temporada-2021-2022 has-thumbnail\">\r\n\r\n\t\r\n\r\n<article id=\"post-3343\" class=\"post-3343 wm_projects type-wm_projects status-publish has-post-thumbnail hentry project_category-5o-manobras-outono project_category-barreiro-5o-manobras-outono project_category-barreiro-territorios project_category-marionetas-temporada-2021-2022 project_category-palmela-5o-manobras-outono project_category-palmela-territorios project_category-temporada-2021-2022 project_tag-teatro-de-marionetas entry\">\r\n\r\n\t<div class=\"entry-media\"><figure class=\"post-thumbnail\"><a href=\"https:\/\/www.artemrede.pt\/en\/project\/qubim-2\/\"><img loading=\"lazy\" decoding=\"async\" width=\"744\" height=\"372\" src=\"https:\/\/www.artemrede.pt\/wp-content\/uploads\/2022\/09\/QubimSandraNeves2-744x372.jpg\" class=\"attachment-icelander-thumbnail size-icelander-thumbnail wp-post-image\" alt=\"\" \/><\/a><\/figure><\/div><div class=\"wm-posts-element wm-html-element taxonomy taxonomy-project_category\"><span class=\"taxonomy-label\">Project Category: <\/span><a href=\"https:\/\/www.artemrede.pt\/en\/project-category\/5o-manobras-outono\/\" class=\"term term-project_category term-5o-manobras-outono\">Apresenta\u00e7\u00f5es 5\u00ba Manobras - outono<\/a>, <a href=\"https:\/\/www.artemrede.pt\/en\/project-category\/barreiro-5o-manobras-outono\/\" class=\"term term-project_category term-barreiro-5o-manobras-outono\">Barreiro<\/a>, <a href=\"https:\/\/www.artemrede.pt\/en\/project-category\/barreiro-territorios\/\" class=\"term term-project_category term-barreiro-territorios\">Barreiro<\/a>, <a href=\"https:\/\/www.artemrede.pt\/en\/project-category\/marionetas-temporada-2021-2022\/\" class=\"term term-project_category term-marionetas-temporada-2021-2022\">Puppets<\/a>, <a href=\"https:\/\/www.artemrede.pt\/en\/project-category\/palmela-5o-manobras-outono\/\" class=\"term term-project_category term-palmela-5o-manobras-outono\">Palmela<\/a>, <a href=\"https:\/\/www.artemrede.pt\/en\/project-category\/palmela-territorios\/\" class=\"term term-project_category term-palmela-territorios\">Palmela<\/a>, <a href=\"https:\/\/www.artemrede.pt\/en\/project-category\/temporada-2021-2022\/\" class=\"term term-project_category term-temporada-2021-2022\">Temporada 2021-2022<\/a><\/div><header class=\"entry-header\"><h2 class=\"entry-title\"><a href=\"https:\/\/www.artemrede.pt\/en\/project\/qubim-2\/\" rel=\"bookmark\">QUBIM<\/a><\/h2><\/header>\r\n\t<div class=\"entry-content\"><\/div>\r\n\r\n\t\r\n<\/article>\r\n\r\n\r\n<\/div>\r\n\r\n<div class=\"wm-posts-item wm-posts-item-3352 wm-column width-1-3 with-margin project_category-abrantes-territorios project_category-alcanena-territorios project_category-alcobaca-5o-manobras-outono project_category-5o-manobras-outono project_category-barreiro-5o-manobras-outono project_category-moita-5o-manobras-outono project_category-montemor-o-novo-territorios project_category-multidisciplinar-temporada-2021-2022 project_category-oeiras project_category-palmela-5o-manobras-outono project_category-pombal-5o-manobras-outono project_category-santarem-territorios project_category-sesimbra-5o-manobras-outono project_category-sobral-de-monte-agraco-5o-manobras-outono project_category-temporada-2021-2022 project_category-tomar-5o-manobras-outono project_category-tomar-territorios has-thumbnail\">\r\n\r\n\t\r\n\r\n<article id=\"post-3352\" class=\"post-3352 wm_projects type-wm_projects status-publish has-post-thumbnail hentry project_category-abrantes-territorios project_category-alcanena-territorios project_category-alcobaca-5o-manobras-outono project_category-5o-manobras-outono project_category-barreiro-5o-manobras-outono project_category-moita-5o-manobras-outono project_category-montemor-o-novo-territorios project_category-multidisciplinar-temporada-2021-2022 project_category-oeiras project_category-palmela-5o-manobras-outono project_category-pombal-5o-manobras-outono project_category-santarem-territorios project_category-sesimbra-5o-manobras-outono project_category-sobral-de-monte-agraco-5o-manobras-outono project_category-temporada-2021-2022 project_category-tomar-5o-manobras-outono project_category-tomar-territorios project_tag-teatro-de-objeto entry\">\r\n\r\n\t<div class=\"entry-media\"><figure class=\"post-thumbnail\"><a href=\"https:\/\/www.artemrede.pt\/en\/project\/sapatos-novos\/\"><img loading=\"lazy\" decoding=\"async\" width=\"744\" height=\"372\" src=\"https:\/\/www.artemrede.pt\/wp-content\/uploads\/2022\/09\/TIAN-POBLE-NIT-744x372.jpg\" class=\"attachment-icelander-thumbnail size-icelander-thumbnail wp-post-image\" alt=\"\" \/><\/a><\/figure><\/div><div class=\"wm-posts-element wm-html-element taxonomy taxonomy-project_category\"><span class=\"taxonomy-label\">Project Category: <\/span><a href=\"https:\/\/www.artemrede.pt\/en\/project-category\/abrantes-territorios\/\" class=\"term term-project_category term-abrantes-territorios\">Abrantes<\/a>, <a href=\"https:\/\/www.artemrede.pt\/en\/project-category\/alcanena-territorios\/\" class=\"term term-project_category term-alcanena-territorios\">Alcanena<\/a>, <a href=\"https:\/\/www.artemrede.pt\/en\/project-category\/alcobaca-5o-manobras-outono\/\" class=\"term term-project_category term-alcobaca-5o-manobras-outono\">Alcoba\u00e7a<\/a>, <a href=\"https:\/\/www.artemrede.pt\/en\/project-category\/5o-manobras-outono\/\" class=\"term term-project_category term-5o-manobras-outono\">Apresenta\u00e7\u00f5es 5\u00ba Manobras - outono<\/a>, <a href=\"https:\/\/www.artemrede.pt\/en\/project-category\/barreiro-5o-manobras-outono\/\" class=\"term term-project_category term-barreiro-5o-manobras-outono\">Barreiro<\/a>, <a href=\"https:\/\/www.artemrede.pt\/en\/project-category\/moita-5o-manobras-outono\/\" class=\"term term-project_category term-moita-5o-manobras-outono\">Moita<\/a>, <a href=\"https:\/\/www.artemrede.pt\/en\/project-category\/montemor-o-novo-territorios\/\" class=\"term term-project_category term-montemor-o-novo-territorios\">Montemor-o-Novo<\/a>, <a href=\"https:\/\/www.artemrede.pt\/en\/project-category\/multidisciplinar-temporada-2021-2022\/\" class=\"term term-project_category term-multidisciplinar-temporada-2021-2022\">Multidisciplinary<\/a>, <a href=\"https:\/\/www.artemrede.pt\/en\/project-category\/oeiras\/\" class=\"term term-project_category term-oeiras\">Oeiras<\/a>, <a href=\"https:\/\/www.artemrede.pt\/en\/project-category\/palmela-5o-manobras-outono\/\" class=\"term term-project_category term-palmela-5o-manobras-outono\">Palmela<\/a>, <a href=\"https:\/\/www.artemrede.pt\/en\/project-category\/pombal-5o-manobras-outono\/\" class=\"term term-project_category term-pombal-5o-manobras-outono\">Pombal<\/a>, <a href=\"https:\/\/www.artemrede.pt\/en\/project-category\/santarem-territorios\/\" class=\"term term-project_category term-santarem-territorios\">Santar\u00e9m<\/a>, <a href=\"https:\/\/www.artemrede.pt\/en\/project-category\/sesimbra-5o-manobras-outono\/\" class=\"term term-project_category term-sesimbra-5o-manobras-outono\">Sesimbra<\/a>, <a href=\"https:\/\/www.artemrede.pt\/en\/project-category\/sobral-de-monte-agraco-5o-manobras-outono\/\" class=\"term term-project_category term-sobral-de-monte-agraco-5o-manobras-outono\">Sobral de Monte Agra\u00e7o<\/a>, <a href=\"https:\/\/www.artemrede.pt\/en\/project-category\/temporada-2021-2022\/\" class=\"term term-project_category term-temporada-2021-2022\">Temporada 2021-2022<\/a>, <a href=\"https:\/\/www.artemrede.pt\/en\/project-category\/tomar-5o-manobras-outono\/\" class=\"term term-project_category term-tomar-5o-manobras-outono\">Tomar<\/a>, <a href=\"https:\/\/www.artemrede.pt\/en\/project-category\/tomar-territorios\/\" class=\"term term-project_category term-tomar-territorios\">Tomar<\/a><\/div><header class=\"entry-header\"><h2 class=\"entry-title\"><a href=\"https:\/\/www.artemrede.pt\/en\/project\/sapatos-novos\/\" rel=\"bookmark\">SAPATOS NOVOS<\/a><\/h2><\/header>\r\n\t<div class=\"entry-content\"><\/div>\r\n\r\n\t\r\n<\/article>\r\n\r\n\r\n<\/div>\r\n<\/div><\/div>\n<h2>\n\t\tInforma\u00e7\u00f5es e Bilheteiras\n\t<\/h2>\n\t<h2>ABRANTES<\/h2>\n<strong>Servi\u00e7o de Turismo<\/strong><br \/>\n(+351) 241 330 100 [tecla 6 + 4 )\n\t<h2>ALCANENA<\/h2>\n<strong>Cine-Teatro S\u00e3o Pedro<br \/>\n<\/strong>(+351) 249 889\u00a0010\n\t<h2>ALCOBA\u00c7A<\/h2>\n<strong>Cine-Teatro de Alcoba\u00e7a Jo\u00e3o D&#8217;Oliva Monteiro<\/strong><br \/>\nRua Afonso de Albuquerque, 2460-020 Alcoba\u00e7a<br \/>\nTelefone (Dentro do Hor\u00e1rio de Funcionamento da Bilheteira):<br \/>\n(+351) 262 580 890 (reservas) \/ (+351) 262 580 885<br \/>\n<em>Bilheteira Online<\/em><br \/>\n<a href=\"https:\/\/alcobaca.bol.pt\">Link aqui<\/a>t\n\t<h2>BARREIRO<\/h2>\n<strong>Audit\u00f3rio Municipal Augusto Cabrita<\/strong><br \/>\nParque da Cidade | Av. Escola de Fuzileiros Navais 2830 Barreiro<br \/>\nInforma\u00e7\u00f5es: (+351) 212 068 232 | dcpc@cm-barreiro.pt<br \/>\nBilheteira: (+351) 212 068 230<br \/>\nDe 3\u00aa a domingo, das 14h00 \u00e0s 20h00. Aos fins-de-semana, com espet\u00e1culo, a bilheteira abre 1h antes do mesmo.\n\t<h2>MOITA<\/h2>\n<strong>F\u00f3rum Cultural Jos\u00e9 Manuel Figueiredo<\/strong><br \/>\n(+351) 210 888 900 | forum.cultural.jmf@mail.cm-moita.pt<br \/>\n3a a S\u00e1b., das 14:30 \u00e0s 19:30<br \/>\nDias de espet\u00e1culo\/cinema: 1hora antes da sess\u00e3o; encerra com o in\u00edcio da sess\u00e3o.\n\t<h2>MONTEMOR-O-NOVO<\/h2>\n<p>(+351) 934 528 351<\/p>\n<p>&nbsp;<\/p>\n<p>&nbsp;<\/p>\n\t<h2>\u00a0 MONTIJO<\/h2>\n<strong>Cinema-Teatro Joaquim d&#8217;Almeida<\/strong><br \/>\nBilheteira: de 3a a 6a das 15:00 \u00e0s 19:00 \/ Em dias de espet\u00e1culo, abre 2 horas antes do in\u00edcio do mesmo.<br \/>\nInforma\u00e7\u00f5es e reservas: (+351) 212 327 882 | ctjabilheteira@mun-montijo.pt\n\t<h2>OEIRAS<\/h2>\n<strong>Biblioteca Municipal de Oeiras<\/strong><br \/>\nInforma\u00e7\u00f5es e reservas: (+351) 214 406 342 | maria.dornellas@oeiras.pt\n\t<h2>PALMELA<\/h2>\n<strong>Cine-Teatro S\u00e3o Jo\u00e3o<\/strong><br \/>\n(+351) 212 336 630<br \/>\ncultura@cm-palmela.pt<br \/>\n<strong>Mandatory reservations<\/strong>\n<strong>Audit\u00f3rio Municipal do Pinhal Novo<\/strong><br \/>\n(+351) 212 336 638<br \/>\ncultura@cm-palmela.pt<br \/>\n<strong>Mandatory reservations<\/strong>\n<strong>Centro Cultural de Poceir\u00e3o<\/strong><br \/>\n(+351) 212 336 655<br \/>\ncultura@cm-palmela.pt<br \/>\n<strong>Mandatory reservations<\/strong>\n\t<h2>POMBAL<\/h2>\n<strong>TEATRO-CINE DE POMBAL<\/strong><br \/>\nPra\u00e7a Manuel Henriques Junior 3100-500 Pombal<br \/>\nInforma\u00e7\u00f5es:<br \/>\n+351 236 210 542 | teatrocine@cm-pombal.pt\nHor\u00e1rio da Bilheteira: 3\u00aa a 6\u00aa Feira I 14:00 &#8211; 18:00\nV\u00e9spera de Espet\u00e1culo I 14:00 &#8211; 21:00\nDia do Espet\u00e1culo I A partir das 14:00\nBilheteira on-line: <a href=\"https:\/\/servicosonline.cm-pombal.pt\/bilheteira\/\">link aqui<\/a>\n\t<h2>SANTAR\u00c9M<\/h2>\n<strong>Teatro S\u00e1 da Bandeira<\/strong><br \/>\n(+351)243 309 460 | teatrosabandeira@cm-santarem.pt<br \/>\nhttps:\/\/www.santaremcultura.pt\/\n\t<h2>SESIMBRA<\/h2>\n<strong>Cineteatro Municipal Jo\u00e3o Mota<\/strong><br \/>\nInforma\u00e7\u00f5es e reservas: (+351) 212 234 034 | cineteatro@cm-sesimbra.pt \/ reservas.cineteatro@cm-sesimbra.pt\n\t<h2>SOBRAL DE<br \/>\nMONTE AGRA\u00c7O<\/h2>\n<strong>Cine-Teatro de Sobral de Monte Agra\u00e7o<\/strong><br \/>\n(+351) 261 948 321 | cineteatro@cm-sobral.pt<br \/>\nBilheteira: 5\u00aa e 6\u00aa Feira: 16h00 \u00e0s 19h00 \/ S\u00e1bado com Espet\u00e1culo: 16h00 \u00e0s 19h00 \/ Dias de Espet\u00e1culo: 1h30 antes do in\u00edcio\n\n\t<h2>TOMAR<\/h2>\n<strong>Cineteatro Para\u00edso<br \/>\n<\/strong>cineteatro@cm-tomar.pt<br \/>\n(+351) 249 329 190<br \/>\n[3\u00aa a s\u00e1bado, das 15h \u00e0s 19h<br \/>\ne 1 hora antes do espet\u00e1culo]\n\t<h2>TORRES VEDRAS<\/h2>\n<strong>Teatro-Cine de Torres Vedras<\/strong><br \/>\n(+351) 261 338 131 | teatro.cine@cm-tvedras.pt<br \/>\nBilheteira: De 5a a S\u00e1b. a partir das 18h00 em dias de espet\u00e1culo | espet\u00e1culos ao domingo \u00e0 tarde: uma hora antes do espet\u00e1culo\n\n\t<p class=\" translation-block\">The <strong> ticket purchase <\/strong> must be made at the <strong> usual ticket offices in each presentation space <\/strong>. We recommend that you inform yourself in a timely manner about purchasing tickets for the contacts provided above.<\/p>\n<p>We would like to thank everyone for their collaboration to follow the rules and recommendations indicated by those responsible for each presentation space.<\/p>\n<p><strong>Good shows!<\/strong><\/p>\n\t\t\t\t<img loading=\"lazy\" decoding=\"async\" src=\"https:\/\/www.artemrede.pt\/wp-content\/uploads\/2022\/09\/Screenshot-2022-09-09-at-17.57.19.png\" alt=\"Screenshot 2022-09-09 at 17.57.19\" itemprop=\"image\" height=\"285\" width=\"1830\" title=\"Screenshot 2022-09-09 at 17.57.19\" onerror=\"this.style.display='none'\"  \/>\n<a href=\"https:\/\/www.artemrede.pt\/en\/\" class=\"wm-button size-large button\" target=\"_blank\">www.artemrede.pt<\/a>","protected":false},"excerpt":{"rendered":"<div class=\"entry-summary\">\n<div class=\"entry-summary\">\nUma crian\u00e7a usa sapatos novos e vai at\u00e9 ao rio para um lanche. Ao longo do caminho, descobre o mundo que o rodeia: ruas, casas, paisagens, pessoas e animais. Os seus sapatos acumulam experi\u00eancias e ele cresce, pouco a pouco.&hellip;\n<\/div>\n<\/div>","protected":false},"author":3,"featured_media":0,"parent":0,"menu_order":0,"comment_status":"closed","ping_status":"closed","template":"templates\/blank.php","meta":{"om_disable_all_campaigns":false,"_monsterinsights_skip_tracking":false,"_monsterinsights_sitenote_active":false,"_monsterinsights_sitenote_note":"","_monsterinsights_sitenote_category":0,"footnotes":""},"class_list":["post-3263","page","type-page","status-publish","hentry","entry"],"aioseo_notices":[],"uagb_featured_image_src":{"full":false,"thumbnail":false,"medium":false,"medium_large":false,"large":false,"1536x1536":false,"2048x2048":false,"trp-custom-language-flag":false,"icelander-thumbnail":false,"icelander-square":false,"icelander-intro":false},"uagb_author_info":{"display_name":"In\u00eas Arromba","author_link":"https:\/\/www.artemrede.pt\/en\/author\/artred_arromba\/"},"uagb_comment_info":0,"uagb_excerpt":"A page builder example layout for a landing page. This is using a \"Blank\" page template to remove website header and footer.","_links":{"self":[{"href":"https:\/\/www.artemrede.pt\/en\/wp-json\/wp\/v2\/pages\/3263","targetHints":{"allow":["GET"]}}],"collection":[{"href":"https:\/\/www.artemrede.pt\/en\/wp-json\/wp\/v2\/pages"}],"about":[{"href":"https:\/\/www.artemrede.pt\/en\/wp-json\/wp\/v2\/types\/page"}],"author":[{"embeddable":true,"href":"https:\/\/www.artemrede.pt\/en\/wp-json\/wp\/v2\/users\/3"}],"replies":[{"embeddable":true,"href":"https:\/\/www.artemrede.pt\/en\/wp-json\/wp\/v2\/comments?post=3263"}],"version-history":[{"count":16,"href":"https:\/\/www.artemrede.pt\/en\/wp-json\/wp\/v2\/pages\/3263\/revisions"}],"predecessor-version":[{"id":3407,"href":"https:\/\/www.artemrede.pt\/en\/wp-json\/wp\/v2\/pages\/3263\/revisions\/3407"}],"wp:attachment":[{"href":"https:\/\/www.artemrede.pt\/en\/wp-json\/wp\/v2\/media?parent=3263"}],"curies":[{"name":"wp","href":"https:\/\/api.w.org\/{rel}","templated":true}]}}