{"id":1070,"date":"2017-03-09T15:20:56","date_gmt":"2017-03-09T15:20:56","guid":{"rendered":"http:\/\/themedemos.webmandesign.eu\/icelander\/?page_id=7"},"modified":"2026-08-31T16:28:12","modified_gmt":"2026-08-31T16:28:12","slug":"home-2","status":"publish","type":"page","link":"https:\/\/www.artemrede.pt\/en\/","title":{"rendered":"."},"content":{"rendered":"<div class=\"wm-posts wm-posts-wrap clearfix wm-posts-post wm-posts-layout-default posts\"><div class=\"wm-posts-container wm-items-container with-margin\" data-columns=\"3\" data-time=\"0\" data-layout-mode=\"masonry\"><div class=\"wm-row with-margin\">\r\n<div class=\"wm-posts-item wm-posts-item-4831 wm-column width-1-3 with-margin has-thumbnail\">\r\n\r\n\t\r\n\r\n<article id=\"post-4831\" class=\"post-4831 post type-post status-publish format-standard has-post-thumbnail hentry category-projetos-coop category-sem-categoria entry\">\r\n\r\n\t<div class=\"entry-media\"><figure class=\"post-thumbnail\"><a href=\"https:\/\/www.artemrede.pt\/en\/2026\/08\/31\/lace\/\"><img loading=\"lazy\" decoding=\"async\" width=\"480\" height=\"270\" src=\"https:\/\/www.artemrede.pt\/wp-content\/uploads\/2026\/08\/26__LACE_composicao_1-480x270.png\" class=\"attachment-thumbnail size-thumbnail wp-post-image\" alt=\"\" srcset=\"https:\/\/www.artemrede.pt\/wp-content\/uploads\/2026\/08\/26__LACE_composicao_1-480x270.png 480w, https:\/\/www.artemrede.pt\/wp-content\/uploads\/2026\/08\/26__LACE_composicao_1-1920x1080.png 1920w\" sizes=\"auto, (max-width: 480px) 100vw, 480px\" \/><\/a><\/figure><\/div><header class=\"entry-header\"><h2 class=\"entry-title\"><a href=\"https:\/\/www.artemrede.pt\/en\/2026\/08\/31\/lace\/\" rel=\"bookmark\">LACE! Laborat\u00f3rio de Artes e Cr\u00edtica Escrita<\/a><\/h2><\/header>\n<footer class=\"entry-meta\">\n<span class=\"entry-meta-element entry-date posted-on\">\n\t<span class=\"entry-meta-description label-published\">\n\t\tPosted on:\t<\/span>\n\t<a href=\"https:\/\/www.artemrede.pt\/en\/2026\/08\/31\/lace\/\" rel=\"bookmark\">\n\t\t<time datetime=\"2026-08-31T14:05:44+00:00\" class=\"published\" title=\"Posted on: 31 de August, 2026\">\n\t\t\t31 de August, 2026\t\t<\/time>\n\t<\/a>\n\t<span class=\"entry-meta-description label-updated\">\n\t\tLast updated on:\t<\/span>\n\t<time class=\"updated\" datetime=\"2026-08-31T15:53:12+00:00\" title=\"Last updated on: 31 de August, 2026\">\n\t\t31 de August, 2026\t<\/time>\n<\/span>\n\n<span class=\"entry-meta-element byline author vcard\">\n\t<span class=\"entry-meta-description\">\n\t\tWritten by:\t<\/span>\n\t<a href=\"https:\/\/www.artemrede.pt\/en\/author\/artred_bruno\/\" class=\"url fn n\" rel=\"author\">\n\t\tBruno Castro\t<\/a>\n<\/span>\n<\/footer>\n\r\n\t<div class=\"entry-content\"><div class=\"entry-summary\">\n<div class=\"entry-summary\">\nA Artemrede procura jovens adolescentes para uma rela\u00e7\u00e3o mais apurada e consciente as artes performativas. O LACE \u2013 Laborat\u00f3rio de Artes e Cr\u00edtica Escrita &#8211; cruza o acesso a espet\u00e1culos com a forma\u00e7\u00e3o em pensamento cr\u00edtico e escrita. Inscri\u00e7\u00f5es abertas em Almada, Lisboa e Torres Vedras!\n<\/div>\n<div class=\"link-more\"><a href=\"https:\/\/www.artemrede.pt\/en\/2026\/08\/31\/lace\/\" class=\"more-link\">Continue reading<span class=\"screen-reader-text\"> &ldquo;LACE! Laborat\u00f3rio de Artes e Cr\u00edtica Escrita&rdquo;<\/span>&hellip;<\/a><\/div>\n<\/div>\n<div class=\"link-more\"><a href=\"https:\/\/www.artemrede.pt\/en\/2026\/08\/31\/lace\/\" class=\"more-link\">Continue reading<span class=\"screen-reader-text\"> &ldquo;LACE! Laborat\u00f3rio de Artes e Cr\u00edtica Escrita&rdquo;<\/span>&hellip;<\/a><\/div>\n<\/div>\r\n\r\n\t\r\n<\/article>\r\n\r\n\r\n<\/div>\r\n\r\n<div class=\"wm-posts-item wm-posts-item-4562 wm-column width-1-3 with-margin alt has-thumbnail\">\r\n\r\n\t\r\n\r\n<article id=\"post-4562\" class=\"post-4562 post type-post status-publish format-standard has-post-thumbnail hentry category-projetos-coop category-sem-categoria entry\">\r\n\r\n\t<div class=\"entry-media\"><figure class=\"post-thumbnail\"><a href=\"https:\/\/www.artemrede.pt\/en\/2026\/08\/04\/oficinas-livro-de-si\/\"><img loading=\"lazy\" decoding=\"async\" width=\"480\" height=\"270\" src=\"https:\/\/www.artemrede.pt\/wp-content\/uploads\/2026\/01\/Oficina-Livro-de-Si-2-480x270.jpg\" class=\"attachment-thumbnail size-thumbnail wp-post-image\" alt=\"\" srcset=\"https:\/\/www.artemrede.pt\/wp-content\/uploads\/2026\/01\/Oficina-Livro-de-Si-2-480x270.jpg 480w, https:\/\/www.artemrede.pt\/wp-content\/uploads\/2026\/01\/Oficina-Livro-de-Si-2-1920x1080.jpg 1920w\" sizes=\"auto, (max-width: 480px) 100vw, 480px\" \/><\/a><\/figure><\/div><header class=\"entry-header\"><h2 class=\"entry-title\"><a href=\"https:\/\/www.artemrede.pt\/en\/2026\/08\/04\/oficinas-livro-de-si\/\" rel=\"bookmark\">Oficinas Livro de Si<\/a><\/h2><\/header>\n<footer class=\"entry-meta\">\n<span class=\"entry-meta-element entry-date posted-on\">\n\t<span class=\"entry-meta-description label-published\">\n\t\tPosted on:\t<\/span>\n\t<a href=\"https:\/\/www.artemrede.pt\/en\/2026\/08\/04\/oficinas-livro-de-si\/\" rel=\"bookmark\">\n\t\t<time datetime=\"2026-08-04T12:02:27+00:00\" class=\"published\" title=\"Posted on: 4 de August, 2026\">\n\t\t\t4 de August, 2026\t\t<\/time>\n\t<\/a>\n\t<span class=\"entry-meta-description label-updated\">\n\t\tLast updated on:\t<\/span>\n\t<time class=\"updated\" datetime=\"2026-08-31T14:00:37+00:00\" title=\"Last updated on: 31 de August, 2026\">\n\t\t31 de August, 2026\t<\/time>\n<\/span>\n\n<span class=\"entry-meta-element byline author vcard\">\n\t<span class=\"entry-meta-description\">\n\t\tWritten by:\t<\/span>\n\t<a href=\"https:\/\/www.artemrede.pt\/en\/author\/artred_arromba\/\" class=\"url fn n\" rel=\"author\">\n\t\tIn\u00eas Arromba\t<\/a>\n<\/span>\n<\/footer>\n\r\n\t<div class=\"entry-content\"><div class=\"entry-summary translation-block\"><span style=\"font-size: 26px\">teatro meia volta and Artemrede are looking for immigrants aged 20+ who are interested in taking part in a workshop on <strong>book creation<\/strong> and in sharing their <strong>stories of immigration<\/strong>.<\/span><\/div>\n<div class=\"link-more\"><a href=\"https:\/\/www.artemrede.pt\/en\/2026\/08\/04\/oficinas-livro-de-si\/\" class=\"more-link\">Continue reading<span class=\"screen-reader-text\"> &ldquo;Oficinas Livro de Si&rdquo;<\/span>&hellip;<\/a><\/div>\n<\/div>\r\n\r\n\t\r\n<\/article>\r\n\r\n\r\n<\/div>\r\n\r\n<div class=\"wm-posts-item wm-posts-item-4793 wm-column width-1-3 with-margin last has-thumbnail\">\r\n\r\n\t\r\n\r\n<article id=\"post-4793\" class=\"post-4793 post type-post status-publish format-standard has-post-thumbnail hentry category-projetos-coop category-sem-categoria entry\">\r\n\r\n\t<div class=\"entry-media\"><figure class=\"post-thumbnail\"><a href=\"https:\/\/www.artemrede.pt\/en\/2026\/07\/24\/call-labirinto-montijo\/\"><img loading=\"lazy\" decoding=\"async\" width=\"480\" height=\"270\" src=\"https:\/\/www.artemrede.pt\/wp-content\/uploads\/2026\/07\/Labirinto_David-Marques@Pedro-Jafuno-127-480x270.jpg\" class=\"attachment-thumbnail size-thumbnail wp-post-image\" alt=\"\" \/><\/a><\/figure><\/div><header class=\"entry-header\"><h2 class=\"entry-title\"><a href=\"https:\/\/www.artemrede.pt\/en\/2026\/07\/24\/call-labirinto-montijo\/\" rel=\"bookmark\">E se dan\u00e7\u00e1ssemos a partir das palavras?<\/a><\/h2><\/header>\n<footer class=\"entry-meta\">\n<span class=\"entry-meta-element entry-date posted-on\">\n\t<span class=\"entry-meta-description label-published\">\n\t\tPosted on:\t<\/span>\n\t<a href=\"https:\/\/www.artemrede.pt\/en\/2026\/07\/24\/call-labirinto-montijo\/\" rel=\"bookmark\">\n\t\t<time datetime=\"2026-07-24T16:02:50+00:00\" class=\"published\" title=\"Posted on: 24 de July, 2026\">\n\t\t\t24 de July, 2026\t\t<\/time>\n\t<\/a>\n\t<span class=\"entry-meta-description label-updated\">\n\t\tLast updated on:\t<\/span>\n\t<time class=\"updated\" datetime=\"2026-07-24T16:02:51+00:00\" title=\"Last updated on: 24 de July, 2026\">\n\t\t24 de July, 2026\t<\/time>\n<\/span>\n\n<span class=\"entry-meta-element byline author vcard\">\n\t<span class=\"entry-meta-description\">\n\t\tWritten by:\t<\/span>\n\t<a href=\"https:\/\/www.artemrede.pt\/en\/author\/artred_arromba\/\" class=\"url fn n\" rel=\"author\">\n\t\tIn\u00eas Arromba\t<\/a>\n<\/span>\n<\/footer>\n\r\n\t<div class=\"entry-content\"><div class=\"entry-summary\">\nO core\u00f3grafo David Marques e a Biblioteca Municipal do Montijo procuram pessoas interessadas em juntar-se a um grupo de reflex\u00e3o e de experimenta\u00e7\u00e3o de dan\u00e7a contempor\u00e2nea.\n<\/div>\n<div class=\"link-more\"><a href=\"https:\/\/www.artemrede.pt\/en\/2026\/07\/24\/call-labirinto-montijo\/\" class=\"more-link\">Continue reading<span class=\"screen-reader-text\"> &ldquo;E se dan\u00e7\u00e1ssemos a partir das palavras?&rdquo;<\/span>&hellip;<\/a><\/div>\n<\/div>\r\n\r\n\t\r\n<\/article>\r\n\r\n\r\n<\/div>\r\n<\/div><\/div><\/div>\n\n\n\n<p class=\"wp-block-paragraph\"><\/p>","protected":false},"excerpt":{"rendered":"<div class=\"entry-summary\">\n<p>\n<a href=\"https:\/\/www.artemrede.pt\/en\/2026\/08\/31\/lace\/\"\" class=\"button size-large\">INSCRI\u00c7\u00d5ES ABERTAS!<\/a><\/p>\n<\/div>\n<div class=\"link-more\"><a href=\"https:\/\/www.artemrede.pt\/en\/2026\/07\/24\/call-labirinto-montijo\/\" class=\"more-link\">Continue reading<span class=\"screen-reader-text\"> &ldquo;E se dan\u00e7\u00e1ssemos a partir das palavras?&rdquo;<\/span>&hellip;<\/a><\/div>","protected":false},"author":1,"featured_media":4856,"parent":0,"menu_order":0,"comment_status":"closed","ping_status":"closed","template":"templates\/child-pages.php","meta":{"om_disable_all_campaigns":false,"_monsterinsights_skip_tracking":false,"footnotes":""},"class_list":["post-1070","page","type-page","status-publish","has-post-thumbnail","hentry","entry"],"aioseo_notices":[],"uagb_featured_image_src":{"full":["https:\/\/www.artemrede.pt\/wp-content\/uploads\/2026\/08\/cropped-lace-home-page.png",1920,1080,false],"thumbnail":["https:\/\/www.artemrede.pt\/wp-content\/uploads\/2026\/08\/cropped-lace-home-page-480x270.png",480,270,true],"medium":["https:\/\/www.artemrede.pt\/wp-content\/uploads\/2026\/08\/cropped-lace-home-page-744x419.png",744,419,true],"medium_large":["https:\/\/www.artemrede.pt\/wp-content\/uploads\/2026\/08\/cropped-lace-home-page-1200x675.png",1200,675,true],"large":["https:\/\/www.artemrede.pt\/wp-content\/uploads\/2026\/08\/cropped-lace-home-page-1200x675.png",1200,675,true],"1536x1536":["https:\/\/www.artemrede.pt\/wp-content\/uploads\/2026\/08\/cropped-lace-home-page-1536x864.png",1536,864,true],"2048x2048":["https:\/\/www.artemrede.pt\/wp-content\/uploads\/2026\/08\/cropped-lace-home-page.png",1920,1080,false],"trp-custom-language-flag":["https:\/\/www.artemrede.pt\/wp-content\/uploads\/2026\/08\/cropped-lace-home-page-18x10.png",18,10,true],"icelander-thumbnail":["https:\/\/www.artemrede.pt\/wp-content\/uploads\/2026\/08\/cropped-lace-home-page-744x372.png",744,372,true],"icelander-square":["https:\/\/www.artemrede.pt\/wp-content\/uploads\/2026\/08\/cropped-lace-home-page-448x448.png",448,448,true],"icelander-intro":["https:\/\/www.artemrede.pt\/wp-content\/uploads\/2026\/08\/cropped-lace-home-page.png",1920,1080,false]},"uagb_author_info":{"display_name":"invisiblepgt","author_link":"https:\/\/www.artemrede.pt\/en\/author\/invisiblepgt\/"},"uagb_comment_info":0,"uagb_excerpt":null,"_links":{"self":[{"href":"https:\/\/www.artemrede.pt\/en\/wp-json\/wp\/v2\/pages\/1070","targetHints":{"allow":["GET"]}}],"collection":[{"href":"https:\/\/www.artemrede.pt\/en\/wp-json\/wp\/v2\/pages"}],"about":[{"href":"https:\/\/www.artemrede.pt\/en\/wp-json\/wp\/v2\/types\/page"}],"author":[{"embeddable":true,"href":"https:\/\/www.artemrede.pt\/en\/wp-json\/wp\/v2\/users\/1"}],"replies":[{"embeddable":true,"href":"https:\/\/www.artemrede.pt\/en\/wp-json\/wp\/v2\/comments?post=1070"}],"version-history":[{"count":241,"href":"https:\/\/www.artemrede.pt\/en\/wp-json\/wp\/v2\/pages\/1070\/revisions"}],"predecessor-version":[{"id":4864,"href":"https:\/\/www.artemrede.pt\/en\/wp-json\/wp\/v2\/pages\/1070\/revisions\/4864"}],"wp:featuredmedia":[{"embeddable":true,"href":"https:\/\/www.artemrede.pt\/en\/wp-json\/wp\/v2\/media\/4856"}],"wp:attachment":[{"href":"https:\/\/www.artemrede.pt\/en\/wp-json\/wp\/v2\/media?parent=1070"}],"curies":[{"name":"wp","href":"https:\/\/api.w.org\/{rel}","templated":true}]}}